{"id":991,"date":"2025-08-06T02:33:29","date_gmt":"2025-08-06T02:33:29","guid":{"rendered":"https:\/\/aerca.org.ar\/asociacion-empresarios\/?page_id=991"},"modified":"2025-10-27T19:35:44","modified_gmt":"2025-10-27T19:35:44","slug":"noticias","status":"publish","type":"page","link":"https:\/\/aerca.org.ar\/asociacion-empresarios\/noticias\/","title":{"rendered":"Noticias"},"content":{"rendered":"\t\t<div data-elementor-type=\"wp-page\" data-elementor-id=\"991\" class=\"elementor elementor-991\" data-elementor-post-type=\"page\">\n\t\t\t\t<div class=\"elementor-element elementor-element-485585c e-con-full e-flex e-con e-parent\" data-id=\"485585c\" data-element_type=\"container\" data-e-type=\"container\">\n\t\t<div class=\"elementor-element elementor-element-4c706792 e-con-full e-flex e-con e-child\" data-id=\"4c706792\" data-element_type=\"container\" data-e-type=\"container\">\n\t\t\t\t<div class=\"elementor-element elementor-element-383c25f6 elementor-widget__width-initial elementor-invisible elementor-widget elementor-widget-heading\" data-id=\"383c25f6\" data-element_type=\"widget\" data-e-type=\"widget\" data-settings=\"{&quot;_animation&quot;:&quot;fadeInUp&quot;}\" data-widget_type=\"heading.default\">\n\t\t\t\t\t<h2 class=\"elementor-heading-title elementor-size-default\">Noticias<\/h2>\t\t\t\t<\/div>\n\t\t\t\t<\/div>\n\t\t<div class=\"elementor-element elementor-element-74e8b31b e-con-full e-flex e-con e-child\" data-id=\"74e8b31b\" data-element_type=\"container\" data-e-type=\"container\">\n\t\t\t\t<div class=\"elementor-element elementor-element-63cc8437 elementor-widget__width-initial elementor-widget elementor-widget-search\" data-id=\"63cc8437\" data-element_type=\"widget\" data-e-type=\"widget\" data-settings=\"{&quot;submit_trigger&quot;:&quot;click_submit&quot;,&quot;pagination_type_options&quot;:&quot;none&quot;}\" data-widget_type=\"search.default\">\n\t\t\t\t\t\t\t<search class=\"e-search hidden\" role=\"search\">\n\t\t\t<form class=\"e-search-form\" action=\"https:\/\/aerca.org.ar\/asociacion-empresarios\" method=\"get\">\n\n\t\t\t\t\n\t\t\t\t<label class=\"e-search-label\" for=\"search-63cc8437\">\n\t\t\t\t\t<span class=\"elementor-screen-only\">\n\t\t\t\t\t\tBuscar\t\t\t\t\t<\/span>\n\t\t\t\t\t\t\t\t\t<\/label>\n\n\t\t\t\t<div class=\"e-search-input-wrapper\">\n\t\t\t\t\t<input id=\"search-63cc8437\" placeholder=\"Buscar\" class=\"e-search-input\" type=\"search\" name=\"s\" value=\"\" autocomplete=\"on\" role=\"combobox\" aria-autocomplete=\"list\" aria-expanded=\"false\" aria-controls=\"results-63cc8437\" aria-haspopup=\"listbox\">\n\t\t\t\t\t<svg aria-hidden=\"true\" class=\"e-font-icon-svg e-fas-search\" viewBox=\"0 0 512 512\" xmlns=\"http:\/\/www.w3.org\/2000\/svg\"><path d=\"M505 442.7L405.3 343c-4.5-4.5-10.6-7-17-7H372c27.6-35.3 44-79.7 44-128C416 93.1 322.9 0 208 0S0 93.1 0 208s93.1 208 208 208c48.3 0 92.7-16.4 128-44v16.3c0 6.4 2.5 12.5 7 17l99.7 99.7c9.4 9.4 24.6 9.4 33.9 0l28.3-28.3c9.4-9.4 9.4-24.6.1-34zM208 336c-70.7 0-128-57.2-128-128 0-70.7 57.2-128 128-128 70.7 0 128 57.2 128 128 0 70.7-57.2 128-128 128z\"><\/path><\/svg>\t\t\t\t\t\t\t\t\t\t<output id=\"results-63cc8437\" class=\"e-search-results-container hide-loader\" aria-live=\"polite\" aria-atomic=\"true\" aria-label=\"Resultados de b\u00fasqueda\" tabindex=\"0\">\n\t\t\t\t\t\t<div class=\"e-search-results\"><\/div>\n\t\t\t\t\t\t\t\t\t\t\t<\/output>\n\t\t\t\t\t\t\t\t\t<\/div>\n\t\t\t\t\n\t\t\t\t\n\t\t\t\t<button class=\"e-search-submit  \" type=\"submit\">\n\t\t\t\t\t\n\t\t\t\t\t\t\t\t\t\t<span class=\"\">\n\t\t\t\t\t\tBuscar\t\t\t\t\t<\/span>\n\t\t\t\t\t\t\t\t\t<\/button>\n\t\t\t\t<input type=\"hidden\" name=\"e_search_props\" value=\"63cc8437-991\">\n\t\t\t<\/form>\n\t\t<\/search>\n\t\t\t\t\t\t<\/div>\n\t\t\t\t<\/div>\n\t\t\t\t<\/div>\n\t\t<div class=\"elementor-element elementor-element-8fb9982 e-flex e-con-boxed e-con e-parent\" data-id=\"8fb9982\" data-element_type=\"container\" data-e-type=\"container\" data-settings=\"{&quot;shape_divider_bottom&quot;:&quot;mountains&quot;}\">\n\t\t\t\t\t<div class=\"e-con-inner\">\n\t\t\t\t<div class=\"elementor-shape elementor-shape-bottom\" aria-hidden=\"true\" data-negative=\"false\">\n\t\t\t<svg xmlns=\"http:\/\/www.w3.org\/2000\/svg\" viewBox=\"0 0 1000 100\" preserveAspectRatio=\"none\">\n\t<path class=\"elementor-shape-fill\" opacity=\"0.33\" d=\"M473,67.3c-203.9,88.3-263.1-34-320.3,0C66,119.1,0,59.7,0,59.7V0h1000v59.7 c0,0-62.1,26.1-94.9,29.3c-32.8,3.3-62.8-12.3-75.8-22.1C806,49.6,745.3,8.7,694.9,4.7S492.4,59,473,67.3z\"\/>\n\t<path class=\"elementor-shape-fill\" opacity=\"0.66\" d=\"M734,67.3c-45.5,0-77.2-23.2-129.1-39.1c-28.6-8.7-150.3-10.1-254,39.1 s-91.7-34.4-149.2,0C115.7,118.3,0,39.8,0,39.8V0h1000v36.5c0,0-28.2-18.5-92.1-18.5C810.2,18.1,775.7,67.3,734,67.3z\"\/>\n\t<path class=\"elementor-shape-fill\" d=\"M766.1,28.9c-200-57.5-266,65.5-395.1,19.5C242,1.8,242,5.4,184.8,20.6C128,35.8,132.3,44.9,89.9,52.5C28.6,63.7,0,0,0,0 h1000c0,0-9.9,40.9-83.6,48.1S829.6,47,766.1,28.9z\"\/>\n<\/svg>\t\t<\/div>\n\t\t\t\t<div class=\"elementor-element elementor-element-3f1600c elementor-widget elementor-widget-taxonomy-filter\" data-id=\"3f1600c\" data-element_type=\"widget\" data-e-type=\"widget\" data-settings=\"{&quot;selected_element&quot;:&quot;7cf1187&quot;,&quot;taxonomy&quot;:&quot;category&quot;,&quot;horizontal_scroll&quot;:&quot;disable&quot;}\" data-widget_type=\"taxonomy-filter.default\">\n\t\t\t\t\t\t\t<search class=\"e-filter\" role=\"search\" data-base-url=\"https:\/\/aerca.org.ar\/asociacion-empresarios\/\" data-page-num=\"1\">\n\t\t\t\t\t\t\t<button class=\"e-filter-item\" data-filter=\"aerca-joven\" aria-pressed=\"false\">AERCA JOVEN<\/button>\n\t\t\t\t\t\t\t<button class=\"e-filter-item\" data-filter=\"comercio\" aria-pressed=\"false\">Comercio<\/button>\n\t\t\t\t\t\t\t<button class=\"e-filter-item\" data-filter=\"comision-de-mujeres\" aria-pressed=\"false\">Comisi\u00f3n de Mujeres<\/button>\n\t\t\t\t\t\t\t<button class=\"e-filter-item\" data-filter=\"emprendedurismo\" aria-pressed=\"false\">Emprendedurismo<\/button>\n\t\t\t\t\t\t\t<button class=\"e-filter-item\" data-filter=\"empresas\" aria-pressed=\"false\">Empresas<\/button>\n\t\t\t\t\t\t\t<button class=\"e-filter-item\" data-filter=\"industria\" aria-pressed=\"false\">Industria<\/button>\n\t\t\t\t\t\t\t<button class=\"e-filter-item\" data-filter=\"institucional\" aria-pressed=\"false\">Institucional<\/button>\n\t\t\t\t\t\t\t<button class=\"e-filter-item\" data-filter=\"negocios-internacionales\" aria-pressed=\"false\">Negocios Internacionales<\/button>\n\t\t\t\t\t\t\t<button class=\"e-filter-item\" data-filter=\"sin-categoria\" aria-pressed=\"false\">Sin categor\u00eda<\/button>\n\t\t\t\n\t\t\t\t\t\t\t\t\t<button class=\"e-filter-item\" data-filter=\"__all\" aria-pressed=\"true\">\n\t\t\t\tTodas\t\t\t<\/button>\n\t\t\t\t\t<\/search>\n\t\t\t\t\t\t<\/div>\n\t\t\t\t<div class=\"elementor-element elementor-element-7cf1187 elementor-grid-4 elementor-grid-tablet-2 elementor-grid-mobile-1 elementor-widget elementor-widget-loop-grid\" data-id=\"7cf1187\" data-element_type=\"widget\" data-e-type=\"widget\" data-settings=\"{&quot;template_id&quot;:1593,&quot;columns&quot;:4,&quot;_skin&quot;:&quot;post&quot;,&quot;columns_tablet&quot;:&quot;2&quot;,&quot;columns_mobile&quot;:&quot;1&quot;,&quot;edit_handle_selector&quot;:&quot;[data-elementor-type=\\&quot;loop-item\\&quot;]&quot;,&quot;row_gap&quot;:{&quot;unit&quot;:&quot;px&quot;,&quot;size&quot;:&quot;&quot;,&quot;sizes&quot;:[]},&quot;row_gap_tablet&quot;:{&quot;unit&quot;:&quot;px&quot;,&quot;size&quot;:&quot;&quot;,&quot;sizes&quot;:[]},&quot;row_gap_mobile&quot;:{&quot;unit&quot;:&quot;px&quot;,&quot;size&quot;:&quot;&quot;,&quot;sizes&quot;:[]}}\" data-widget_type=\"loop-grid.post\">\n\t\t\t\t<div class=\"elementor-widget-container\">\n\t\t\t\t\t\t\t<div class=\"elementor-loop-container elementor-grid\" role=\"list\">\n\t\t<style id=\"loop-1593\">.elementor-1593 .elementor-element.elementor-element-783343d{--display:flex;--flex-direction:column;--container-widget-width:100%;--container-widget-height:initial;--container-widget-flex-grow:0;--container-widget-align-self:initial;--flex-wrap-mobile:wrap;--border-radius:30px 30px 30px 30px;box-shadow:0px 0px 10px 0px rgba(0,0,0,0.5);--padding-top:00px;--padding-bottom:00px;--padding-left:00px;--padding-right:00px;}.elementor-widget-theme-post-featured-image .widget-image-caption{color:var( --e-global-color-text );font-family:var( --e-global-typography-text-font-family ), Sans-serif;font-weight:var( --e-global-typography-text-font-weight );}.elementor-1593 .elementor-element.elementor-element-0fec77d img{border-radius:30px 30px 0px 0px;}.elementor-widget-theme-post-title .elementor-heading-title{font-family:var( --e-global-typography-primary-font-family ), Sans-serif;font-weight:var( --e-global-typography-primary-font-weight );color:var( --e-global-color-primary );}.elementor-1593 .elementor-element.elementor-element-4a87f20 .elementor-heading-title{font-family:\"Montserrat\", Sans-serif;font-size:17px;font-weight:500;color:var( --e-global-color-text );}.elementor-1593 .elementor-element.elementor-element-4a87f20{padding:0px 20px 0px 20px;}.elementor-widget-heading .elementor-heading-title{font-family:var( --e-global-typography-primary-font-family ), Sans-serif;font-weight:var( --e-global-typography-primary-font-weight );color:var( --e-global-color-primary );}.elementor-1593 .elementor-element.elementor-element-7b888f5 .elementor-heading-title{font-family:\"Montserrat\", Sans-serif;font-size:17px;font-weight:600;color:var( --e-global-color-fc734ef );}.elementor-1593 .elementor-element.elementor-element-7b888f5{padding:0px 20px 20px 20px;}@media(max-width:767px){.elementor-1593 .elementor-element.elementor-element-4a87f20{text-align:center;}.elementor-1593 .elementor-element.elementor-element-4a87f20 .elementor-heading-title{font-size:17px;}.elementor-1593 .elementor-element.elementor-element-7b888f5{text-align:center;}.elementor-1593 .elementor-element.elementor-element-7b888f5 .elementor-heading-title{font-size:17px;}}<\/style>\t\t<div data-elementor-type=\"loop-item\" data-elementor-id=\"1593\" class=\"elementor elementor-1593 e-loop-item e-loop-item-3864 post-3864 post type-post status-publish format-standard has-post-thumbnail hentry category-institucional\" data-elementor-post-type=\"elementor_library\" data-custom-edit-handle=\"1\">\n\t\t\t<div class=\"elementor-element elementor-element-783343d e-flex e-con-boxed e-con e-parent\" data-id=\"783343d\" data-element_type=\"container\" data-e-type=\"container\">\n\t\t\t\t\t<div class=\"e-con-inner\">\n\t\t\t\t<div class=\"elementor-element elementor-element-0fec77d elementor-widget elementor-widget-theme-post-featured-image elementor-widget-image\" data-id=\"0fec77d\" data-element_type=\"widget\" data-e-type=\"widget\" data-widget_type=\"theme-post-featured-image.default\">\n\t\t\t\t\t\t\t\t\t\t\t\t\t\t\t\t<a href=\"https:\/\/aerca.org.ar\/asociacion-empresarios\/aerca-recibio-al-presidente-de-la-comision-de-comercio-diputado-nacional-juan-fernando-brugge\/\">\n\t\t\t\t\t\t\t<img fetchpriority=\"high\" decoding=\"async\" width=\"800\" height=\"436\" src=\"https:\/\/i0.wp.com\/aerca.org.ar\/asociacion-empresarios\/wp-content\/uploads\/2026\/09\/NOTICIAS-15.jpg?fit=800%2C436&amp;ssl=1\" class=\"attachment-large size-large wp-image-3865\" alt=\"\" srcset=\"https:\/\/i0.wp.com\/aerca.org.ar\/asociacion-empresarios\/wp-content\/uploads\/2026\/09\/NOTICIAS-15.jpg?w=900&amp;ssl=1 900w, https:\/\/i0.wp.com\/aerca.org.ar\/asociacion-empresarios\/wp-content\/uploads\/2026\/09\/NOTICIAS-15.jpg?resize=300%2C163&amp;ssl=1 300w, https:\/\/i0.wp.com\/aerca.org.ar\/asociacion-empresarios\/wp-content\/uploads\/2026\/09\/NOTICIAS-15.jpg?resize=768%2C418&amp;ssl=1 768w\" sizes=\"(max-width: 800px) 100vw, 800px\" \/>\t\t\t\t\t\t\t\t<\/a>\n\t\t\t\t\t\t\t\t\t\t\t\t\t\t\t<\/div>\n\t\t\t\t<div class=\"elementor-element elementor-element-4a87f20 elementor-widget elementor-widget-theme-post-title elementor-page-title elementor-widget-heading\" data-id=\"4a87f20\" data-element_type=\"widget\" data-e-type=\"widget\" data-widget_type=\"theme-post-title.default\">\n\t\t\t\t\t<h1 class=\"elementor-heading-title elementor-size-default\"><a href=\"https:\/\/aerca.org.ar\/asociacion-empresarios\/aerca-recibio-al-presidente-de-la-comision-de-comercio-diputado-nacional-juan-fernando-brugge\/\">AERCA recibi\u00f3 al Presidente de la Comisi\u00f3n de Comercio, Diputado Nacional Juan Fernando Br\u00fcgge.<\/a><\/h1>\t\t\t\t<\/div>\n\t\t\t\t<div class=\"elementor-element elementor-element-7b888f5 elementor-widget elementor-widget-heading\" data-id=\"7b888f5\" data-element_type=\"widget\" data-e-type=\"widget\" data-widget_type=\"heading.default\">\n\t\t\t\t\t<h2 class=\"elementor-heading-title elementor-size-default\"><a href=\"https:\/\/aerca.org.ar\/asociacion-empresarios\/aerca-recibio-al-presidente-de-la-comision-de-comercio-diputado-nacional-juan-fernando-brugge\/\">Ver Noticia &gt;<\/a><\/h2>\t\t\t\t<\/div>\n\t\t\t\t\t<\/div>\n\t\t\t\t<\/div>\n\t\t\t\t<\/div>\n\t\t\t\t<div data-elementor-type=\"loop-item\" data-elementor-id=\"1593\" class=\"elementor elementor-1593 e-loop-item e-loop-item-3371 post-3371 post type-post status-publish format-standard has-post-thumbnail hentry category-institucional\" data-elementor-post-type=\"elementor_library\" data-custom-edit-handle=\"1\">\n\t\t\t<div class=\"elementor-element elementor-element-783343d e-flex e-con-boxed e-con e-parent\" data-id=\"783343d\" data-element_type=\"container\" data-e-type=\"container\">\n\t\t\t\t\t<div class=\"e-con-inner\">\n\t\t\t\t<div class=\"elementor-element elementor-element-0fec77d elementor-widget elementor-widget-theme-post-featured-image elementor-widget-image\" data-id=\"0fec77d\" data-element_type=\"widget\" data-e-type=\"widget\" data-widget_type=\"theme-post-featured-image.default\">\n\t\t\t\t\t\t\t\t\t\t\t\t\t\t\t\t<a href=\"https:\/\/aerca.org.ar\/asociacion-empresarios\/aerca-y-la-unvm-mantuvieron-una-reunion-de-trabajo-con-socios-del-sector-inmobiliario\/\">\n\t\t\t\t\t\t\t<img decoding=\"async\" width=\"800\" height=\"436\" src=\"https:\/\/i0.wp.com\/aerca.org.ar\/asociacion-empresarios\/wp-content\/uploads\/2026\/08\/NOTICIAS-13.jpg?fit=800%2C436&amp;ssl=1\" class=\"attachment-large size-large wp-image-3372\" alt=\"\" srcset=\"https:\/\/i0.wp.com\/aerca.org.ar\/asociacion-empresarios\/wp-content\/uploads\/2026\/08\/NOTICIAS-13.jpg?w=900&amp;ssl=1 900w, https:\/\/i0.wp.com\/aerca.org.ar\/asociacion-empresarios\/wp-content\/uploads\/2026\/08\/NOTICIAS-13.jpg?resize=300%2C163&amp;ssl=1 300w, https:\/\/i0.wp.com\/aerca.org.ar\/asociacion-empresarios\/wp-content\/uploads\/2026\/08\/NOTICIAS-13.jpg?resize=768%2C418&amp;ssl=1 768w\" sizes=\"(max-width: 800px) 100vw, 800px\" \/>\t\t\t\t\t\t\t\t<\/a>\n\t\t\t\t\t\t\t\t\t\t\t\t\t\t\t<\/div>\n\t\t\t\t<div class=\"elementor-element elementor-element-4a87f20 elementor-widget elementor-widget-theme-post-title elementor-page-title elementor-widget-heading\" data-id=\"4a87f20\" data-element_type=\"widget\" data-e-type=\"widget\" data-widget_type=\"theme-post-title.default\">\n\t\t\t\t\t<h1 class=\"elementor-heading-title elementor-size-default\"><a href=\"https:\/\/aerca.org.ar\/asociacion-empresarios\/aerca-y-la-unvm-mantuvieron-una-reunion-de-trabajo-con-socios-del-sector-inmobiliario\/\">AERCA y la UNVM mantuvieron una reuni\u00f3n de trabajo con socios del sector inmobiliario<\/a><\/h1>\t\t\t\t<\/div>\n\t\t\t\t<div class=\"elementor-element elementor-element-7b888f5 elementor-widget elementor-widget-heading\" data-id=\"7b888f5\" data-element_type=\"widget\" data-e-type=\"widget\" data-widget_type=\"heading.default\">\n\t\t\t\t\t<h2 class=\"elementor-heading-title elementor-size-default\"><a href=\"https:\/\/aerca.org.ar\/asociacion-empresarios\/aerca-y-la-unvm-mantuvieron-una-reunion-de-trabajo-con-socios-del-sector-inmobiliario\/\">Ver Noticia &gt;<\/a><\/h2>\t\t\t\t<\/div>\n\t\t\t\t\t<\/div>\n\t\t\t\t<\/div>\n\t\t\t\t<\/div>\n\t\t\t\t<div data-elementor-type=\"loop-item\" data-elementor-id=\"1593\" class=\"elementor elementor-1593 e-loop-item e-loop-item-3175 post-3175 post type-post status-publish format-standard has-post-thumbnail hentry category-comercio category-institucional\" data-elementor-post-type=\"elementor_library\" data-custom-edit-handle=\"1\">\n\t\t\t<div class=\"elementor-element elementor-element-783343d e-flex e-con-boxed e-con e-parent\" data-id=\"783343d\" data-element_type=\"container\" data-e-type=\"container\">\n\t\t\t\t\t<div class=\"e-con-inner\">\n\t\t\t\t<div class=\"elementor-element elementor-element-0fec77d elementor-widget elementor-widget-theme-post-featured-image elementor-widget-image\" data-id=\"0fec77d\" data-element_type=\"widget\" data-e-type=\"widget\" data-widget_type=\"theme-post-featured-image.default\">\n\t\t\t\t\t\t\t\t\t\t\t\t\t\t\t\t<a href=\"https:\/\/aerca.org.ar\/asociacion-empresarios\/del-dato-a-la-accion-comerciantes-trabajaron-sobre-los-nuevos-habitos-de-consumo-en-villa-maria\/\">\n\t\t\t\t\t\t\t<img decoding=\"async\" width=\"800\" height=\"436\" src=\"https:\/\/i0.wp.com\/aerca.org.ar\/asociacion-empresarios\/wp-content\/uploads\/2026\/08\/NOTICIAS-12.jpg?fit=800%2C436&amp;ssl=1\" class=\"attachment-large size-large wp-image-3176\" alt=\"\" srcset=\"https:\/\/i0.wp.com\/aerca.org.ar\/asociacion-empresarios\/wp-content\/uploads\/2026\/08\/NOTICIAS-12.jpg?w=900&amp;ssl=1 900w, https:\/\/i0.wp.com\/aerca.org.ar\/asociacion-empresarios\/wp-content\/uploads\/2026\/08\/NOTICIAS-12.jpg?resize=300%2C163&amp;ssl=1 300w, https:\/\/i0.wp.com\/aerca.org.ar\/asociacion-empresarios\/wp-content\/uploads\/2026\/08\/NOTICIAS-12.jpg?resize=768%2C418&amp;ssl=1 768w\" sizes=\"(max-width: 800px) 100vw, 800px\" \/>\t\t\t\t\t\t\t\t<\/a>\n\t\t\t\t\t\t\t\t\t\t\t\t\t\t\t<\/div>\n\t\t\t\t<div class=\"elementor-element elementor-element-4a87f20 elementor-widget elementor-widget-theme-post-title elementor-page-title elementor-widget-heading\" data-id=\"4a87f20\" data-element_type=\"widget\" data-e-type=\"widget\" data-widget_type=\"theme-post-title.default\">\n\t\t\t\t\t<h1 class=\"elementor-heading-title elementor-size-default\"><a href=\"https:\/\/aerca.org.ar\/asociacion-empresarios\/del-dato-a-la-accion-comerciantes-trabajaron-sobre-los-nuevos-habitos-de-consumo-en-villa-maria\/\">Del dato a la acci\u00f3n: comerciantes trabajaron sobre los nuevos h\u00e1bitos de consumo en Villa Mar\u00eda<\/a><\/h1>\t\t\t\t<\/div>\n\t\t\t\t<div class=\"elementor-element elementor-element-7b888f5 elementor-widget elementor-widget-heading\" data-id=\"7b888f5\" data-element_type=\"widget\" data-e-type=\"widget\" data-widget_type=\"heading.default\">\n\t\t\t\t\t<h2 class=\"elementor-heading-title elementor-size-default\"><a href=\"https:\/\/aerca.org.ar\/asociacion-empresarios\/del-dato-a-la-accion-comerciantes-trabajaron-sobre-los-nuevos-habitos-de-consumo-en-villa-maria\/\">Ver Noticia &gt;<\/a><\/h2>\t\t\t\t<\/div>\n\t\t\t\t\t<\/div>\n\t\t\t\t<\/div>\n\t\t\t\t<\/div>\n\t\t\t\t<div data-elementor-type=\"loop-item\" data-elementor-id=\"1593\" class=\"elementor elementor-1593 e-loop-item e-loop-item-3172 post-3172 post type-post status-publish format-standard has-post-thumbnail hentry category-aerca-joven category-institucional\" data-elementor-post-type=\"elementor_library\" data-custom-edit-handle=\"1\">\n\t\t\t<div class=\"elementor-element elementor-element-783343d e-flex e-con-boxed e-con e-parent\" data-id=\"783343d\" data-element_type=\"container\" data-e-type=\"container\">\n\t\t\t\t\t<div class=\"e-con-inner\">\n\t\t\t\t<div class=\"elementor-element elementor-element-0fec77d elementor-widget elementor-widget-theme-post-featured-image elementor-widget-image\" data-id=\"0fec77d\" data-element_type=\"widget\" data-e-type=\"widget\" data-widget_type=\"theme-post-featured-image.default\">\n\t\t\t\t\t\t\t\t\t\t\t\t\t\t\t\t<a href=\"https:\/\/aerca.org.ar\/asociacion-empresarios\/eje-2026-aerca-joven-reunio-a-la-nueva-generacion-empresarial-en-una-jornada-inspiradora\/\">\n\t\t\t\t\t\t\t<img loading=\"lazy\" decoding=\"async\" width=\"800\" height=\"436\" src=\"https:\/\/i0.wp.com\/aerca.org.ar\/asociacion-empresarios\/wp-content\/uploads\/2026\/08\/NOTICIAS-11.jpg?fit=800%2C436&amp;ssl=1\" class=\"attachment-large size-large wp-image-3173\" alt=\"\" srcset=\"https:\/\/i0.wp.com\/aerca.org.ar\/asociacion-empresarios\/wp-content\/uploads\/2026\/08\/NOTICIAS-11.jpg?w=900&amp;ssl=1 900w, https:\/\/i0.wp.com\/aerca.org.ar\/asociacion-empresarios\/wp-content\/uploads\/2026\/08\/NOTICIAS-11.jpg?resize=300%2C163&amp;ssl=1 300w, https:\/\/i0.wp.com\/aerca.org.ar\/asociacion-empresarios\/wp-content\/uploads\/2026\/08\/NOTICIAS-11.jpg?resize=768%2C418&amp;ssl=1 768w\" sizes=\"(max-width: 800px) 100vw, 800px\" \/>\t\t\t\t\t\t\t\t<\/a>\n\t\t\t\t\t\t\t\t\t\t\t\t\t\t\t<\/div>\n\t\t\t\t<div class=\"elementor-element elementor-element-4a87f20 elementor-widget elementor-widget-theme-post-title elementor-page-title elementor-widget-heading\" data-id=\"4a87f20\" data-element_type=\"widget\" data-e-type=\"widget\" data-widget_type=\"theme-post-title.default\">\n\t\t\t\t\t<h1 class=\"elementor-heading-title elementor-size-default\"><a href=\"https:\/\/aerca.org.ar\/asociacion-empresarios\/eje-2026-aerca-joven-reunio-a-la-nueva-generacion-empresarial-en-una-jornada-inspiradora\/\">EJE 2026: AERCA Joven reuni\u00f3 a la nueva generaci\u00f3n empresarial en una jornada inspiradora<\/a><\/h1>\t\t\t\t<\/div>\n\t\t\t\t<div class=\"elementor-element elementor-element-7b888f5 elementor-widget elementor-widget-heading\" data-id=\"7b888f5\" data-element_type=\"widget\" data-e-type=\"widget\" data-widget_type=\"heading.default\">\n\t\t\t\t\t<h2 class=\"elementor-heading-title elementor-size-default\"><a href=\"https:\/\/aerca.org.ar\/asociacion-empresarios\/eje-2026-aerca-joven-reunio-a-la-nueva-generacion-empresarial-en-una-jornada-inspiradora\/\">Ver Noticia &gt;<\/a><\/h2>\t\t\t\t<\/div>\n\t\t\t\t\t<\/div>\n\t\t\t\t<\/div>\n\t\t\t\t<\/div>\n\t\t\t\t<div data-elementor-type=\"loop-item\" data-elementor-id=\"1593\" class=\"elementor elementor-1593 e-loop-item e-loop-item-3167 post-3167 post type-post status-publish format-standard has-post-thumbnail hentry category-institucional\" data-elementor-post-type=\"elementor_library\" data-custom-edit-handle=\"1\">\n\t\t\t<div class=\"elementor-element elementor-element-783343d e-flex e-con-boxed e-con e-parent\" data-id=\"783343d\" data-element_type=\"container\" data-e-type=\"container\">\n\t\t\t\t\t<div class=\"e-con-inner\">\n\t\t\t\t<div class=\"elementor-element elementor-element-0fec77d elementor-widget elementor-widget-theme-post-featured-image elementor-widget-image\" data-id=\"0fec77d\" data-element_type=\"widget\" data-e-type=\"widget\" data-widget_type=\"theme-post-featured-image.default\">\n\t\t\t\t\t\t\t\t\t\t\t\t\t\t\t\t<a href=\"https:\/\/aerca.org.ar\/asociacion-empresarios\/ballesteros-marco-un-hito-para-aerca-y-para-la-integracion-productiva-regional\/\">\n\t\t\t\t\t\t\t<img loading=\"lazy\" decoding=\"async\" width=\"800\" height=\"436\" src=\"https:\/\/i0.wp.com\/aerca.org.ar\/asociacion-empresarios\/wp-content\/uploads\/2026\/08\/NOTICIAS-10.jpg?fit=800%2C436&amp;ssl=1\" class=\"attachment-large size-large wp-image-3168\" alt=\"\" srcset=\"https:\/\/i0.wp.com\/aerca.org.ar\/asociacion-empresarios\/wp-content\/uploads\/2026\/08\/NOTICIAS-10.jpg?w=900&amp;ssl=1 900w, https:\/\/i0.wp.com\/aerca.org.ar\/asociacion-empresarios\/wp-content\/uploads\/2026\/08\/NOTICIAS-10.jpg?resize=300%2C163&amp;ssl=1 300w, https:\/\/i0.wp.com\/aerca.org.ar\/asociacion-empresarios\/wp-content\/uploads\/2026\/08\/NOTICIAS-10.jpg?resize=768%2C418&amp;ssl=1 768w\" sizes=\"(max-width: 800px) 100vw, 800px\" \/>\t\t\t\t\t\t\t\t<\/a>\n\t\t\t\t\t\t\t\t\t\t\t\t\t\t\t<\/div>\n\t\t\t\t<div class=\"elementor-element elementor-element-4a87f20 elementor-widget elementor-widget-theme-post-title elementor-page-title elementor-widget-heading\" data-id=\"4a87f20\" data-element_type=\"widget\" data-e-type=\"widget\" data-widget_type=\"theme-post-title.default\">\n\t\t\t\t\t<h1 class=\"elementor-heading-title elementor-size-default\"><a href=\"https:\/\/aerca.org.ar\/asociacion-empresarios\/ballesteros-marco-un-hito-para-aerca-y-para-la-integracion-productiva-regional\/\">Ballesteros marc\u00f3 un hito para AERCA y para la integraci\u00f3n productiva regional<\/a><\/h1>\t\t\t\t<\/div>\n\t\t\t\t<div class=\"elementor-element elementor-element-7b888f5 elementor-widget elementor-widget-heading\" data-id=\"7b888f5\" data-element_type=\"widget\" data-e-type=\"widget\" data-widget_type=\"heading.default\">\n\t\t\t\t\t<h2 class=\"elementor-heading-title elementor-size-default\"><a href=\"https:\/\/aerca.org.ar\/asociacion-empresarios\/ballesteros-marco-un-hito-para-aerca-y-para-la-integracion-productiva-regional\/\">Ver Noticia &gt;<\/a><\/h2>\t\t\t\t<\/div>\n\t\t\t\t\t<\/div>\n\t\t\t\t<\/div>\n\t\t\t\t<\/div>\n\t\t\t\t<div data-elementor-type=\"loop-item\" data-elementor-id=\"1593\" class=\"elementor elementor-1593 e-loop-item e-loop-item-3161 post-3161 post type-post status-publish format-standard has-post-thumbnail hentry category-comercio\" data-elementor-post-type=\"elementor_library\" data-custom-edit-handle=\"1\">\n\t\t\t<div class=\"elementor-element elementor-element-783343d e-flex e-con-boxed e-con e-parent\" data-id=\"783343d\" data-element_type=\"container\" data-e-type=\"container\">\n\t\t\t\t\t<div class=\"e-con-inner\">\n\t\t\t\t<div class=\"elementor-element elementor-element-0fec77d elementor-widget elementor-widget-theme-post-featured-image elementor-widget-image\" data-id=\"0fec77d\" data-element_type=\"widget\" data-e-type=\"widget\" data-widget_type=\"theme-post-featured-image.default\">\n\t\t\t\t\t\t\t\t\t\t\t\t\t\t\t\t<a href=\"https:\/\/aerca.org.ar\/asociacion-empresarios\/del-dato-a-la-accion-convocan-a-reunion-para-trazar-el-futuro-del-comercio-local\/\">\n\t\t\t\t\t\t\t<img loading=\"lazy\" decoding=\"async\" width=\"800\" height=\"436\" src=\"https:\/\/i0.wp.com\/aerca.org.ar\/asociacion-empresarios\/wp-content\/uploads\/2026\/07\/NOTICIAS-9.jpg?fit=800%2C436&amp;ssl=1\" class=\"attachment-large size-large wp-image-3162\" alt=\"\" srcset=\"https:\/\/i0.wp.com\/aerca.org.ar\/asociacion-empresarios\/wp-content\/uploads\/2026\/07\/NOTICIAS-9.jpg?w=900&amp;ssl=1 900w, https:\/\/i0.wp.com\/aerca.org.ar\/asociacion-empresarios\/wp-content\/uploads\/2026\/07\/NOTICIAS-9.jpg?resize=300%2C163&amp;ssl=1 300w, https:\/\/i0.wp.com\/aerca.org.ar\/asociacion-empresarios\/wp-content\/uploads\/2026\/07\/NOTICIAS-9.jpg?resize=768%2C418&amp;ssl=1 768w\" sizes=\"(max-width: 800px) 100vw, 800px\" \/>\t\t\t\t\t\t\t\t<\/a>\n\t\t\t\t\t\t\t\t\t\t\t\t\t\t\t<\/div>\n\t\t\t\t<div class=\"elementor-element elementor-element-4a87f20 elementor-widget elementor-widget-theme-post-title elementor-page-title elementor-widget-heading\" data-id=\"4a87f20\" data-element_type=\"widget\" data-e-type=\"widget\" data-widget_type=\"theme-post-title.default\">\n\t\t\t\t\t<h1 class=\"elementor-heading-title elementor-size-default\"><a href=\"https:\/\/aerca.org.ar\/asociacion-empresarios\/del-dato-a-la-accion-convocan-a-reunion-para-trazar-el-futuro-del-comercio-local\/\">Del dato a la acci\u00f3n: an\u00e1lisis del Consumidor Villamariense<\/a><\/h1>\t\t\t\t<\/div>\n\t\t\t\t<div class=\"elementor-element elementor-element-7b888f5 elementor-widget elementor-widget-heading\" data-id=\"7b888f5\" data-element_type=\"widget\" data-e-type=\"widget\" data-widget_type=\"heading.default\">\n\t\t\t\t\t<h2 class=\"elementor-heading-title elementor-size-default\"><a href=\"https:\/\/aerca.org.ar\/asociacion-empresarios\/del-dato-a-la-accion-convocan-a-reunion-para-trazar-el-futuro-del-comercio-local\/\">Ver Noticia &gt;<\/a><\/h2>\t\t\t\t<\/div>\n\t\t\t\t\t<\/div>\n\t\t\t\t<\/div>\n\t\t\t\t<\/div>\n\t\t\t\t<div data-elementor-type=\"loop-item\" data-elementor-id=\"1593\" class=\"elementor elementor-1593 e-loop-item e-loop-item-3018 post-3018 post type-post status-publish format-standard has-post-thumbnail hentry category-institucional category-negocios-internacionales\" data-elementor-post-type=\"elementor_library\" data-custom-edit-handle=\"1\">\n\t\t\t<div class=\"elementor-element elementor-element-783343d e-flex e-con-boxed e-con e-parent\" data-id=\"783343d\" data-element_type=\"container\" data-e-type=\"container\">\n\t\t\t\t\t<div class=\"e-con-inner\">\n\t\t\t\t<div class=\"elementor-element elementor-element-0fec77d elementor-widget elementor-widget-theme-post-featured-image elementor-widget-image\" data-id=\"0fec77d\" data-element_type=\"widget\" data-e-type=\"widget\" data-widget_type=\"theme-post-featured-image.default\">\n\t\t\t\t\t\t\t\t\t\t\t\t\t\t\t\t<a href=\"https:\/\/aerca.org.ar\/asociacion-empresarios\/llega-la-22-edicion-de-villa-maria-exporta-con-importantes-novedades-en-su-propuesta\/\">\n\t\t\t\t\t\t\t<img loading=\"lazy\" decoding=\"async\" width=\"800\" height=\"436\" src=\"https:\/\/i0.wp.com\/aerca.org.ar\/asociacion-empresarios\/wp-content\/uploads\/2026\/07\/Villa-Maria-EXPORTA-1.jpg?fit=800%2C436&amp;ssl=1\" class=\"attachment-large size-large wp-image-3050\" alt=\"\" srcset=\"https:\/\/i0.wp.com\/aerca.org.ar\/asociacion-empresarios\/wp-content\/uploads\/2026\/07\/Villa-Maria-EXPORTA-1.jpg?w=900&amp;ssl=1 900w, https:\/\/i0.wp.com\/aerca.org.ar\/asociacion-empresarios\/wp-content\/uploads\/2026\/07\/Villa-Maria-EXPORTA-1.jpg?resize=300%2C163&amp;ssl=1 300w, https:\/\/i0.wp.com\/aerca.org.ar\/asociacion-empresarios\/wp-content\/uploads\/2026\/07\/Villa-Maria-EXPORTA-1.jpg?resize=768%2C418&amp;ssl=1 768w\" sizes=\"(max-width: 800px) 100vw, 800px\" \/>\t\t\t\t\t\t\t\t<\/a>\n\t\t\t\t\t\t\t\t\t\t\t\t\t\t\t<\/div>\n\t\t\t\t<div class=\"elementor-element elementor-element-4a87f20 elementor-widget elementor-widget-theme-post-title elementor-page-title elementor-widget-heading\" data-id=\"4a87f20\" data-element_type=\"widget\" data-e-type=\"widget\" data-widget_type=\"theme-post-title.default\">\n\t\t\t\t\t<h1 class=\"elementor-heading-title elementor-size-default\"><a href=\"https:\/\/aerca.org.ar\/asociacion-empresarios\/llega-la-22-edicion-de-villa-maria-exporta-con-importantes-novedades-en-su-propuesta\/\">Llega la 22\u00b0 edici\u00f3n de Villa Mar\u00eda Exporta con importantes novedades en su propuesta<\/a><\/h1>\t\t\t\t<\/div>\n\t\t\t\t<div class=\"elementor-element elementor-element-7b888f5 elementor-widget elementor-widget-heading\" data-id=\"7b888f5\" data-element_type=\"widget\" data-e-type=\"widget\" data-widget_type=\"heading.default\">\n\t\t\t\t\t<h2 class=\"elementor-heading-title elementor-size-default\"><a href=\"https:\/\/aerca.org.ar\/asociacion-empresarios\/llega-la-22-edicion-de-villa-maria-exporta-con-importantes-novedades-en-su-propuesta\/\">Ver Noticia &gt;<\/a><\/h2>\t\t\t\t<\/div>\n\t\t\t\t\t<\/div>\n\t\t\t\t<\/div>\n\t\t\t\t<\/div>\n\t\t\t\t<div data-elementor-type=\"loop-item\" data-elementor-id=\"1593\" class=\"elementor elementor-1593 e-loop-item e-loop-item-2903 post-2903 post type-post status-publish format-standard has-post-thumbnail hentry category-comercio category-comision-de-mujeres\" data-elementor-post-type=\"elementor_library\" data-custom-edit-handle=\"1\">\n\t\t\t<div class=\"elementor-element elementor-element-783343d e-flex e-con-boxed e-con e-parent\" data-id=\"783343d\" data-element_type=\"container\" data-e-type=\"container\">\n\t\t\t\t\t<div class=\"e-con-inner\">\n\t\t\t\t<div class=\"elementor-element elementor-element-0fec77d elementor-widget elementor-widget-theme-post-featured-image elementor-widget-image\" data-id=\"0fec77d\" data-element_type=\"widget\" data-e-type=\"widget\" data-widget_type=\"theme-post-featured-image.default\">\n\t\t\t\t\t\t\t\t\t\t\t\t\t\t\t\t<a href=\"https:\/\/aerca.org.ar\/asociacion-empresarios\/la-comision-de-mujeres-de-aerca-lanza-un-ciclo-de-desayunos-estrategicos-para-charlar-sobre-los-desafios-de-las-mujeres-en-el-sector-productivo\/\">\n\t\t\t\t\t\t\t<img loading=\"lazy\" decoding=\"async\" width=\"800\" height=\"436\" src=\"https:\/\/i0.wp.com\/aerca.org.ar\/asociacion-empresarios\/wp-content\/uploads\/2026\/07\/NOTICIAS-7.jpg?fit=800%2C436&amp;ssl=1\" class=\"attachment-large size-large wp-image-2904\" alt=\"\" srcset=\"https:\/\/i0.wp.com\/aerca.org.ar\/asociacion-empresarios\/wp-content\/uploads\/2026\/07\/NOTICIAS-7.jpg?w=900&amp;ssl=1 900w, https:\/\/i0.wp.com\/aerca.org.ar\/asociacion-empresarios\/wp-content\/uploads\/2026\/07\/NOTICIAS-7.jpg?resize=300%2C163&amp;ssl=1 300w, https:\/\/i0.wp.com\/aerca.org.ar\/asociacion-empresarios\/wp-content\/uploads\/2026\/07\/NOTICIAS-7.jpg?resize=768%2C418&amp;ssl=1 768w\" sizes=\"(max-width: 800px) 100vw, 800px\" \/>\t\t\t\t\t\t\t\t<\/a>\n\t\t\t\t\t\t\t\t\t\t\t\t\t\t\t<\/div>\n\t\t\t\t<div class=\"elementor-element elementor-element-4a87f20 elementor-widget elementor-widget-theme-post-title elementor-page-title elementor-widget-heading\" data-id=\"4a87f20\" data-element_type=\"widget\" data-e-type=\"widget\" data-widget_type=\"theme-post-title.default\">\n\t\t\t\t\t<h1 class=\"elementor-heading-title elementor-size-default\"><a href=\"https:\/\/aerca.org.ar\/asociacion-empresarios\/la-comision-de-mujeres-de-aerca-lanza-un-ciclo-de-desayunos-estrategicos-para-charlar-sobre-los-desafios-de-las-mujeres-en-el-sector-productivo\/\">La Comisi\u00f3n de Mujeres de AERCA lanza un ciclo de desayunos estrat\u00e9gicos para charlar sobre los desaf\u00edos de las mujeres en el sector productivo<\/a><\/h1>\t\t\t\t<\/div>\n\t\t\t\t<div class=\"elementor-element elementor-element-7b888f5 elementor-widget elementor-widget-heading\" data-id=\"7b888f5\" data-element_type=\"widget\" data-e-type=\"widget\" data-widget_type=\"heading.default\">\n\t\t\t\t\t<h2 class=\"elementor-heading-title elementor-size-default\"><a href=\"https:\/\/aerca.org.ar\/asociacion-empresarios\/la-comision-de-mujeres-de-aerca-lanza-un-ciclo-de-desayunos-estrategicos-para-charlar-sobre-los-desafios-de-las-mujeres-en-el-sector-productivo\/\">Ver Noticia &gt;<\/a><\/h2>\t\t\t\t<\/div>\n\t\t\t\t\t<\/div>\n\t\t\t\t<\/div>\n\t\t\t\t<\/div>\n\t\t\t\t<div data-elementor-type=\"loop-item\" data-elementor-id=\"1593\" class=\"elementor elementor-1593 e-loop-item e-loop-item-2868 post-2868 post type-post status-publish format-standard has-post-thumbnail hentry category-comercio category-institucional\" data-elementor-post-type=\"elementor_library\" data-custom-edit-handle=\"1\">\n\t\t\t<div class=\"elementor-element elementor-element-783343d e-flex e-con-boxed e-con e-parent\" data-id=\"783343d\" data-element_type=\"container\" data-e-type=\"container\">\n\t\t\t\t\t<div class=\"e-con-inner\">\n\t\t\t\t<div class=\"elementor-element elementor-element-0fec77d elementor-widget elementor-widget-theme-post-featured-image elementor-widget-image\" data-id=\"0fec77d\" data-element_type=\"widget\" data-e-type=\"widget\" data-widget_type=\"theme-post-featured-image.default\">\n\t\t\t\t\t\t\t\t\t\t\t\t\t\t\t\t<a href=\"https:\/\/aerca.org.ar\/asociacion-empresarios\/aerca-presento-los-resultados-del-estudio-sobre-tendencias-de-consumo-en-villa-maria\/\">\n\t\t\t\t\t\t\t<img loading=\"lazy\" decoding=\"async\" width=\"800\" height=\"436\" src=\"https:\/\/i0.wp.com\/aerca.org.ar\/asociacion-empresarios\/wp-content\/uploads\/2026\/07\/NOTICIAS-5.jpg?fit=800%2C436&amp;ssl=1\" class=\"attachment-large size-large wp-image-2869\" alt=\"\" srcset=\"https:\/\/i0.wp.com\/aerca.org.ar\/asociacion-empresarios\/wp-content\/uploads\/2026\/07\/NOTICIAS-5.jpg?w=900&amp;ssl=1 900w, https:\/\/i0.wp.com\/aerca.org.ar\/asociacion-empresarios\/wp-content\/uploads\/2026\/07\/NOTICIAS-5.jpg?resize=300%2C163&amp;ssl=1 300w, https:\/\/i0.wp.com\/aerca.org.ar\/asociacion-empresarios\/wp-content\/uploads\/2026\/07\/NOTICIAS-5.jpg?resize=768%2C418&amp;ssl=1 768w\" sizes=\"(max-width: 800px) 100vw, 800px\" \/>\t\t\t\t\t\t\t\t<\/a>\n\t\t\t\t\t\t\t\t\t\t\t\t\t\t\t<\/div>\n\t\t\t\t<div class=\"elementor-element elementor-element-4a87f20 elementor-widget elementor-widget-theme-post-title elementor-page-title elementor-widget-heading\" data-id=\"4a87f20\" data-element_type=\"widget\" data-e-type=\"widget\" data-widget_type=\"theme-post-title.default\">\n\t\t\t\t\t<h1 class=\"elementor-heading-title elementor-size-default\"><a href=\"https:\/\/aerca.org.ar\/asociacion-empresarios\/aerca-presento-los-resultados-del-estudio-sobre-tendencias-de-consumo-en-villa-maria\/\">AERCA present\u00f3 los resultados del estudio sobre tendencias de consumo en Villa Mar\u00eda<\/a><\/h1>\t\t\t\t<\/div>\n\t\t\t\t<div class=\"elementor-element elementor-element-7b888f5 elementor-widget elementor-widget-heading\" data-id=\"7b888f5\" data-element_type=\"widget\" data-e-type=\"widget\" data-widget_type=\"heading.default\">\n\t\t\t\t\t<h2 class=\"elementor-heading-title elementor-size-default\"><a href=\"https:\/\/aerca.org.ar\/asociacion-empresarios\/aerca-presento-los-resultados-del-estudio-sobre-tendencias-de-consumo-en-villa-maria\/\">Ver Noticia &gt;<\/a><\/h2>\t\t\t\t<\/div>\n\t\t\t\t\t<\/div>\n\t\t\t\t<\/div>\n\t\t\t\t<\/div>\n\t\t\t\t<div data-elementor-type=\"loop-item\" data-elementor-id=\"1593\" class=\"elementor elementor-1593 e-loop-item e-loop-item-2864 post-2864 post type-post status-publish format-standard has-post-thumbnail hentry category-aerca-joven\" data-elementor-post-type=\"elementor_library\" data-custom-edit-handle=\"1\">\n\t\t\t<div class=\"elementor-element elementor-element-783343d e-flex e-con-boxed e-con e-parent\" data-id=\"783343d\" data-element_type=\"container\" data-e-type=\"container\">\n\t\t\t\t\t<div class=\"e-con-inner\">\n\t\t\t\t<div class=\"elementor-element elementor-element-0fec77d elementor-widget elementor-widget-theme-post-featured-image elementor-widget-image\" data-id=\"0fec77d\" data-element_type=\"widget\" data-e-type=\"widget\" data-widget_type=\"theme-post-featured-image.default\">\n\t\t\t\t\t\t\t\t\t\t\t\t\t\t\t\t<a href=\"https:\/\/aerca.org.ar\/asociacion-empresarios\/aerca-joven-presenta-eje-2026-el-encuentro-que-conectara-a-la-nueva-generacion-empresarial-de-la-provincia\/\">\n\t\t\t\t\t\t\t<img loading=\"lazy\" decoding=\"async\" width=\"800\" height=\"436\" src=\"https:\/\/i0.wp.com\/aerca.org.ar\/asociacion-empresarios\/wp-content\/uploads\/2026\/06\/NOTICIAS-7.jpg.jpeg?fit=800%2C436&amp;ssl=1\" class=\"attachment-large size-large wp-image-2865\" alt=\"\" srcset=\"https:\/\/i0.wp.com\/aerca.org.ar\/asociacion-empresarios\/wp-content\/uploads\/2026\/06\/NOTICIAS-7.jpg.jpeg?w=900&amp;ssl=1 900w, https:\/\/i0.wp.com\/aerca.org.ar\/asociacion-empresarios\/wp-content\/uploads\/2026\/06\/NOTICIAS-7.jpg.jpeg?resize=300%2C163&amp;ssl=1 300w, https:\/\/i0.wp.com\/aerca.org.ar\/asociacion-empresarios\/wp-content\/uploads\/2026\/06\/NOTICIAS-7.jpg.jpeg?resize=768%2C418&amp;ssl=1 768w\" sizes=\"(max-width: 800px) 100vw, 800px\" \/>\t\t\t\t\t\t\t\t<\/a>\n\t\t\t\t\t\t\t\t\t\t\t\t\t\t\t<\/div>\n\t\t\t\t<div class=\"elementor-element elementor-element-4a87f20 elementor-widget elementor-widget-theme-post-title elementor-page-title elementor-widget-heading\" data-id=\"4a87f20\" data-element_type=\"widget\" data-e-type=\"widget\" data-widget_type=\"theme-post-title.default\">\n\t\t\t\t\t<h1 class=\"elementor-heading-title elementor-size-default\"><a href=\"https:\/\/aerca.org.ar\/asociacion-empresarios\/aerca-joven-presenta-eje-2026-el-encuentro-que-conectara-a-la-nueva-generacion-empresarial-de-la-provincia\/\">AERCA Joven presenta EJE 2026: El encuentro que conectar\u00e1 a la nueva generaci\u00f3n empresarial de la provincia<\/a><\/h1>\t\t\t\t<\/div>\n\t\t\t\t<div class=\"elementor-element elementor-element-7b888f5 elementor-widget elementor-widget-heading\" data-id=\"7b888f5\" data-element_type=\"widget\" data-e-type=\"widget\" data-widget_type=\"heading.default\">\n\t\t\t\t\t<h2 class=\"elementor-heading-title elementor-size-default\"><a href=\"https:\/\/aerca.org.ar\/asociacion-empresarios\/aerca-joven-presenta-eje-2026-el-encuentro-que-conectara-a-la-nueva-generacion-empresarial-de-la-provincia\/\">Ver Noticia &gt;<\/a><\/h2>\t\t\t\t<\/div>\n\t\t\t\t\t<\/div>\n\t\t\t\t<\/div>\n\t\t\t\t<\/div>\n\t\t\t\t<div data-elementor-type=\"loop-item\" data-elementor-id=\"1593\" class=\"elementor elementor-1593 e-loop-item e-loop-item-2859 post-2859 post type-post status-publish format-standard has-post-thumbnail hentry category-institucional\" data-elementor-post-type=\"elementor_library\" data-custom-edit-handle=\"1\">\n\t\t\t<div class=\"elementor-element elementor-element-783343d e-flex e-con-boxed e-con e-parent\" data-id=\"783343d\" data-element_type=\"container\" data-e-type=\"container\">\n\t\t\t\t\t<div class=\"e-con-inner\">\n\t\t\t\t<div class=\"elementor-element elementor-element-0fec77d elementor-widget elementor-widget-theme-post-featured-image elementor-widget-image\" data-id=\"0fec77d\" data-element_type=\"widget\" data-e-type=\"widget\" data-widget_type=\"theme-post-featured-image.default\">\n\t\t\t\t\t\t\t\t\t\t\t\t\t\t\t\t<a href=\"https:\/\/aerca.org.ar\/asociacion-empresarios\/mision-a-san-juan-jovenes-empresarios-exploran-oportunidades-en-el-sector-minero\/\">\n\t\t\t\t\t\t\t<img loading=\"lazy\" decoding=\"async\" width=\"800\" height=\"436\" src=\"https:\/\/i0.wp.com\/aerca.org.ar\/asociacion-empresarios\/wp-content\/uploads\/2026\/06\/NOTICIAS-4.jpg?fit=800%2C436&amp;ssl=1\" class=\"attachment-large size-large wp-image-2860\" alt=\"\" srcset=\"https:\/\/i0.wp.com\/aerca.org.ar\/asociacion-empresarios\/wp-content\/uploads\/2026\/06\/NOTICIAS-4.jpg?w=900&amp;ssl=1 900w, https:\/\/i0.wp.com\/aerca.org.ar\/asociacion-empresarios\/wp-content\/uploads\/2026\/06\/NOTICIAS-4.jpg?resize=300%2C163&amp;ssl=1 300w, https:\/\/i0.wp.com\/aerca.org.ar\/asociacion-empresarios\/wp-content\/uploads\/2026\/06\/NOTICIAS-4.jpg?resize=768%2C418&amp;ssl=1 768w\" sizes=\"(max-width: 800px) 100vw, 800px\" \/>\t\t\t\t\t\t\t\t<\/a>\n\t\t\t\t\t\t\t\t\t\t\t\t\t\t\t<\/div>\n\t\t\t\t<div class=\"elementor-element elementor-element-4a87f20 elementor-widget elementor-widget-theme-post-title elementor-page-title elementor-widget-heading\" data-id=\"4a87f20\" data-element_type=\"widget\" data-e-type=\"widget\" data-widget_type=\"theme-post-title.default\">\n\t\t\t\t\t<h1 class=\"elementor-heading-title elementor-size-default\"><a href=\"https:\/\/aerca.org.ar\/asociacion-empresarios\/mision-a-san-juan-jovenes-empresarios-exploran-oportunidades-en-el-sector-minero\/\">Misi\u00f3n a San Juan: AERCA Joven explor\u00f3 oportunidades en el sector minero<\/a><\/h1>\t\t\t\t<\/div>\n\t\t\t\t<div class=\"elementor-element elementor-element-7b888f5 elementor-widget elementor-widget-heading\" data-id=\"7b888f5\" data-element_type=\"widget\" data-e-type=\"widget\" data-widget_type=\"heading.default\">\n\t\t\t\t\t<h2 class=\"elementor-heading-title elementor-size-default\"><a href=\"https:\/\/aerca.org.ar\/asociacion-empresarios\/mision-a-san-juan-jovenes-empresarios-exploran-oportunidades-en-el-sector-minero\/\">Ver Noticia &gt;<\/a><\/h2>\t\t\t\t<\/div>\n\t\t\t\t\t<\/div>\n\t\t\t\t<\/div>\n\t\t\t\t<\/div>\n\t\t\t\t<div data-elementor-type=\"loop-item\" data-elementor-id=\"1593\" class=\"elementor elementor-1593 e-loop-item e-loop-item-2851 post-2851 post type-post status-publish format-standard has-post-thumbnail hentry category-emprendedurismo\" data-elementor-post-type=\"elementor_library\" data-custom-edit-handle=\"1\">\n\t\t\t<div class=\"elementor-element elementor-element-783343d e-flex e-con-boxed e-con e-parent\" data-id=\"783343d\" data-element_type=\"container\" data-e-type=\"container\">\n\t\t\t\t\t<div class=\"e-con-inner\">\n\t\t\t\t<div class=\"elementor-element elementor-element-0fec77d elementor-widget elementor-widget-theme-post-featured-image elementor-widget-image\" data-id=\"0fec77d\" data-element_type=\"widget\" data-e-type=\"widget\" data-widget_type=\"theme-post-featured-image.default\">\n\t\t\t\t\t\t\t\t\t\t\t\t\t\t\t\t<a href=\"https:\/\/aerca.org.ar\/asociacion-empresarios\/avanza-la-incubadora-se-realizo-el-primer-encuentro-de-mentores-en-la-sede-de-aerca\/\">\n\t\t\t\t\t\t\t<img loading=\"lazy\" decoding=\"async\" width=\"800\" height=\"436\" src=\"https:\/\/i0.wp.com\/aerca.org.ar\/asociacion-empresarios\/wp-content\/uploads\/2026\/06\/NOTICIAS-3.jpg?fit=800%2C436&amp;ssl=1\" class=\"attachment-large size-large wp-image-2852\" alt=\"\" srcset=\"https:\/\/i0.wp.com\/aerca.org.ar\/asociacion-empresarios\/wp-content\/uploads\/2026\/06\/NOTICIAS-3.jpg?w=900&amp;ssl=1 900w, https:\/\/i0.wp.com\/aerca.org.ar\/asociacion-empresarios\/wp-content\/uploads\/2026\/06\/NOTICIAS-3.jpg?resize=300%2C163&amp;ssl=1 300w, https:\/\/i0.wp.com\/aerca.org.ar\/asociacion-empresarios\/wp-content\/uploads\/2026\/06\/NOTICIAS-3.jpg?resize=768%2C418&amp;ssl=1 768w\" sizes=\"(max-width: 800px) 100vw, 800px\" \/>\t\t\t\t\t\t\t\t<\/a>\n\t\t\t\t\t\t\t\t\t\t\t\t\t\t\t<\/div>\n\t\t\t\t<div class=\"elementor-element elementor-element-4a87f20 elementor-widget elementor-widget-theme-post-title elementor-page-title elementor-widget-heading\" data-id=\"4a87f20\" data-element_type=\"widget\" data-e-type=\"widget\" data-widget_type=\"theme-post-title.default\">\n\t\t\t\t\t<h1 class=\"elementor-heading-title elementor-size-default\"><a href=\"https:\/\/aerca.org.ar\/asociacion-empresarios\/avanza-la-incubadora-se-realizo-el-primer-encuentro-de-mentores-en-la-sede-de-aerca\/\">Avanza la Incubadora: se realiz\u00f3 el primer encuentro de mentores en la sede de AERCA<\/a><\/h1>\t\t\t\t<\/div>\n\t\t\t\t<div class=\"elementor-element elementor-element-7b888f5 elementor-widget elementor-widget-heading\" data-id=\"7b888f5\" data-element_type=\"widget\" data-e-type=\"widget\" data-widget_type=\"heading.default\">\n\t\t\t\t\t<h2 class=\"elementor-heading-title elementor-size-default\"><a href=\"https:\/\/aerca.org.ar\/asociacion-empresarios\/avanza-la-incubadora-se-realizo-el-primer-encuentro-de-mentores-en-la-sede-de-aerca\/\">Ver Noticia &gt;<\/a><\/h2>\t\t\t\t<\/div>\n\t\t\t\t\t<\/div>\n\t\t\t\t<\/div>\n\t\t\t\t<\/div>\n\t\t\t\t<div data-elementor-type=\"loop-item\" data-elementor-id=\"1593\" class=\"elementor elementor-1593 e-loop-item e-loop-item-2847 post-2847 post type-post status-publish format-standard has-post-thumbnail hentry category-institucional\" data-elementor-post-type=\"elementor_library\" data-custom-edit-handle=\"1\">\n\t\t\t<div class=\"elementor-element elementor-element-783343d e-flex e-con-boxed e-con e-parent\" data-id=\"783343d\" data-element_type=\"container\" data-e-type=\"container\">\n\t\t\t\t\t<div class=\"e-con-inner\">\n\t\t\t\t<div class=\"elementor-element elementor-element-0fec77d elementor-widget elementor-widget-theme-post-featured-image elementor-widget-image\" data-id=\"0fec77d\" data-element_type=\"widget\" data-e-type=\"widget\" data-widget_type=\"theme-post-featured-image.default\">\n\t\t\t\t\t\t\t\t\t\t\t\t\t\t\t\t<a href=\"https:\/\/aerca.org.ar\/asociacion-empresarios\/ballesteros-sera-sede-de-un-evento-impulsado-por-la-camara-territorial-de-aerca\/\">\n\t\t\t\t\t\t\t<img loading=\"lazy\" decoding=\"async\" width=\"800\" height=\"436\" src=\"https:\/\/i0.wp.com\/aerca.org.ar\/asociacion-empresarios\/wp-content\/uploads\/2026\/06\/NOTICIAS-2.jpg?fit=800%2C436&amp;ssl=1\" class=\"attachment-large size-large wp-image-2848\" alt=\"\" srcset=\"https:\/\/i0.wp.com\/aerca.org.ar\/asociacion-empresarios\/wp-content\/uploads\/2026\/06\/NOTICIAS-2.jpg?w=900&amp;ssl=1 900w, https:\/\/i0.wp.com\/aerca.org.ar\/asociacion-empresarios\/wp-content\/uploads\/2026\/06\/NOTICIAS-2.jpg?resize=300%2C163&amp;ssl=1 300w, https:\/\/i0.wp.com\/aerca.org.ar\/asociacion-empresarios\/wp-content\/uploads\/2026\/06\/NOTICIAS-2.jpg?resize=768%2C418&amp;ssl=1 768w\" sizes=\"(max-width: 800px) 100vw, 800px\" \/>\t\t\t\t\t\t\t\t<\/a>\n\t\t\t\t\t\t\t\t\t\t\t\t\t\t\t<\/div>\n\t\t\t\t<div class=\"elementor-element elementor-element-4a87f20 elementor-widget elementor-widget-theme-post-title elementor-page-title elementor-widget-heading\" data-id=\"4a87f20\" data-element_type=\"widget\" data-e-type=\"widget\" data-widget_type=\"theme-post-title.default\">\n\t\t\t\t\t<h1 class=\"elementor-heading-title elementor-size-default\"><a href=\"https:\/\/aerca.org.ar\/asociacion-empresarios\/ballesteros-sera-sede-de-un-evento-impulsado-por-la-camara-territorial-de-aerca\/\">Ballesteros ser\u00e1 sede de un evento impulsado por la C\u00e1mara Territorial de AERCA<\/a><\/h1>\t\t\t\t<\/div>\n\t\t\t\t<div class=\"elementor-element elementor-element-7b888f5 elementor-widget elementor-widget-heading\" data-id=\"7b888f5\" data-element_type=\"widget\" data-e-type=\"widget\" data-widget_type=\"heading.default\">\n\t\t\t\t\t<h2 class=\"elementor-heading-title elementor-size-default\"><a href=\"https:\/\/aerca.org.ar\/asociacion-empresarios\/ballesteros-sera-sede-de-un-evento-impulsado-por-la-camara-territorial-de-aerca\/\">Ver Noticia &gt;<\/a><\/h2>\t\t\t\t<\/div>\n\t\t\t\t\t<\/div>\n\t\t\t\t<\/div>\n\t\t\t\t<\/div>\n\t\t\t\t<div data-elementor-type=\"loop-item\" data-elementor-id=\"1593\" class=\"elementor elementor-1593 e-loop-item e-loop-item-2837 post-2837 post type-post status-publish format-standard has-post-thumbnail hentry category-emprendedurismo category-institucional\" data-elementor-post-type=\"elementor_library\" data-custom-edit-handle=\"1\">\n\t\t\t<div class=\"elementor-element elementor-element-783343d e-flex e-con-boxed e-con e-parent\" data-id=\"783343d\" data-element_type=\"container\" data-e-type=\"container\">\n\t\t\t\t\t<div class=\"e-con-inner\">\n\t\t\t\t<div class=\"elementor-element elementor-element-0fec77d elementor-widget elementor-widget-theme-post-featured-image elementor-widget-image\" data-id=\"0fec77d\" data-element_type=\"widget\" data-e-type=\"widget\" data-widget_type=\"theme-post-featured-image.default\">\n\t\t\t\t\t\t\t\t\t\t\t\t\t\t\t\t<a href=\"https:\/\/aerca.org.ar\/asociacion-empresarios\/incubadora-mas-de-65-emprendedores-se-reuniran-hoy-en-una-jornada-de-networking\/\">\n\t\t\t\t\t\t\t<img loading=\"lazy\" decoding=\"async\" width=\"800\" height=\"436\" src=\"https:\/\/i0.wp.com\/aerca.org.ar\/asociacion-empresarios\/wp-content\/uploads\/2026\/06\/NOTICIAS-1.jpg?fit=800%2C436&amp;ssl=1\" class=\"attachment-large size-large wp-image-2838\" alt=\"\" srcset=\"https:\/\/i0.wp.com\/aerca.org.ar\/asociacion-empresarios\/wp-content\/uploads\/2026\/06\/NOTICIAS-1.jpg?w=900&amp;ssl=1 900w, https:\/\/i0.wp.com\/aerca.org.ar\/asociacion-empresarios\/wp-content\/uploads\/2026\/06\/NOTICIAS-1.jpg?resize=300%2C163&amp;ssl=1 300w, https:\/\/i0.wp.com\/aerca.org.ar\/asociacion-empresarios\/wp-content\/uploads\/2026\/06\/NOTICIAS-1.jpg?resize=768%2C418&amp;ssl=1 768w\" sizes=\"(max-width: 800px) 100vw, 800px\" \/>\t\t\t\t\t\t\t\t<\/a>\n\t\t\t\t\t\t\t\t\t\t\t\t\t\t\t<\/div>\n\t\t\t\t<div class=\"elementor-element elementor-element-4a87f20 elementor-widget elementor-widget-theme-post-title elementor-page-title elementor-widget-heading\" data-id=\"4a87f20\" data-element_type=\"widget\" data-e-type=\"widget\" data-widget_type=\"theme-post-title.default\">\n\t\t\t\t\t<h1 class=\"elementor-heading-title elementor-size-default\"><a href=\"https:\/\/aerca.org.ar\/asociacion-empresarios\/incubadora-mas-de-65-emprendedores-se-reuniran-hoy-en-una-jornada-de-networking\/\">Incubadora: M\u00e1s de 65 emprendedores se reunir\u00e1n hoy en una jornada de networking<\/a><\/h1>\t\t\t\t<\/div>\n\t\t\t\t<div class=\"elementor-element elementor-element-7b888f5 elementor-widget elementor-widget-heading\" data-id=\"7b888f5\" data-element_type=\"widget\" data-e-type=\"widget\" data-widget_type=\"heading.default\">\n\t\t\t\t\t<h2 class=\"elementor-heading-title elementor-size-default\"><a href=\"https:\/\/aerca.org.ar\/asociacion-empresarios\/incubadora-mas-de-65-emprendedores-se-reuniran-hoy-en-una-jornada-de-networking\/\">Ver Noticia &gt;<\/a><\/h2>\t\t\t\t<\/div>\n\t\t\t\t\t<\/div>\n\t\t\t\t<\/div>\n\t\t\t\t<\/div>\n\t\t\t\t<div data-elementor-type=\"loop-item\" data-elementor-id=\"1593\" class=\"elementor elementor-1593 e-loop-item e-loop-item-2832 post-2832 post type-post status-publish format-standard has-post-thumbnail hentry category-emprendedurismo category-institucional\" data-elementor-post-type=\"elementor_library\" data-custom-edit-handle=\"1\">\n\t\t\t<div class=\"elementor-element elementor-element-783343d e-flex e-con-boxed e-con e-parent\" data-id=\"783343d\" data-element_type=\"container\" data-e-type=\"container\">\n\t\t\t\t\t<div class=\"e-con-inner\">\n\t\t\t\t<div class=\"elementor-element elementor-element-0fec77d elementor-widget elementor-widget-theme-post-featured-image elementor-widget-image\" data-id=\"0fec77d\" data-element_type=\"widget\" data-e-type=\"widget\" data-widget_type=\"theme-post-featured-image.default\">\n\t\t\t\t\t\t\t\t\t\t\t\t\t\t\t\t<a href=\"https:\/\/aerca.org.ar\/asociacion-empresarios\/la-incubadora-de-aerca-participo-de-un-evento-internacional\/\">\n\t\t\t\t\t\t\t<img loading=\"lazy\" decoding=\"async\" width=\"800\" height=\"436\" src=\"https:\/\/i0.wp.com\/aerca.org.ar\/asociacion-empresarios\/wp-content\/uploads\/2026\/05\/NOTICIAS.jpg?fit=800%2C436&amp;ssl=1\" class=\"attachment-large size-large wp-image-2833\" alt=\"\" srcset=\"https:\/\/i0.wp.com\/aerca.org.ar\/asociacion-empresarios\/wp-content\/uploads\/2026\/05\/NOTICIAS.jpg?w=900&amp;ssl=1 900w, https:\/\/i0.wp.com\/aerca.org.ar\/asociacion-empresarios\/wp-content\/uploads\/2026\/05\/NOTICIAS.jpg?resize=300%2C163&amp;ssl=1 300w, https:\/\/i0.wp.com\/aerca.org.ar\/asociacion-empresarios\/wp-content\/uploads\/2026\/05\/NOTICIAS.jpg?resize=768%2C418&amp;ssl=1 768w\" sizes=\"(max-width: 800px) 100vw, 800px\" \/>\t\t\t\t\t\t\t\t<\/a>\n\t\t\t\t\t\t\t\t\t\t\t\t\t\t\t<\/div>\n\t\t\t\t<div class=\"elementor-element elementor-element-4a87f20 elementor-widget elementor-widget-theme-post-title elementor-page-title elementor-widget-heading\" data-id=\"4a87f20\" data-element_type=\"widget\" data-e-type=\"widget\" data-widget_type=\"theme-post-title.default\">\n\t\t\t\t\t<h1 class=\"elementor-heading-title elementor-size-default\"><a href=\"https:\/\/aerca.org.ar\/asociacion-empresarios\/la-incubadora-de-aerca-participo-de-un-evento-internacional\/\">La Incubadora de AERCA particip\u00f3 de un evento internacional<\/a><\/h1>\t\t\t\t<\/div>\n\t\t\t\t<div class=\"elementor-element elementor-element-7b888f5 elementor-widget elementor-widget-heading\" data-id=\"7b888f5\" data-element_type=\"widget\" data-e-type=\"widget\" data-widget_type=\"heading.default\">\n\t\t\t\t\t<h2 class=\"elementor-heading-title elementor-size-default\"><a href=\"https:\/\/aerca.org.ar\/asociacion-empresarios\/la-incubadora-de-aerca-participo-de-un-evento-internacional\/\">Ver Noticia &gt;<\/a><\/h2>\t\t\t\t<\/div>\n\t\t\t\t\t<\/div>\n\t\t\t\t<\/div>\n\t\t\t\t<\/div>\n\t\t\t\t<div data-elementor-type=\"loop-item\" data-elementor-id=\"1593\" class=\"elementor elementor-1593 e-loop-item e-loop-item-2827 post-2827 post type-post status-publish format-standard has-post-thumbnail hentry category-comercio category-institucional\" data-elementor-post-type=\"elementor_library\" data-custom-edit-handle=\"1\">\n\t\t\t<div class=\"elementor-element elementor-element-783343d e-flex e-con-boxed e-con e-parent\" data-id=\"783343d\" data-element_type=\"container\" data-e-type=\"container\">\n\t\t\t\t\t<div class=\"e-con-inner\">\n\t\t\t\t<div class=\"elementor-element elementor-element-0fec77d elementor-widget elementor-widget-theme-post-featured-image elementor-widget-image\" data-id=\"0fec77d\" data-element_type=\"widget\" data-e-type=\"widget\" data-widget_type=\"theme-post-featured-image.default\">\n\t\t\t\t\t\t\t\t\t\t\t\t\t\t\t\t<a href=\"https:\/\/aerca.org.ar\/asociacion-empresarios\/esta-en-marcha-la-5ta-edicion-villa-maria-sale\/\">\n\t\t\t\t\t\t\t<img loading=\"lazy\" decoding=\"async\" width=\"800\" height=\"436\" src=\"https:\/\/i0.wp.com\/aerca.org.ar\/asociacion-empresarios\/wp-content\/uploads\/2026\/05\/NOTICIAS-5.jpg.jpeg?fit=800%2C436&amp;ssl=1\" class=\"attachment-large size-large wp-image-2828\" alt=\"\" srcset=\"https:\/\/i0.wp.com\/aerca.org.ar\/asociacion-empresarios\/wp-content\/uploads\/2026\/05\/NOTICIAS-5.jpg.jpeg?w=900&amp;ssl=1 900w, https:\/\/i0.wp.com\/aerca.org.ar\/asociacion-empresarios\/wp-content\/uploads\/2026\/05\/NOTICIAS-5.jpg.jpeg?resize=300%2C163&amp;ssl=1 300w, https:\/\/i0.wp.com\/aerca.org.ar\/asociacion-empresarios\/wp-content\/uploads\/2026\/05\/NOTICIAS-5.jpg.jpeg?resize=768%2C418&amp;ssl=1 768w\" sizes=\"(max-width: 800px) 100vw, 800px\" \/>\t\t\t\t\t\t\t\t<\/a>\n\t\t\t\t\t\t\t\t\t\t\t\t\t\t\t<\/div>\n\t\t\t\t<div class=\"elementor-element elementor-element-4a87f20 elementor-widget elementor-widget-theme-post-title elementor-page-title elementor-widget-heading\" data-id=\"4a87f20\" data-element_type=\"widget\" data-e-type=\"widget\" data-widget_type=\"theme-post-title.default\">\n\t\t\t\t\t<h1 class=\"elementor-heading-title elementor-size-default\"><a href=\"https:\/\/aerca.org.ar\/asociacion-empresarios\/esta-en-marcha-la-5ta-edicion-villa-maria-sale\/\">Est\u00e1 en marcha la 5ta. Edici\u00f3n Villa Maria Sale.<\/a><\/h1>\t\t\t\t<\/div>\n\t\t\t\t<div class=\"elementor-element elementor-element-7b888f5 elementor-widget elementor-widget-heading\" data-id=\"7b888f5\" data-element_type=\"widget\" data-e-type=\"widget\" data-widget_type=\"heading.default\">\n\t\t\t\t\t<h2 class=\"elementor-heading-title elementor-size-default\"><a href=\"https:\/\/aerca.org.ar\/asociacion-empresarios\/esta-en-marcha-la-5ta-edicion-villa-maria-sale\/\">Ver Noticia &gt;<\/a><\/h2>\t\t\t\t<\/div>\n\t\t\t\t\t<\/div>\n\t\t\t\t<\/div>\n\t\t\t\t<\/div>\n\t\t\t\t<\/div>\n\t\t\n\t\t\t\t\t\t<\/div>\n\t\t\t\t<\/div>\n\t\t\t\t\t<\/div>\n\t\t\t\t<\/div>\n\t\t<div class=\"elementor-element elementor-element-da375df e-con-full e-flex e-con e-parent\" data-id=\"da375df\" data-element_type=\"container\" data-e-type=\"container\" data-settings=\"{&quot;shape_divider_top&quot;:&quot;mountains&quot;}\">\n\t\t\t\t<div class=\"elementor-shape elementor-shape-top\" aria-hidden=\"true\" data-negative=\"false\">\n\t\t\t<svg xmlns=\"http:\/\/www.w3.org\/2000\/svg\" viewBox=\"0 0 1000 100\" preserveAspectRatio=\"none\">\n\t<path class=\"elementor-shape-fill\" opacity=\"0.33\" d=\"M473,67.3c-203.9,88.3-263.1-34-320.3,0C66,119.1,0,59.7,0,59.7V0h1000v59.7 c0,0-62.1,26.1-94.9,29.3c-32.8,3.3-62.8-12.3-75.8-22.1C806,49.6,745.3,8.7,694.9,4.7S492.4,59,473,67.3z\"\/>\n\t<path class=\"elementor-shape-fill\" opacity=\"0.66\" d=\"M734,67.3c-45.5,0-77.2-23.2-129.1-39.1c-28.6-8.7-150.3-10.1-254,39.1 s-91.7-34.4-149.2,0C115.7,118.3,0,39.8,0,39.8V0h1000v36.5c0,0-28.2-18.5-92.1-18.5C810.2,18.1,775.7,67.3,734,67.3z\"\/>\n\t<path class=\"elementor-shape-fill\" d=\"M766.1,28.9c-200-57.5-266,65.5-395.1,19.5C242,1.8,242,5.4,184.8,20.6C128,35.8,132.3,44.9,89.9,52.5C28.6,63.7,0,0,0,0 h1000c0,0-9.9,40.9-83.6,48.1S829.6,47,766.1,28.9z\"\/>\n<\/svg>\t\t<\/div>\n\t\t\t\t<div class=\"elementor-element elementor-element-7a7b193 elementor-widget elementor-widget-sbi-widget\" data-id=\"7a7b193\" data-element_type=\"widget\" data-e-type=\"widget\" data-widget_type=\"sbi-widget.default\">\n\t\t\t\t<div class=\"elementor-widget-container\">\n\t\t\t\t\t\n<div id=\"sb_instagram\" role=\"region\" aria-label=\"Instagram feed\"  class=\"sbi sbi_mob_col_1 sbi_tab_col_2 sbi_col_5 sbi_width_resp\" style=\"padding-bottom: 10px;\"\t data-feedid=\"*2\"  data-res=\"auto\" data-cols=\"5\" data-colsmobile=\"1\" data-colstablet=\"2\" data-num=\"10\" data-nummobile=\"5\" data-item-padding=\"5\"\t data-shortcode-atts=\"{&quot;feed&quot;:&quot;2&quot;}\"  data-postid=\"2827\" data-locatornonce=\"6f36aa1c2c\" data-imageaspectratio=\"1:1\" data-sbi-flags=\"favorLocal\">\n\t<div class=\"sb_instagram_header \"   >\n\t<a class=\"sbi_header_link\" target=\"_blank\"\n\t   aria-label=\"aercavm on Instagram\"\n\t   rel=\"nofollow noopener\" href=\"https:\/\/www.instagram.com\/aercavm\/\" title=\"@aercavm\">\n\t\t<div class=\"sbi_header_text sbi_no_bio\">\n\t\t\t<div class=\"sbi_header_img\"  data-avatar-url=\"https:\/\/scontent-eze1-2.cdninstagram.com\/v\/t51.82787-19\/723917842_18181356373405284_7984315346510835032_n.jpg?stp=dst-jpg_s206x206_tt6&amp;_nc_cat=107&amp;ccb=7-5&amp;_nc_sid=bf7eb4&amp;efg=eyJ2ZW5jb2RlX3RhZyI6InByb2ZpbGVfcGljLnd3dy44MDAuQzMifQ%3D%3D&amp;_nc_ohc=gcffRlYX-OsQ7kNvwE3NAx0&amp;_nc_oc=Adpn92oTMhzH5kEKaaT_HJlZ70SIxThlEmIUhZPz6z2CbEN1Z1kdZzGqrfu_-zbp3taeeb-nsupXdFW-EOu4T-A2&amp;_nc_zt=24&amp;_nc_ht=scontent-eze1-2.cdninstagram.com&amp;edm=AP4hL3IEAAAA&amp;_nc_gid=H538Ouh47f8ZBzlk_mb8Mw&amp;_nc_tpa=Q5bMBQKtKierISRWSqyYc2RLfBx0RSjLpxE7I41SGefph8Lk5qHJvYTpX9c8jr7jhZwf6Wwv8GC8IlcjfA&amp;oh=00_AQLpGP-kVfdwpkDPUJwUql5oI_KY4ykS_GmewCNEtmbvOw&amp;oe=6AA17DC9\">\n\t\t\t\t\t\t\t\t\t<div class=\"sbi_header_img_hover\"  ><svg class=\"sbi_new_logo fa-instagram fa-w-14\" aria-hidden=\"true\" data-fa-processed=\"\" aria-label=\"Instagram\" data-prefix=\"fab\" data-icon=\"instagram\" role=\"img\" viewBox=\"0 0 448 512\">\n                    <path fill=\"currentColor\" d=\"M224.1 141c-63.6 0-114.9 51.3-114.9 114.9s51.3 114.9 114.9 114.9S339 319.5 339 255.9 287.7 141 224.1 141zm0 189.6c-41.1 0-74.7-33.5-74.7-74.7s33.5-74.7 74.7-74.7 74.7 33.5 74.7 74.7-33.6 74.7-74.7 74.7zm146.4-194.3c0 14.9-12 26.8-26.8 26.8-14.9 0-26.8-12-26.8-26.8s12-26.8 26.8-26.8 26.8 12 26.8 26.8zm76.1 27.2c-1.7-35.9-9.9-67.7-36.2-93.9-26.2-26.2-58-34.4-93.9-36.2-37-2.1-147.9-2.1-184.9 0-35.8 1.7-67.6 9.9-93.9 36.1s-34.4 58-36.2 93.9c-2.1 37-2.1 147.9 0 184.9 1.7 35.9 9.9 67.7 36.2 93.9s58 34.4 93.9 36.2c37 2.1 147.9 2.1 184.9 0 35.9-1.7 67.7-9.9 93.9-36.2 26.2-26.2 34.4-58 36.2-93.9 2.1-37 2.1-147.8 0-184.8zM398.8 388c-7.8 19.6-22.9 34.7-42.6 42.6-29.5 11.7-99.5 9-132.1 9s-102.7 2.6-132.1-9c-19.6-7.8-34.7-22.9-42.6-42.6-11.7-29.5-9-99.5-9-132.1s-2.6-102.7 9-132.1c7.8-19.6 22.9-34.7 42.6-42.6 29.5-11.7 99.5-9 132.1-9s102.7-2.6 132.1 9c19.6 7.8 34.7 22.9 42.6 42.6 11.7 29.5 9 99.5 9 132.1s2.7 102.7-9 132.1z\"><\/path>\n                <\/svg><\/div>\n\t\t\t\t\t<img data-recalc-dims=\"1\" loading=\"lazy\" decoding=\"async\"  src=\"https:\/\/i0.wp.com\/aerca.org.ar\/asociacion-empresarios\/wp-content\/uploads\/sb-instagram-feed-images\/aercavm.webp?resize=50%2C50&#038;ssl=1\" alt=\"\" width=\"50\" height=\"50\">\n\t\t\t\t\n\t\t\t\t\t\t\t<\/div>\n\n\t\t\t<div class=\"sbi_feedtheme_header_text\">\n\t\t\t\t<h3>aercavm<\/h3>\n\t\t\t\t\t\t\t<\/div>\n\t\t<\/div>\n\t<\/a>\n<\/div>\n\n\t<div id=\"sbi_images\" role=\"list\"  style=\"gap: 10px;\">\n\t\t<div class=\"sbi_item sbi_type_video sbi_new sbi_transition\" role=\"listitem\"\n\tid=\"sbi_18442436641122577\" data-date=\"1788554048\">\n\t<div class=\"sbi_photo_wrap\">\n\t\t<a class=\"sbi_photo\" href=\"https:\/\/www.instagram.com\/reel\/Dc4QM1-g3G6\/\" target=\"_blank\" rel=\"noopener nofollow\"\n\t\t\tdata-full-res=\"https:\/\/scontent-eze1-2.cdninstagram.com\/v\/t51.82787-15\/794025084_18190220131405284_2925892673369912832_n.jpg?stp=dst-jpg_e35_tt6&#038;_nc_cat=100&#038;ig_cache_key=Mzk3OTAwMTUyMjExNjg1MDEwNg%3D%3D.3-ccb7-5&#038;ccb=7-5&#038;_nc_sid=a54f6b&#038;efg=eyJlZmdfdGFnIjoiYmVzdF9pbWFnZV91cmxnZW4uQ0xJUFMuQzMifQ%3D%3D&#038;_nc_ohc=M0ZYIXvWr8wQ7kNvwEJ8xVb&#038;_nc_oc=AdrYkB32fEjlFpjz6KftQuH2ZkrEXzkVlTziadGHDl6Oel0w4gD7XlTi-KoahgR0yaTU3HVSIhN3oVYGYSSajWLE&#038;_nc_zt=23&#038;_nc_ht=scontent-eze1-2.cdninstagram.com&#038;edm=ANo9K5cEAAAA&#038;_nc_gid=esjSUDBMJZiIsAGiXnqvNw&#038;_nc_tpa=Q5bMBQL3tiNJehH5R30KCUzN63TUVf1gCGj1dxiuRN0U30m1NuFZv51zqD5YnZVm3FF-HZtcHa1eOYJlqA&#038;oh=00_AQLTjGh5Sv4vyiA2yR0Dz9TYmVpzRTqJskHJNKQSj7p3lA&#038;oe=6AA19C9D\"\n\t\t\tdata-img-src-set=\"{&quot;d&quot;:&quot;https:\\\/\\\/scontent-eze1-2.cdninstagram.com\\\/v\\\/t51.82787-15\\\/794025084_18190220131405284_2925892673369912832_n.jpg?stp=dst-jpg_e35_tt6&amp;_nc_cat=100&amp;ig_cache_key=Mzk3OTAwMTUyMjExNjg1MDEwNg%3D%3D.3-ccb7-5&amp;ccb=7-5&amp;_nc_sid=a54f6b&amp;efg=eyJlZmdfdGFnIjoiYmVzdF9pbWFnZV91cmxnZW4uQ0xJUFMuQzMifQ%3D%3D&amp;_nc_ohc=M0ZYIXvWr8wQ7kNvwEJ8xVb&amp;_nc_oc=AdrYkB32fEjlFpjz6KftQuH2ZkrEXzkVlTziadGHDl6Oel0w4gD7XlTi-KoahgR0yaTU3HVSIhN3oVYGYSSajWLE&amp;_nc_zt=23&amp;_nc_ht=scontent-eze1-2.cdninstagram.com&amp;edm=ANo9K5cEAAAA&amp;_nc_gid=esjSUDBMJZiIsAGiXnqvNw&amp;_nc_tpa=Q5bMBQL3tiNJehH5R30KCUzN63TUVf1gCGj1dxiuRN0U30m1NuFZv51zqD5YnZVm3FF-HZtcHa1eOYJlqA&amp;oh=00_AQLTjGh5Sv4vyiA2yR0Dz9TYmVpzRTqJskHJNKQSj7p3lA&amp;oe=6AA19C9D&quot;,&quot;150&quot;:&quot;https:\\\/\\\/scontent-eze1-2.cdninstagram.com\\\/v\\\/t51.82787-15\\\/794025084_18190220131405284_2925892673369912832_n.jpg?stp=dst-jpg_e35_tt6&amp;_nc_cat=100&amp;ig_cache_key=Mzk3OTAwMTUyMjExNjg1MDEwNg%3D%3D.3-ccb7-5&amp;ccb=7-5&amp;_nc_sid=a54f6b&amp;efg=eyJlZmdfdGFnIjoiYmVzdF9pbWFnZV91cmxnZW4uQ0xJUFMuQzMifQ%3D%3D&amp;_nc_ohc=M0ZYIXvWr8wQ7kNvwEJ8xVb&amp;_nc_oc=AdrYkB32fEjlFpjz6KftQuH2ZkrEXzkVlTziadGHDl6Oel0w4gD7XlTi-KoahgR0yaTU3HVSIhN3oVYGYSSajWLE&amp;_nc_zt=23&amp;_nc_ht=scontent-eze1-2.cdninstagram.com&amp;edm=ANo9K5cEAAAA&amp;_nc_gid=esjSUDBMJZiIsAGiXnqvNw&amp;_nc_tpa=Q5bMBQL3tiNJehH5R30KCUzN63TUVf1gCGj1dxiuRN0U30m1NuFZv51zqD5YnZVm3FF-HZtcHa1eOYJlqA&amp;oh=00_AQLTjGh5Sv4vyiA2yR0Dz9TYmVpzRTqJskHJNKQSj7p3lA&amp;oe=6AA19C9D&quot;,&quot;320&quot;:&quot;https:\\\/\\\/scontent-eze1-2.cdninstagram.com\\\/v\\\/t51.82787-15\\\/794025084_18190220131405284_2925892673369912832_n.jpg?stp=dst-jpg_e35_tt6&amp;_nc_cat=100&amp;ig_cache_key=Mzk3OTAwMTUyMjExNjg1MDEwNg%3D%3D.3-ccb7-5&amp;ccb=7-5&amp;_nc_sid=a54f6b&amp;efg=eyJlZmdfdGFnIjoiYmVzdF9pbWFnZV91cmxnZW4uQ0xJUFMuQzMifQ%3D%3D&amp;_nc_ohc=M0ZYIXvWr8wQ7kNvwEJ8xVb&amp;_nc_oc=AdrYkB32fEjlFpjz6KftQuH2ZkrEXzkVlTziadGHDl6Oel0w4gD7XlTi-KoahgR0yaTU3HVSIhN3oVYGYSSajWLE&amp;_nc_zt=23&amp;_nc_ht=scontent-eze1-2.cdninstagram.com&amp;edm=ANo9K5cEAAAA&amp;_nc_gid=esjSUDBMJZiIsAGiXnqvNw&amp;_nc_tpa=Q5bMBQL3tiNJehH5R30KCUzN63TUVf1gCGj1dxiuRN0U30m1NuFZv51zqD5YnZVm3FF-HZtcHa1eOYJlqA&amp;oh=00_AQLTjGh5Sv4vyiA2yR0Dz9TYmVpzRTqJskHJNKQSj7p3lA&amp;oe=6AA19C9D&quot;,&quot;640&quot;:&quot;https:\\\/\\\/scontent-eze1-2.cdninstagram.com\\\/v\\\/t51.82787-15\\\/794025084_18190220131405284_2925892673369912832_n.jpg?stp=dst-jpg_e35_tt6&amp;_nc_cat=100&amp;ig_cache_key=Mzk3OTAwMTUyMjExNjg1MDEwNg%3D%3D.3-ccb7-5&amp;ccb=7-5&amp;_nc_sid=a54f6b&amp;efg=eyJlZmdfdGFnIjoiYmVzdF9pbWFnZV91cmxnZW4uQ0xJUFMuQzMifQ%3D%3D&amp;_nc_ohc=M0ZYIXvWr8wQ7kNvwEJ8xVb&amp;_nc_oc=AdrYkB32fEjlFpjz6KftQuH2ZkrEXzkVlTziadGHDl6Oel0w4gD7XlTi-KoahgR0yaTU3HVSIhN3oVYGYSSajWLE&amp;_nc_zt=23&amp;_nc_ht=scontent-eze1-2.cdninstagram.com&amp;edm=ANo9K5cEAAAA&amp;_nc_gid=esjSUDBMJZiIsAGiXnqvNw&amp;_nc_tpa=Q5bMBQL3tiNJehH5R30KCUzN63TUVf1gCGj1dxiuRN0U30m1NuFZv51zqD5YnZVm3FF-HZtcHa1eOYJlqA&amp;oh=00_AQLTjGh5Sv4vyiA2yR0Dz9TYmVpzRTqJskHJNKQSj7p3lA&amp;oe=6AA19C9D&quot;}\">\n\t\t\t<span class=\"sbi-screenreader\">@lavarense cuenta su experienca en Villa Mar\u00eda Exp<\/span>\n\t\t\t\t\t\t<svg style=\"color: rgba(255,255,255,1)\" class=\"svg-inline--fa fa-play fa-w-14 sbi_playbtn\" aria-label=\"Play\" aria-hidden=\"true\" data-fa-processed=\"\" data-prefix=\"fa\" data-icon=\"play\" role=\"presentation\" xmlns=\"http:\/\/www.w3.org\/2000\/svg\" viewBox=\"0 0 448 512\"><path fill=\"currentColor\" d=\"M424.4 214.7L72.4 6.6C43.8-10.3 0 6.1 0 47.9V464c0 37.5 40.7 60.1 72.4 41.3l352-208c31.4-18.5 31.5-64.1 0-82.6z\"><\/path><\/svg>\t\t\t<img data-recalc-dims=\"1\" decoding=\"async\" src=\"https:\/\/i0.wp.com\/aerca.org.ar\/asociacion-empresarios\/wp-content\/plugins\/instagram-feed\/img\/placeholder.png?w=800&#038;ssl=1\" alt=\"@lavarense cuenta su experienca en Villa Mar\u00eda Exporta \ud83c\udf0e\n\n\ud83d\udc65 Javier, representante de la firma, destaca que el evento brinda a las PyMEs una ventaja estrat\u00e9gica, la posibilidad de concretar reuniones cara a cara con operadores de m\u00faltiples mercados en una jornada. Esta din\u00e1mica de trabajo permite optimizar recursos al evitar traslados, gestionando oportunidades internacionales directamente desde Villa Mar\u00eda.\n\n\u23ef\ufe0f Mir\u00e1 el testimonio completo en nuestro canal de YouTube. \ud83d\udc49\ud83c\udffc Link en la bio\n\n\ud83d\udccd Del 9 al 11 de septiembre organizamos la edici\u00f3n 2026.\" aria-hidden=\"true\">\n\t\t<\/a>\n\t<\/div>\n<\/div><div class=\"sbi_item sbi_type_video sbi_new sbi_transition\" role=\"listitem\"\n\tid=\"sbi_18129306718708168\" data-date=\"1788450557\">\n\t<div class=\"sbi_photo_wrap\">\n\t\t<a class=\"sbi_photo\" href=\"https:\/\/www.instagram.com\/reel\/Dc1K3TJAHyr\/\" target=\"_blank\" rel=\"noopener nofollow\"\n\t\t\tdata-full-res=\"https:\/\/scontent-eze1-1.cdninstagram.com\/v\/t51.82787-15\/792748693_18190086433405284_1364971284185472741_n.jpg?stp=dst-jpg_e35_tt6&#038;_nc_cat=111&#038;ig_cache_key=Mzk3ODEzMzYyNjQ0MDE1NDI4Mw%3D%3D.3-ccb7-5&#038;ccb=7-5&#038;_nc_sid=a54f6b&#038;efg=eyJlZmdfdGFnIjoiYmVzdF9pbWFnZV91cmxnZW4uQ0xJUFMuQzMifQ%3D%3D&#038;_nc_ohc=iKR75hjvvxIQ7kNvwHLTB3N&#038;_nc_oc=Adr4R4dsLSWHrG8cev1Tc5TmwqP1u4SJ3FQJIZvr_jxhWMTYlB2WED9lDTAnSKVDMgDV2CqB88PWJEL2BuTCKG3m&#038;_nc_zt=23&#038;_nc_ht=scontent-eze1-1.cdninstagram.com&#038;edm=ANo9K5cEAAAA&#038;_nc_gid=esjSUDBMJZiIsAGiXnqvNw&#038;_nc_tpa=Q5bMBQJgcpOHZLvaHryQkN0aTtVp4HhiM-YRprvgZDqHugNFJqWlhN9PVEb5DR1PwQKiprQZKHOflDfWrw&#038;oh=00_AQLp14Zkrlf24Fvyr5hB3fQ9TLPH8I6eHgLGIL1Wa5Cq9w&#038;oe=6AA1824F\"\n\t\t\tdata-img-src-set=\"{&quot;d&quot;:&quot;https:\\\/\\\/scontent-eze1-1.cdninstagram.com\\\/v\\\/t51.82787-15\\\/792748693_18190086433405284_1364971284185472741_n.jpg?stp=dst-jpg_e35_tt6&amp;_nc_cat=111&amp;ig_cache_key=Mzk3ODEzMzYyNjQ0MDE1NDI4Mw%3D%3D.3-ccb7-5&amp;ccb=7-5&amp;_nc_sid=a54f6b&amp;efg=eyJlZmdfdGFnIjoiYmVzdF9pbWFnZV91cmxnZW4uQ0xJUFMuQzMifQ%3D%3D&amp;_nc_ohc=iKR75hjvvxIQ7kNvwHLTB3N&amp;_nc_oc=Adr4R4dsLSWHrG8cev1Tc5TmwqP1u4SJ3FQJIZvr_jxhWMTYlB2WED9lDTAnSKVDMgDV2CqB88PWJEL2BuTCKG3m&amp;_nc_zt=23&amp;_nc_ht=scontent-eze1-1.cdninstagram.com&amp;edm=ANo9K5cEAAAA&amp;_nc_gid=esjSUDBMJZiIsAGiXnqvNw&amp;_nc_tpa=Q5bMBQJgcpOHZLvaHryQkN0aTtVp4HhiM-YRprvgZDqHugNFJqWlhN9PVEb5DR1PwQKiprQZKHOflDfWrw&amp;oh=00_AQLp14Zkrlf24Fvyr5hB3fQ9TLPH8I6eHgLGIL1Wa5Cq9w&amp;oe=6AA1824F&quot;,&quot;150&quot;:&quot;https:\\\/\\\/scontent-eze1-1.cdninstagram.com\\\/v\\\/t51.82787-15\\\/792748693_18190086433405284_1364971284185472741_n.jpg?stp=dst-jpg_e35_tt6&amp;_nc_cat=111&amp;ig_cache_key=Mzk3ODEzMzYyNjQ0MDE1NDI4Mw%3D%3D.3-ccb7-5&amp;ccb=7-5&amp;_nc_sid=a54f6b&amp;efg=eyJlZmdfdGFnIjoiYmVzdF9pbWFnZV91cmxnZW4uQ0xJUFMuQzMifQ%3D%3D&amp;_nc_ohc=iKR75hjvvxIQ7kNvwHLTB3N&amp;_nc_oc=Adr4R4dsLSWHrG8cev1Tc5TmwqP1u4SJ3FQJIZvr_jxhWMTYlB2WED9lDTAnSKVDMgDV2CqB88PWJEL2BuTCKG3m&amp;_nc_zt=23&amp;_nc_ht=scontent-eze1-1.cdninstagram.com&amp;edm=ANo9K5cEAAAA&amp;_nc_gid=esjSUDBMJZiIsAGiXnqvNw&amp;_nc_tpa=Q5bMBQJgcpOHZLvaHryQkN0aTtVp4HhiM-YRprvgZDqHugNFJqWlhN9PVEb5DR1PwQKiprQZKHOflDfWrw&amp;oh=00_AQLp14Zkrlf24Fvyr5hB3fQ9TLPH8I6eHgLGIL1Wa5Cq9w&amp;oe=6AA1824F&quot;,&quot;320&quot;:&quot;https:\\\/\\\/scontent-eze1-1.cdninstagram.com\\\/v\\\/t51.82787-15\\\/792748693_18190086433405284_1364971284185472741_n.jpg?stp=dst-jpg_e35_tt6&amp;_nc_cat=111&amp;ig_cache_key=Mzk3ODEzMzYyNjQ0MDE1NDI4Mw%3D%3D.3-ccb7-5&amp;ccb=7-5&amp;_nc_sid=a54f6b&amp;efg=eyJlZmdfdGFnIjoiYmVzdF9pbWFnZV91cmxnZW4uQ0xJUFMuQzMifQ%3D%3D&amp;_nc_ohc=iKR75hjvvxIQ7kNvwHLTB3N&amp;_nc_oc=Adr4R4dsLSWHrG8cev1Tc5TmwqP1u4SJ3FQJIZvr_jxhWMTYlB2WED9lDTAnSKVDMgDV2CqB88PWJEL2BuTCKG3m&amp;_nc_zt=23&amp;_nc_ht=scontent-eze1-1.cdninstagram.com&amp;edm=ANo9K5cEAAAA&amp;_nc_gid=esjSUDBMJZiIsAGiXnqvNw&amp;_nc_tpa=Q5bMBQJgcpOHZLvaHryQkN0aTtVp4HhiM-YRprvgZDqHugNFJqWlhN9PVEb5DR1PwQKiprQZKHOflDfWrw&amp;oh=00_AQLp14Zkrlf24Fvyr5hB3fQ9TLPH8I6eHgLGIL1Wa5Cq9w&amp;oe=6AA1824F&quot;,&quot;640&quot;:&quot;https:\\\/\\\/scontent-eze1-1.cdninstagram.com\\\/v\\\/t51.82787-15\\\/792748693_18190086433405284_1364971284185472741_n.jpg?stp=dst-jpg_e35_tt6&amp;_nc_cat=111&amp;ig_cache_key=Mzk3ODEzMzYyNjQ0MDE1NDI4Mw%3D%3D.3-ccb7-5&amp;ccb=7-5&amp;_nc_sid=a54f6b&amp;efg=eyJlZmdfdGFnIjoiYmVzdF9pbWFnZV91cmxnZW4uQ0xJUFMuQzMifQ%3D%3D&amp;_nc_ohc=iKR75hjvvxIQ7kNvwHLTB3N&amp;_nc_oc=Adr4R4dsLSWHrG8cev1Tc5TmwqP1u4SJ3FQJIZvr_jxhWMTYlB2WED9lDTAnSKVDMgDV2CqB88PWJEL2BuTCKG3m&amp;_nc_zt=23&amp;_nc_ht=scontent-eze1-1.cdninstagram.com&amp;edm=ANo9K5cEAAAA&amp;_nc_gid=esjSUDBMJZiIsAGiXnqvNw&amp;_nc_tpa=Q5bMBQJgcpOHZLvaHryQkN0aTtVp4HhiM-YRprvgZDqHugNFJqWlhN9PVEb5DR1PwQKiprQZKHOflDfWrw&amp;oh=00_AQLp14Zkrlf24Fvyr5hB3fQ9TLPH8I6eHgLGIL1Wa5Cq9w&amp;oe=6AA1824F&quot;}\">\n\t\t\t<span class=\"sbi-screenreader\">@bolicrok cuenta su experienca en Villa Mar\u00eda Expo<\/span>\n\t\t\t\t\t\t<svg style=\"color: rgba(255,255,255,1)\" class=\"svg-inline--fa fa-play fa-w-14 sbi_playbtn\" aria-label=\"Play\" aria-hidden=\"true\" data-fa-processed=\"\" data-prefix=\"fa\" data-icon=\"play\" role=\"presentation\" xmlns=\"http:\/\/www.w3.org\/2000\/svg\" viewBox=\"0 0 448 512\"><path fill=\"currentColor\" d=\"M424.4 214.7L72.4 6.6C43.8-10.3 0 6.1 0 47.9V464c0 37.5 40.7 60.1 72.4 41.3l352-208c31.4-18.5 31.5-64.1 0-82.6z\"><\/path><\/svg>\t\t\t<img data-recalc-dims=\"1\" decoding=\"async\" src=\"https:\/\/i0.wp.com\/aerca.org.ar\/asociacion-empresarios\/wp-content\/plugins\/instagram-feed\/img\/placeholder.png?w=800&#038;ssl=1\" alt=\"@bolicrok cuenta su experienca en Villa Mar\u00eda Exporta \ud83c\udf0e\n\n\ud83d\udc65 In\u00e9s y Gabriela, representantes de la empresa, comentan la importancia de las reuniones B2B durante el encuentro, c\u00f3mo la interacci\u00f3n con importadores llev\u00f3 a modificar procesos y su exportaci\u00f3n a EEUU. \n\n\u23ef\ufe0f Mir\u00e1 el testimonio completo en nuestro canal de YouTube. \ud83d\udc49\ud83c\udffc Link en la bio\n\n\ud83d\udccd Del 9 al 11 de septiembre organizamos la edici\u00f3n 2026.\n\ud83d\udcdd Inscripciones abiertas hasta el viernes 4 de septiembre.\" aria-hidden=\"true\">\n\t\t<\/a>\n\t<\/div>\n<\/div><div class=\"sbi_item sbi_type_video sbi_new sbi_transition\" role=\"listitem\"\n\tid=\"sbi_18111319847047463\" data-date=\"1788033935\">\n\t<div class=\"sbi_photo_wrap\">\n\t\t<a class=\"sbi_photo\" href=\"https:\/\/www.instagram.com\/reel\/DcowYbIBSSJ\/\" target=\"_blank\" rel=\"noopener nofollow\"\n\t\t\tdata-full-res=\"https:\/\/scontent-eze1-1.cdninstagram.com\/v\/t51.82787-15\/789489012_18189556054405284_6572645290786921654_n.jpg?stp=dst-jpg_e35_tt6&#038;_nc_cat=102&#038;ig_cache_key=Mzk3NDYzOTQ1NTc4MDAyMTM4NQ%3D%3D.3-ccb7-5&#038;ccb=7-5&#038;_nc_sid=a54f6b&#038;efg=eyJlZmdfdGFnIjoiYmVzdF9pbWFnZV91cmxnZW4uQ0xJUFMuQzMifQ%3D%3D&#038;_nc_ohc=eJVYrO9ahqkQ7kNvwH1NLUr&#038;_nc_oc=AdoFPj-mYwbITjJTbwNOTO8m6-fR5lgV0Fd5cwr8TeJXtJnRgrOwx2Zkmrz43u_JwAVpwmvsyWM2HSqd0KkR8U-8&#038;_nc_zt=23&#038;_nc_ht=scontent-eze1-1.cdninstagram.com&#038;edm=ANo9K5cEAAAA&#038;_nc_gid=esjSUDBMJZiIsAGiXnqvNw&#038;_nc_tpa=Q5bMBQIoAPc-LpWW8YQWgHhlP-1NMqDOsiC4svnfPxeaaYSmk_AJ1ps66Okb3mNPQzU-0BCpZP-zDCW3_A&#038;oh=00_AQLXao_FYz6ZtMaNBqHOyAmhEOgXMmBXaZsDbPQaY_eDxg&#038;oe=6AA1ADE7\"\n\t\t\tdata-img-src-set=\"{&quot;d&quot;:&quot;https:\\\/\\\/scontent-eze1-1.cdninstagram.com\\\/v\\\/t51.82787-15\\\/789489012_18189556054405284_6572645290786921654_n.jpg?stp=dst-jpg_e35_tt6&amp;_nc_cat=102&amp;ig_cache_key=Mzk3NDYzOTQ1NTc4MDAyMTM4NQ%3D%3D.3-ccb7-5&amp;ccb=7-5&amp;_nc_sid=a54f6b&amp;efg=eyJlZmdfdGFnIjoiYmVzdF9pbWFnZV91cmxnZW4uQ0xJUFMuQzMifQ%3D%3D&amp;_nc_ohc=eJVYrO9ahqkQ7kNvwH1NLUr&amp;_nc_oc=AdoFPj-mYwbITjJTbwNOTO8m6-fR5lgV0Fd5cwr8TeJXtJnRgrOwx2Zkmrz43u_JwAVpwmvsyWM2HSqd0KkR8U-8&amp;_nc_zt=23&amp;_nc_ht=scontent-eze1-1.cdninstagram.com&amp;edm=ANo9K5cEAAAA&amp;_nc_gid=esjSUDBMJZiIsAGiXnqvNw&amp;_nc_tpa=Q5bMBQIoAPc-LpWW8YQWgHhlP-1NMqDOsiC4svnfPxeaaYSmk_AJ1ps66Okb3mNPQzU-0BCpZP-zDCW3_A&amp;oh=00_AQLXao_FYz6ZtMaNBqHOyAmhEOgXMmBXaZsDbPQaY_eDxg&amp;oe=6AA1ADE7&quot;,&quot;150&quot;:&quot;https:\\\/\\\/scontent-eze1-1.cdninstagram.com\\\/v\\\/t51.82787-15\\\/789489012_18189556054405284_6572645290786921654_n.jpg?stp=dst-jpg_e35_tt6&amp;_nc_cat=102&amp;ig_cache_key=Mzk3NDYzOTQ1NTc4MDAyMTM4NQ%3D%3D.3-ccb7-5&amp;ccb=7-5&amp;_nc_sid=a54f6b&amp;efg=eyJlZmdfdGFnIjoiYmVzdF9pbWFnZV91cmxnZW4uQ0xJUFMuQzMifQ%3D%3D&amp;_nc_ohc=eJVYrO9ahqkQ7kNvwH1NLUr&amp;_nc_oc=AdoFPj-mYwbITjJTbwNOTO8m6-fR5lgV0Fd5cwr8TeJXtJnRgrOwx2Zkmrz43u_JwAVpwmvsyWM2HSqd0KkR8U-8&amp;_nc_zt=23&amp;_nc_ht=scontent-eze1-1.cdninstagram.com&amp;edm=ANo9K5cEAAAA&amp;_nc_gid=esjSUDBMJZiIsAGiXnqvNw&amp;_nc_tpa=Q5bMBQIoAPc-LpWW8YQWgHhlP-1NMqDOsiC4svnfPxeaaYSmk_AJ1ps66Okb3mNPQzU-0BCpZP-zDCW3_A&amp;oh=00_AQLXao_FYz6ZtMaNBqHOyAmhEOgXMmBXaZsDbPQaY_eDxg&amp;oe=6AA1ADE7&quot;,&quot;320&quot;:&quot;https:\\\/\\\/scontent-eze1-1.cdninstagram.com\\\/v\\\/t51.82787-15\\\/789489012_18189556054405284_6572645290786921654_n.jpg?stp=dst-jpg_e35_tt6&amp;_nc_cat=102&amp;ig_cache_key=Mzk3NDYzOTQ1NTc4MDAyMTM4NQ%3D%3D.3-ccb7-5&amp;ccb=7-5&amp;_nc_sid=a54f6b&amp;efg=eyJlZmdfdGFnIjoiYmVzdF9pbWFnZV91cmxnZW4uQ0xJUFMuQzMifQ%3D%3D&amp;_nc_ohc=eJVYrO9ahqkQ7kNvwH1NLUr&amp;_nc_oc=AdoFPj-mYwbITjJTbwNOTO8m6-fR5lgV0Fd5cwr8TeJXtJnRgrOwx2Zkmrz43u_JwAVpwmvsyWM2HSqd0KkR8U-8&amp;_nc_zt=23&amp;_nc_ht=scontent-eze1-1.cdninstagram.com&amp;edm=ANo9K5cEAAAA&amp;_nc_gid=esjSUDBMJZiIsAGiXnqvNw&amp;_nc_tpa=Q5bMBQIoAPc-LpWW8YQWgHhlP-1NMqDOsiC4svnfPxeaaYSmk_AJ1ps66Okb3mNPQzU-0BCpZP-zDCW3_A&amp;oh=00_AQLXao_FYz6ZtMaNBqHOyAmhEOgXMmBXaZsDbPQaY_eDxg&amp;oe=6AA1ADE7&quot;,&quot;640&quot;:&quot;https:\\\/\\\/scontent-eze1-1.cdninstagram.com\\\/v\\\/t51.82787-15\\\/789489012_18189556054405284_6572645290786921654_n.jpg?stp=dst-jpg_e35_tt6&amp;_nc_cat=102&amp;ig_cache_key=Mzk3NDYzOTQ1NTc4MDAyMTM4NQ%3D%3D.3-ccb7-5&amp;ccb=7-5&amp;_nc_sid=a54f6b&amp;efg=eyJlZmdfdGFnIjoiYmVzdF9pbWFnZV91cmxnZW4uQ0xJUFMuQzMifQ%3D%3D&amp;_nc_ohc=eJVYrO9ahqkQ7kNvwH1NLUr&amp;_nc_oc=AdoFPj-mYwbITjJTbwNOTO8m6-fR5lgV0Fd5cwr8TeJXtJnRgrOwx2Zkmrz43u_JwAVpwmvsyWM2HSqd0KkR8U-8&amp;_nc_zt=23&amp;_nc_ht=scontent-eze1-1.cdninstagram.com&amp;edm=ANo9K5cEAAAA&amp;_nc_gid=esjSUDBMJZiIsAGiXnqvNw&amp;_nc_tpa=Q5bMBQIoAPc-LpWW8YQWgHhlP-1NMqDOsiC4svnfPxeaaYSmk_AJ1ps66Okb3mNPQzU-0BCpZP-zDCW3_A&amp;oh=00_AQLXao_FYz6ZtMaNBqHOyAmhEOgXMmBXaZsDbPQaY_eDxg&amp;oe=6AA1ADE7&quot;}\">\n\t\t\t<span class=\"sbi-screenreader\">\ud83d\uddd3\ufe0f Agenda AERCA \ud83d\uddd3\ufe0f  Un nuevo repaso por las accion<\/span>\n\t\t\t\t\t\t<svg style=\"color: rgba(255,255,255,1)\" class=\"svg-inline--fa fa-play fa-w-14 sbi_playbtn\" aria-label=\"Play\" aria-hidden=\"true\" data-fa-processed=\"\" data-prefix=\"fa\" data-icon=\"play\" role=\"presentation\" xmlns=\"http:\/\/www.w3.org\/2000\/svg\" viewBox=\"0 0 448 512\"><path fill=\"currentColor\" d=\"M424.4 214.7L72.4 6.6C43.8-10.3 0 6.1 0 47.9V464c0 37.5 40.7 60.1 72.4 41.3l352-208c31.4-18.5 31.5-64.1 0-82.6z\"><\/path><\/svg>\t\t\t<img data-recalc-dims=\"1\" decoding=\"async\" src=\"https:\/\/i0.wp.com\/aerca.org.ar\/asociacion-empresarios\/wp-content\/plugins\/instagram-feed\/img\/placeholder.png?w=800&#038;ssl=1\" alt=\"\ud83d\uddd3\ufe0f Agenda AERCA \ud83d\uddd3\ufe0f\n\nUn nuevo repaso por las acciones y actividades que la entidad lleva adelante para acompa\u00f1ar y potenciar el entramado productivo local y regional.\n\n\ud83d\udd17 Para asegurar tu lugar en los pr\u00f3ximos eventos, ingres\u00e1 al link de nuestra biograf\u00eda o visit\u00e1 aerca.org.ar.\n\n#AERCA #VillaMaria #AgendaAERCA\" aria-hidden=\"true\">\n\t\t<\/a>\n\t<\/div>\n<\/div><div class=\"sbi_item sbi_type_carousel sbi_new sbi_transition\" role=\"listitem\"\n\tid=\"sbi_17921061495423392\" data-date=\"1787601574\">\n\t<div class=\"sbi_photo_wrap\">\n\t\t<a class=\"sbi_photo\" href=\"https:\/\/www.instagram.com\/p\/Dcb3qBflVP8\/\" target=\"_blank\" rel=\"noopener nofollow\"\n\t\t\tdata-full-res=\"https:\/\/scontent-eze1-1.cdninstagram.com\/v\/t51.82787-15\/783685837_18189000448405284_8665132250984612569_n.heic?stp=dst-jpg_e35_tt6&#038;_nc_cat=111&#038;ig_cache_key=Mzk3MTAxMTQ5MDM3MDE1NzQzMA%3D%3D.3-ccb7-5&#038;ccb=7-5&#038;_nc_sid=a54f6b&#038;efg=eyJlZmdfdGFnIjoiYmVzdF9pbWFnZV91cmxnZW4uQ0FST1VTRUxfSVRFTS5DMyJ9&#038;_nc_ohc=XJHWQcLQJDYQ7kNvwGQ6LIC&#038;_nc_oc=AdqoBIh1BY-eOPomY9gh8UzNRZsHAbGhVW6hE0z-ahUGdeazdnv77ZcG53RKFL_16_zqg-ovrrjVLHFNgdKdIT-G&#038;_nc_zt=23&#038;_nc_ht=scontent-eze1-1.cdninstagram.com&#038;edm=ANo9K5cEAAAA&#038;_nc_gid=esjSUDBMJZiIsAGiXnqvNw&#038;_nc_tpa=Q5bMBQIL4orH_7WUz8cafgZqjS-BJIWcFZ_DA5pYPjX5hec7Z4JafxyFF1wWhbdSK5hmFYYGuYrcbvmFfQ&#038;oh=00_AQLgBk_L4PTgilK30vPjb7EejSX0uN3-MhM4TMi4WShtyg&#038;oe=6AA187B8\"\n\t\t\tdata-img-src-set=\"{&quot;d&quot;:&quot;https:\\\/\\\/scontent-eze1-1.cdninstagram.com\\\/v\\\/t51.82787-15\\\/783685837_18189000448405284_8665132250984612569_n.heic?stp=dst-jpg_e35_tt6&amp;_nc_cat=111&amp;ig_cache_key=Mzk3MTAxMTQ5MDM3MDE1NzQzMA%3D%3D.3-ccb7-5&amp;ccb=7-5&amp;_nc_sid=a54f6b&amp;efg=eyJlZmdfdGFnIjoiYmVzdF9pbWFnZV91cmxnZW4uQ0FST1VTRUxfSVRFTS5DMyJ9&amp;_nc_ohc=XJHWQcLQJDYQ7kNvwGQ6LIC&amp;_nc_oc=AdqoBIh1BY-eOPomY9gh8UzNRZsHAbGhVW6hE0z-ahUGdeazdnv77ZcG53RKFL_16_zqg-ovrrjVLHFNgdKdIT-G&amp;_nc_zt=23&amp;_nc_ht=scontent-eze1-1.cdninstagram.com&amp;edm=ANo9K5cEAAAA&amp;_nc_gid=esjSUDBMJZiIsAGiXnqvNw&amp;_nc_tpa=Q5bMBQIL4orH_7WUz8cafgZqjS-BJIWcFZ_DA5pYPjX5hec7Z4JafxyFF1wWhbdSK5hmFYYGuYrcbvmFfQ&amp;oh=00_AQLgBk_L4PTgilK30vPjb7EejSX0uN3-MhM4TMi4WShtyg&amp;oe=6AA187B8&quot;,&quot;150&quot;:&quot;https:\\\/\\\/scontent-eze1-1.cdninstagram.com\\\/v\\\/t51.82787-15\\\/783685837_18189000448405284_8665132250984612569_n.heic?stp=dst-jpg_e35_tt6&amp;_nc_cat=111&amp;ig_cache_key=Mzk3MTAxMTQ5MDM3MDE1NzQzMA%3D%3D.3-ccb7-5&amp;ccb=7-5&amp;_nc_sid=a54f6b&amp;efg=eyJlZmdfdGFnIjoiYmVzdF9pbWFnZV91cmxnZW4uQ0FST1VTRUxfSVRFTS5DMyJ9&amp;_nc_ohc=XJHWQcLQJDYQ7kNvwGQ6LIC&amp;_nc_oc=AdqoBIh1BY-eOPomY9gh8UzNRZsHAbGhVW6hE0z-ahUGdeazdnv77ZcG53RKFL_16_zqg-ovrrjVLHFNgdKdIT-G&amp;_nc_zt=23&amp;_nc_ht=scontent-eze1-1.cdninstagram.com&amp;edm=ANo9K5cEAAAA&amp;_nc_gid=esjSUDBMJZiIsAGiXnqvNw&amp;_nc_tpa=Q5bMBQIL4orH_7WUz8cafgZqjS-BJIWcFZ_DA5pYPjX5hec7Z4JafxyFF1wWhbdSK5hmFYYGuYrcbvmFfQ&amp;oh=00_AQLgBk_L4PTgilK30vPjb7EejSX0uN3-MhM4TMi4WShtyg&amp;oe=6AA187B8&quot;,&quot;320&quot;:&quot;https:\\\/\\\/scontent-eze1-1.cdninstagram.com\\\/v\\\/t51.82787-15\\\/783685837_18189000448405284_8665132250984612569_n.heic?stp=dst-jpg_e35_tt6&amp;_nc_cat=111&amp;ig_cache_key=Mzk3MTAxMTQ5MDM3MDE1NzQzMA%3D%3D.3-ccb7-5&amp;ccb=7-5&amp;_nc_sid=a54f6b&amp;efg=eyJlZmdfdGFnIjoiYmVzdF9pbWFnZV91cmxnZW4uQ0FST1VTRUxfSVRFTS5DMyJ9&amp;_nc_ohc=XJHWQcLQJDYQ7kNvwGQ6LIC&amp;_nc_oc=AdqoBIh1BY-eOPomY9gh8UzNRZsHAbGhVW6hE0z-ahUGdeazdnv77ZcG53RKFL_16_zqg-ovrrjVLHFNgdKdIT-G&amp;_nc_zt=23&amp;_nc_ht=scontent-eze1-1.cdninstagram.com&amp;edm=ANo9K5cEAAAA&amp;_nc_gid=esjSUDBMJZiIsAGiXnqvNw&amp;_nc_tpa=Q5bMBQIL4orH_7WUz8cafgZqjS-BJIWcFZ_DA5pYPjX5hec7Z4JafxyFF1wWhbdSK5hmFYYGuYrcbvmFfQ&amp;oh=00_AQLgBk_L4PTgilK30vPjb7EejSX0uN3-MhM4TMi4WShtyg&amp;oe=6AA187B8&quot;,&quot;640&quot;:&quot;https:\\\/\\\/scontent-eze1-1.cdninstagram.com\\\/v\\\/t51.82787-15\\\/783685837_18189000448405284_8665132250984612569_n.heic?stp=dst-jpg_e35_tt6&amp;_nc_cat=111&amp;ig_cache_key=Mzk3MTAxMTQ5MDM3MDE1NzQzMA%3D%3D.3-ccb7-5&amp;ccb=7-5&amp;_nc_sid=a54f6b&amp;efg=eyJlZmdfdGFnIjoiYmVzdF9pbWFnZV91cmxnZW4uQ0FST1VTRUxfSVRFTS5DMyJ9&amp;_nc_ohc=XJHWQcLQJDYQ7kNvwGQ6LIC&amp;_nc_oc=AdqoBIh1BY-eOPomY9gh8UzNRZsHAbGhVW6hE0z-ahUGdeazdnv77ZcG53RKFL_16_zqg-ovrrjVLHFNgdKdIT-G&amp;_nc_zt=23&amp;_nc_ht=scontent-eze1-1.cdninstagram.com&amp;edm=ANo9K5cEAAAA&amp;_nc_gid=esjSUDBMJZiIsAGiXnqvNw&amp;_nc_tpa=Q5bMBQIL4orH_7WUz8cafgZqjS-BJIWcFZ_DA5pYPjX5hec7Z4JafxyFF1wWhbdSK5hmFYYGuYrcbvmFfQ&amp;oh=00_AQLgBk_L4PTgilK30vPjb7EejSX0uN3-MhM4TMi4WShtyg&amp;oe=6AA187B8&quot;}\">\n\t\t\t<span class=\"sbi-screenreader\">Conoc\u00e9 qu\u00e9 buscan los operadores internacionales e<\/span>\n\t\t\t<svg class=\"svg-inline--fa fa-clone fa-w-16 sbi_lightbox_carousel_icon\" aria-hidden=\"true\" aria-label=\"Clone\" data-fa-pro\u0192cessed=\"\" data-prefix=\"far\" data-icon=\"clone\" role=\"img\" xmlns=\"http:\/\/www.w3.org\/2000\/svg\" viewBox=\"0 0 512 512\">\n                    <path fill=\"currentColor\" d=\"M464 0H144c-26.51 0-48 21.49-48 48v48H48c-26.51 0-48 21.49-48 48v320c0 26.51 21.49 48 48 48h320c26.51 0 48-21.49 48-48v-48h48c26.51 0 48-21.49 48-48V48c0-26.51-21.49-48-48-48zM362 464H54a6 6 0 0 1-6-6V150a6 6 0 0 1 6-6h42v224c0 26.51 21.49 48 48 48h224v42a6 6 0 0 1-6 6zm96-96H150a6 6 0 0 1-6-6V54a6 6 0 0 1 6-6h308a6 6 0 0 1 6 6v308a6 6 0 0 1-6 6z\"><\/path>\n                <\/svg>\t\t\t\t\t\t<img data-recalc-dims=\"1\" decoding=\"async\" src=\"https:\/\/i0.wp.com\/aerca.org.ar\/asociacion-empresarios\/wp-content\/plugins\/instagram-feed\/img\/placeholder.png?w=800&#038;ssl=1\" alt=\"Conoc\u00e9 qu\u00e9 buscan los operadores internacionales en la 22\u00b0 edici\u00f3n de Villa Mar\u00eda Exporta \ud83c\udf0e\n\nTras m\u00e1s de 20 a\u00f1os impulsando el comercio exterior en la regi\u00f3n, esta nueva ronda de negocios conectar\u00e1 a las empresas locales con 13 compradores provenientes de 9 mercados estrat\u00e9gicos:\n\n\ud83c\udde7\ud83c\uddf7 \ud83c\udde8\ud83c\uddf1 \ud83c\uddea\ud83c\udde8 \ud83c\uddea\ud83c\uddf8 \ud83c\uddfa\ud83c\uddf8 \ud83c\uddf3\ud83c\uddf4 \ud83c\uddf5\ud83c\uddfe \ud83c\uddf5\ud83c\uddea \ud83c\uddfa\ud83c\uddfe\n\n\u27a1\ufe0f Desliz\u00e1 las im\u00e1genes para conocer la demanda de productos concreta por parte de cada pa\u00eds \ud83e\udef1\ud83c\udffc\u200d\ud83e\udef2\ud83c\udffd\n\n\ud83d\udccc Las inscripciones contin\u00faan abiertas. Asegur\u00e1 tu participaci\u00f3n ingresando al enlace en nuestra biograf\u00eda.\n\n#VillaMariaExporta #ComercioExterior Agroalimentos RondaDeNegocios DesarrolloProductivo\" aria-hidden=\"true\">\n\t\t<\/a>\n\t<\/div>\n<\/div><div class=\"sbi_item sbi_type_video sbi_new sbi_transition\" role=\"listitem\"\n\tid=\"sbi_18079631702694786\" data-date=\"1787436979\">\n\t<div class=\"sbi_photo_wrap\">\n\t\t<a class=\"sbi_photo\" href=\"https:\/\/www.instagram.com\/reel\/DcW9nn1ASdV\/\" target=\"_blank\" rel=\"noopener nofollow\"\n\t\t\tdata-full-res=\"https:\/\/scontent-eze1-1.cdninstagram.com\/v\/t51.82787-15\/782413019_18188790451405284_5627381960327211133_n.jpg?stp=dst-jpg_e35_tt6&#038;_nc_cat=111&#038;ig_cache_key=Mzk2OTYzMTEyNTIzNTY0MDE0OQ%3D%3D.3-ccb7-5&#038;ccb=7-5&#038;_nc_sid=a54f6b&#038;efg=eyJlZmdfdGFnIjoiYmVzdF9pbWFnZV91cmxnZW4uQ0xJUFMuQzMifQ%3D%3D&#038;_nc_ohc=ir9vec0oNNcQ7kNvwHtHKwI&#038;_nc_oc=AdpgHaCLi6XpG5FIVX8lPHLfw7a9K5ODISe7P31ChLlEQfAX45rcPByKbx8FxkHZF_9gvqsJAfYBLWOS4OAOvd-Q&#038;_nc_zt=23&#038;_nc_ht=scontent-eze1-1.cdninstagram.com&#038;edm=ANo9K5cEAAAA&#038;_nc_gid=esjSUDBMJZiIsAGiXnqvNw&#038;_nc_tpa=Q5bMBQINHVYsBAzfJlLSPC7ssQ9y4HIaEJwk6JUrWgZVplcQakmVEXOCebsVy4wKU4tMDD6bpN0U7LfD_g&#038;oh=00_AQJqkFkKnTMibPwD8KiJbitisdut1LQSxIqTBL7dZzp0dQ&#038;oe=6AA1A33D\"\n\t\t\tdata-img-src-set=\"{&quot;d&quot;:&quot;https:\\\/\\\/scontent-eze1-1.cdninstagram.com\\\/v\\\/t51.82787-15\\\/782413019_18188790451405284_5627381960327211133_n.jpg?stp=dst-jpg_e35_tt6&amp;_nc_cat=111&amp;ig_cache_key=Mzk2OTYzMTEyNTIzNTY0MDE0OQ%3D%3D.3-ccb7-5&amp;ccb=7-5&amp;_nc_sid=a54f6b&amp;efg=eyJlZmdfdGFnIjoiYmVzdF9pbWFnZV91cmxnZW4uQ0xJUFMuQzMifQ%3D%3D&amp;_nc_ohc=ir9vec0oNNcQ7kNvwHtHKwI&amp;_nc_oc=AdpgHaCLi6XpG5FIVX8lPHLfw7a9K5ODISe7P31ChLlEQfAX45rcPByKbx8FxkHZF_9gvqsJAfYBLWOS4OAOvd-Q&amp;_nc_zt=23&amp;_nc_ht=scontent-eze1-1.cdninstagram.com&amp;edm=ANo9K5cEAAAA&amp;_nc_gid=esjSUDBMJZiIsAGiXnqvNw&amp;_nc_tpa=Q5bMBQINHVYsBAzfJlLSPC7ssQ9y4HIaEJwk6JUrWgZVplcQakmVEXOCebsVy4wKU4tMDD6bpN0U7LfD_g&amp;oh=00_AQJqkFkKnTMibPwD8KiJbitisdut1LQSxIqTBL7dZzp0dQ&amp;oe=6AA1A33D&quot;,&quot;150&quot;:&quot;https:\\\/\\\/scontent-eze1-1.cdninstagram.com\\\/v\\\/t51.82787-15\\\/782413019_18188790451405284_5627381960327211133_n.jpg?stp=dst-jpg_e35_tt6&amp;_nc_cat=111&amp;ig_cache_key=Mzk2OTYzMTEyNTIzNTY0MDE0OQ%3D%3D.3-ccb7-5&amp;ccb=7-5&amp;_nc_sid=a54f6b&amp;efg=eyJlZmdfdGFnIjoiYmVzdF9pbWFnZV91cmxnZW4uQ0xJUFMuQzMifQ%3D%3D&amp;_nc_ohc=ir9vec0oNNcQ7kNvwHtHKwI&amp;_nc_oc=AdpgHaCLi6XpG5FIVX8lPHLfw7a9K5ODISe7P31ChLlEQfAX45rcPByKbx8FxkHZF_9gvqsJAfYBLWOS4OAOvd-Q&amp;_nc_zt=23&amp;_nc_ht=scontent-eze1-1.cdninstagram.com&amp;edm=ANo9K5cEAAAA&amp;_nc_gid=esjSUDBMJZiIsAGiXnqvNw&amp;_nc_tpa=Q5bMBQINHVYsBAzfJlLSPC7ssQ9y4HIaEJwk6JUrWgZVplcQakmVEXOCebsVy4wKU4tMDD6bpN0U7LfD_g&amp;oh=00_AQJqkFkKnTMibPwD8KiJbitisdut1LQSxIqTBL7dZzp0dQ&amp;oe=6AA1A33D&quot;,&quot;320&quot;:&quot;https:\\\/\\\/scontent-eze1-1.cdninstagram.com\\\/v\\\/t51.82787-15\\\/782413019_18188790451405284_5627381960327211133_n.jpg?stp=dst-jpg_e35_tt6&amp;_nc_cat=111&amp;ig_cache_key=Mzk2OTYzMTEyNTIzNTY0MDE0OQ%3D%3D.3-ccb7-5&amp;ccb=7-5&amp;_nc_sid=a54f6b&amp;efg=eyJlZmdfdGFnIjoiYmVzdF9pbWFnZV91cmxnZW4uQ0xJUFMuQzMifQ%3D%3D&amp;_nc_ohc=ir9vec0oNNcQ7kNvwHtHKwI&amp;_nc_oc=AdpgHaCLi6XpG5FIVX8lPHLfw7a9K5ODISe7P31ChLlEQfAX45rcPByKbx8FxkHZF_9gvqsJAfYBLWOS4OAOvd-Q&amp;_nc_zt=23&amp;_nc_ht=scontent-eze1-1.cdninstagram.com&amp;edm=ANo9K5cEAAAA&amp;_nc_gid=esjSUDBMJZiIsAGiXnqvNw&amp;_nc_tpa=Q5bMBQINHVYsBAzfJlLSPC7ssQ9y4HIaEJwk6JUrWgZVplcQakmVEXOCebsVy4wKU4tMDD6bpN0U7LfD_g&amp;oh=00_AQJqkFkKnTMibPwD8KiJbitisdut1LQSxIqTBL7dZzp0dQ&amp;oe=6AA1A33D&quot;,&quot;640&quot;:&quot;https:\\\/\\\/scontent-eze1-1.cdninstagram.com\\\/v\\\/t51.82787-15\\\/782413019_18188790451405284_5627381960327211133_n.jpg?stp=dst-jpg_e35_tt6&amp;_nc_cat=111&amp;ig_cache_key=Mzk2OTYzMTEyNTIzNTY0MDE0OQ%3D%3D.3-ccb7-5&amp;ccb=7-5&amp;_nc_sid=a54f6b&amp;efg=eyJlZmdfdGFnIjoiYmVzdF9pbWFnZV91cmxnZW4uQ0xJUFMuQzMifQ%3D%3D&amp;_nc_ohc=ir9vec0oNNcQ7kNvwHtHKwI&amp;_nc_oc=AdpgHaCLi6XpG5FIVX8lPHLfw7a9K5ODISe7P31ChLlEQfAX45rcPByKbx8FxkHZF_9gvqsJAfYBLWOS4OAOvd-Q&amp;_nc_zt=23&amp;_nc_ht=scontent-eze1-1.cdninstagram.com&amp;edm=ANo9K5cEAAAA&amp;_nc_gid=esjSUDBMJZiIsAGiXnqvNw&amp;_nc_tpa=Q5bMBQINHVYsBAzfJlLSPC7ssQ9y4HIaEJwk6JUrWgZVplcQakmVEXOCebsVy4wKU4tMDD6bpN0U7LfD_g&amp;oh=00_AQJqkFkKnTMibPwD8KiJbitisdut1LQSxIqTBL7dZzp0dQ&amp;oe=6AA1A33D&quot;}\">\n\t\t\t<span class=\"sbi-screenreader\">\ud83d\uddd3\ufe0f Agenda AERCA \ud83d\uddd3\ufe0f  Un nuevo repaso por las accion<\/span>\n\t\t\t\t\t\t<svg style=\"color: rgba(255,255,255,1)\" class=\"svg-inline--fa fa-play fa-w-14 sbi_playbtn\" aria-label=\"Play\" aria-hidden=\"true\" data-fa-processed=\"\" data-prefix=\"fa\" data-icon=\"play\" role=\"presentation\" xmlns=\"http:\/\/www.w3.org\/2000\/svg\" viewBox=\"0 0 448 512\"><path fill=\"currentColor\" d=\"M424.4 214.7L72.4 6.6C43.8-10.3 0 6.1 0 47.9V464c0 37.5 40.7 60.1 72.4 41.3l352-208c31.4-18.5 31.5-64.1 0-82.6z\"><\/path><\/svg>\t\t\t<img data-recalc-dims=\"1\" decoding=\"async\" src=\"https:\/\/i0.wp.com\/aerca.org.ar\/asociacion-empresarios\/wp-content\/plugins\/instagram-feed\/img\/placeholder.png?w=800&#038;ssl=1\" alt=\"\ud83d\uddd3\ufe0f Agenda AERCA \ud83d\uddd3\ufe0f\n\nUn nuevo repaso por las acciones y actividades que la entidad lleva adelante para acompa\u00f1ar y potenciar el entramado productivo local y regional.\n\n\ud83d\udd17 Para asegurar tu lugar en los pr\u00f3ximos eventos, ingres\u00e1 al link de nuestra biograf\u00eda o visit\u00e1 aerca.org.ar.\n\n#aerca #villamaria\" aria-hidden=\"true\">\n\t\t<\/a>\n\t<\/div>\n<\/div><div class=\"sbi_item sbi_type_video sbi_new sbi_transition\" role=\"listitem\"\n\tid=\"sbi_17867316993639900\" data-date=\"1787329850\">\n\t<div class=\"sbi_photo_wrap\">\n\t\t<a class=\"sbi_photo\" href=\"https:\/\/www.instagram.com\/reel\/DcTxNX_AWgt\/\" target=\"_blank\" rel=\"noopener nofollow\"\n\t\t\tdata-full-res=\"https:\/\/scontent-eze1-1.cdninstagram.com\/v\/t51.82787-15\/781425503_18188660920405284_4298958402627659977_n.jpg?stp=dst-jpg_e35_tt6&#038;_nc_cat=109&#038;ig_cache_key=Mzk2ODczMjEyMDAyODg5OTM3Mw%3D%3D.3-ccb7-5&#038;ccb=7-5&#038;_nc_sid=a54f6b&#038;efg=eyJlZmdfdGFnIjoiYmVzdF9pbWFnZV91cmxnZW4uQ0xJUFMuQzMifQ%3D%3D&#038;_nc_ohc=y5SRJ1bax90Q7kNvwFlHdF1&#038;_nc_oc=AdpOsZgnFTyyz6BQc_u_dqfIHKeu69duAN1wcxotqFZaOsgjoVRmlUyj-QwZmnbBzvZ5Y7gMQJER2zrt3fV0qLUW&#038;_nc_zt=23&#038;_nc_ht=scontent-eze1-1.cdninstagram.com&#038;edm=ANo9K5cEAAAA&#038;_nc_gid=esjSUDBMJZiIsAGiXnqvNw&#038;_nc_tpa=Q5bMBQIsO1IbDTHBOupxV5egdZRF_bceMvWs6x6QYiDlp6uM0_kmj4zlAUeYqIU0_2H_i3ZiYDLRVhtq6g&#038;oh=00_AQKjSC40m_bxyL2KVUJam7YHGOBm0tFcRYvuKzTDMrlXAQ&#038;oe=6AA1A537\"\n\t\t\tdata-img-src-set=\"{&quot;d&quot;:&quot;https:\\\/\\\/scontent-eze1-1.cdninstagram.com\\\/v\\\/t51.82787-15\\\/781425503_18188660920405284_4298958402627659977_n.jpg?stp=dst-jpg_e35_tt6&amp;_nc_cat=109&amp;ig_cache_key=Mzk2ODczMjEyMDAyODg5OTM3Mw%3D%3D.3-ccb7-5&amp;ccb=7-5&amp;_nc_sid=a54f6b&amp;efg=eyJlZmdfdGFnIjoiYmVzdF9pbWFnZV91cmxnZW4uQ0xJUFMuQzMifQ%3D%3D&amp;_nc_ohc=y5SRJ1bax90Q7kNvwFlHdF1&amp;_nc_oc=AdpOsZgnFTyyz6BQc_u_dqfIHKeu69duAN1wcxotqFZaOsgjoVRmlUyj-QwZmnbBzvZ5Y7gMQJER2zrt3fV0qLUW&amp;_nc_zt=23&amp;_nc_ht=scontent-eze1-1.cdninstagram.com&amp;edm=ANo9K5cEAAAA&amp;_nc_gid=esjSUDBMJZiIsAGiXnqvNw&amp;_nc_tpa=Q5bMBQIsO1IbDTHBOupxV5egdZRF_bceMvWs6x6QYiDlp6uM0_kmj4zlAUeYqIU0_2H_i3ZiYDLRVhtq6g&amp;oh=00_AQKjSC40m_bxyL2KVUJam7YHGOBm0tFcRYvuKzTDMrlXAQ&amp;oe=6AA1A537&quot;,&quot;150&quot;:&quot;https:\\\/\\\/scontent-eze1-1.cdninstagram.com\\\/v\\\/t51.82787-15\\\/781425503_18188660920405284_4298958402627659977_n.jpg?stp=dst-jpg_e35_tt6&amp;_nc_cat=109&amp;ig_cache_key=Mzk2ODczMjEyMDAyODg5OTM3Mw%3D%3D.3-ccb7-5&amp;ccb=7-5&amp;_nc_sid=a54f6b&amp;efg=eyJlZmdfdGFnIjoiYmVzdF9pbWFnZV91cmxnZW4uQ0xJUFMuQzMifQ%3D%3D&amp;_nc_ohc=y5SRJ1bax90Q7kNvwFlHdF1&amp;_nc_oc=AdpOsZgnFTyyz6BQc_u_dqfIHKeu69duAN1wcxotqFZaOsgjoVRmlUyj-QwZmnbBzvZ5Y7gMQJER2zrt3fV0qLUW&amp;_nc_zt=23&amp;_nc_ht=scontent-eze1-1.cdninstagram.com&amp;edm=ANo9K5cEAAAA&amp;_nc_gid=esjSUDBMJZiIsAGiXnqvNw&amp;_nc_tpa=Q5bMBQIsO1IbDTHBOupxV5egdZRF_bceMvWs6x6QYiDlp6uM0_kmj4zlAUeYqIU0_2H_i3ZiYDLRVhtq6g&amp;oh=00_AQKjSC40m_bxyL2KVUJam7YHGOBm0tFcRYvuKzTDMrlXAQ&amp;oe=6AA1A537&quot;,&quot;320&quot;:&quot;https:\\\/\\\/scontent-eze1-1.cdninstagram.com\\\/v\\\/t51.82787-15\\\/781425503_18188660920405284_4298958402627659977_n.jpg?stp=dst-jpg_e35_tt6&amp;_nc_cat=109&amp;ig_cache_key=Mzk2ODczMjEyMDAyODg5OTM3Mw%3D%3D.3-ccb7-5&amp;ccb=7-5&amp;_nc_sid=a54f6b&amp;efg=eyJlZmdfdGFnIjoiYmVzdF9pbWFnZV91cmxnZW4uQ0xJUFMuQzMifQ%3D%3D&amp;_nc_ohc=y5SRJ1bax90Q7kNvwFlHdF1&amp;_nc_oc=AdpOsZgnFTyyz6BQc_u_dqfIHKeu69duAN1wcxotqFZaOsgjoVRmlUyj-QwZmnbBzvZ5Y7gMQJER2zrt3fV0qLUW&amp;_nc_zt=23&amp;_nc_ht=scontent-eze1-1.cdninstagram.com&amp;edm=ANo9K5cEAAAA&amp;_nc_gid=esjSUDBMJZiIsAGiXnqvNw&amp;_nc_tpa=Q5bMBQIsO1IbDTHBOupxV5egdZRF_bceMvWs6x6QYiDlp6uM0_kmj4zlAUeYqIU0_2H_i3ZiYDLRVhtq6g&amp;oh=00_AQKjSC40m_bxyL2KVUJam7YHGOBm0tFcRYvuKzTDMrlXAQ&amp;oe=6AA1A537&quot;,&quot;640&quot;:&quot;https:\\\/\\\/scontent-eze1-1.cdninstagram.com\\\/v\\\/t51.82787-15\\\/781425503_18188660920405284_4298958402627659977_n.jpg?stp=dst-jpg_e35_tt6&amp;_nc_cat=109&amp;ig_cache_key=Mzk2ODczMjEyMDAyODg5OTM3Mw%3D%3D.3-ccb7-5&amp;ccb=7-5&amp;_nc_sid=a54f6b&amp;efg=eyJlZmdfdGFnIjoiYmVzdF9pbWFnZV91cmxnZW4uQ0xJUFMuQzMifQ%3D%3D&amp;_nc_ohc=y5SRJ1bax90Q7kNvwFlHdF1&amp;_nc_oc=AdpOsZgnFTyyz6BQc_u_dqfIHKeu69duAN1wcxotqFZaOsgjoVRmlUyj-QwZmnbBzvZ5Y7gMQJER2zrt3fV0qLUW&amp;_nc_zt=23&amp;_nc_ht=scontent-eze1-1.cdninstagram.com&amp;edm=ANo9K5cEAAAA&amp;_nc_gid=esjSUDBMJZiIsAGiXnqvNw&amp;_nc_tpa=Q5bMBQIsO1IbDTHBOupxV5egdZRF_bceMvWs6x6QYiDlp6uM0_kmj4zlAUeYqIU0_2H_i3ZiYDLRVhtq6g&amp;oh=00_AQKjSC40m_bxyL2KVUJam7YHGOBm0tFcRYvuKzTDMrlXAQ&amp;oe=6AA1A537&quot;}\">\n\t\t\t<span class=\"sbi-screenreader\">\u00a1Nuevas herramientas en la edici\u00f3n 2026 de Villa M<\/span>\n\t\t\t\t\t\t<svg style=\"color: rgba(255,255,255,1)\" class=\"svg-inline--fa fa-play fa-w-14 sbi_playbtn\" aria-label=\"Play\" aria-hidden=\"true\" data-fa-processed=\"\" data-prefix=\"fa\" data-icon=\"play\" role=\"presentation\" xmlns=\"http:\/\/www.w3.org\/2000\/svg\" viewBox=\"0 0 448 512\"><path fill=\"currentColor\" d=\"M424.4 214.7L72.4 6.6C43.8-10.3 0 6.1 0 47.9V464c0 37.5 40.7 60.1 72.4 41.3l352-208c31.4-18.5 31.5-64.1 0-82.6z\"><\/path><\/svg>\t\t\t<img data-recalc-dims=\"1\" decoding=\"async\" src=\"https:\/\/i0.wp.com\/aerca.org.ar\/asociacion-empresarios\/wp-content\/plugins\/instagram-feed\/img\/placeholder.png?w=800&#038;ssl=1\" alt=\"\u00a1Nuevas herramientas en la edici\u00f3n 2026 de Villa Mar\u00eda Exporta! \ud83c\udf0e\n\n\u27a1\ufe0f Del 9 al 11 de septiembre, organizamos una nueva edici\u00f3n de este encuentro estrat\u00e9gico, dise\u00f1ado para vincular la oferta productiva de nuestra regi\u00f3n con los mercados globales \u2708\ufe0f\n\n\ud83d\udccc Este a\u00f1o, el evento incluye: \n\ud83d\udc65 Un sistema de matchmaking digital y cat\u00e1logo interactivo para optimizar el cruce de perfiles comerciales.\n\ud83d\uded2 El \u201cSupermercado de Exportaci\u00f3n\u201d, un espacio de exhibici\u00f3n para la diversidad productiva local.\n\n\ud83e\udef1\ud83c\udffc\u200d\ud83e\udef2\ud83c\udffd Invitamos a las empresas que cuenten con oferta exportable, o que inicien su proceso de inserci\u00f3n internacional, a participar de esta plataforma de expansi\u00f3n comercial. \n\n\ud83d\udccd Villa Mar\u00eda\n\ud83d\udcc5 9 al 11 de septiembre\n\ud83d\udcdd Inscribite en el link que esta en nuestra bio.\n\n#AERCA #VMEXPORTA\" aria-hidden=\"true\">\n\t\t<\/a>\n\t<\/div>\n<\/div><div class=\"sbi_item sbi_type_image sbi_new sbi_transition\" role=\"listitem\"\n\tid=\"sbi_18190190047391953\" data-date=\"1787068805\">\n\t<div class=\"sbi_photo_wrap\">\n\t\t<a class=\"sbi_photo\" href=\"https:\/\/www.instagram.com\/p\/DcL2udUAWgr\/\" target=\"_blank\" rel=\"noopener nofollow\"\n\t\t\tdata-full-res=\"https:\/\/scontent-eze1-2.cdninstagram.com\/v\/t51.82787-15\/779816685_18188320231405284_5169368971615281990_n.heic?stp=dst-jpg_e35_tt6&#038;_nc_cat=103&#038;ig_cache_key=Mzk2NjUwNDU4MzkxMTUzMjU4Nw%3D%3D.3-ccb7-5&#038;ccb=7-5&#038;_nc_sid=a54f6b&#038;efg=eyJlZmdfdGFnIjoiYmVzdF9pbWFnZV91cmxnZW4uRkVFRC5DMyJ9&#038;_nc_ohc=J4rV4c5c66UQ7kNvwHx1ORD&#038;_nc_oc=Ado-Ix-WN30BgiDnwmsZ_izIvcd3Y_ud5Qe1VyJEC0SE3nBwyztWHQ93u3Zbmkxs7vC_lOKNzPRXkdMriHxTcrwl&#038;_nc_zt=23&#038;_nc_ht=scontent-eze1-2.cdninstagram.com&#038;edm=ANo9K5cEAAAA&#038;_nc_gid=esjSUDBMJZiIsAGiXnqvNw&#038;_nc_tpa=Q5bMBQI2k8LNUkSnBqr7AIEf1x6zXDRVis142_a-IGA7aAuaHfyA1nUZ0rS6IEDvu5cdyPKm-x052hfCOQ&#038;oh=00_AQIoU4niK6eHyAgmXMHUo44RahBxFF_1HVSpy0soOhK_Ig&#038;oe=6AA17DCA\"\n\t\t\tdata-img-src-set=\"{&quot;d&quot;:&quot;https:\\\/\\\/scontent-eze1-2.cdninstagram.com\\\/v\\\/t51.82787-15\\\/779816685_18188320231405284_5169368971615281990_n.heic?stp=dst-jpg_e35_tt6&amp;_nc_cat=103&amp;ig_cache_key=Mzk2NjUwNDU4MzkxMTUzMjU4Nw%3D%3D.3-ccb7-5&amp;ccb=7-5&amp;_nc_sid=a54f6b&amp;efg=eyJlZmdfdGFnIjoiYmVzdF9pbWFnZV91cmxnZW4uRkVFRC5DMyJ9&amp;_nc_ohc=J4rV4c5c66UQ7kNvwHx1ORD&amp;_nc_oc=Ado-Ix-WN30BgiDnwmsZ_izIvcd3Y_ud5Qe1VyJEC0SE3nBwyztWHQ93u3Zbmkxs7vC_lOKNzPRXkdMriHxTcrwl&amp;_nc_zt=23&amp;_nc_ht=scontent-eze1-2.cdninstagram.com&amp;edm=ANo9K5cEAAAA&amp;_nc_gid=esjSUDBMJZiIsAGiXnqvNw&amp;_nc_tpa=Q5bMBQI2k8LNUkSnBqr7AIEf1x6zXDRVis142_a-IGA7aAuaHfyA1nUZ0rS6IEDvu5cdyPKm-x052hfCOQ&amp;oh=00_AQIoU4niK6eHyAgmXMHUo44RahBxFF_1HVSpy0soOhK_Ig&amp;oe=6AA17DCA&quot;,&quot;150&quot;:&quot;https:\\\/\\\/scontent-eze1-2.cdninstagram.com\\\/v\\\/t51.82787-15\\\/779816685_18188320231405284_5169368971615281990_n.heic?stp=dst-jpg_e35_tt6&amp;_nc_cat=103&amp;ig_cache_key=Mzk2NjUwNDU4MzkxMTUzMjU4Nw%3D%3D.3-ccb7-5&amp;ccb=7-5&amp;_nc_sid=a54f6b&amp;efg=eyJlZmdfdGFnIjoiYmVzdF9pbWFnZV91cmxnZW4uRkVFRC5DMyJ9&amp;_nc_ohc=J4rV4c5c66UQ7kNvwHx1ORD&amp;_nc_oc=Ado-Ix-WN30BgiDnwmsZ_izIvcd3Y_ud5Qe1VyJEC0SE3nBwyztWHQ93u3Zbmkxs7vC_lOKNzPRXkdMriHxTcrwl&amp;_nc_zt=23&amp;_nc_ht=scontent-eze1-2.cdninstagram.com&amp;edm=ANo9K5cEAAAA&amp;_nc_gid=esjSUDBMJZiIsAGiXnqvNw&amp;_nc_tpa=Q5bMBQI2k8LNUkSnBqr7AIEf1x6zXDRVis142_a-IGA7aAuaHfyA1nUZ0rS6IEDvu5cdyPKm-x052hfCOQ&amp;oh=00_AQIoU4niK6eHyAgmXMHUo44RahBxFF_1HVSpy0soOhK_Ig&amp;oe=6AA17DCA&quot;,&quot;320&quot;:&quot;https:\\\/\\\/scontent-eze1-2.cdninstagram.com\\\/v\\\/t51.82787-15\\\/779816685_18188320231405284_5169368971615281990_n.heic?stp=dst-jpg_e35_tt6&amp;_nc_cat=103&amp;ig_cache_key=Mzk2NjUwNDU4MzkxMTUzMjU4Nw%3D%3D.3-ccb7-5&amp;ccb=7-5&amp;_nc_sid=a54f6b&amp;efg=eyJlZmdfdGFnIjoiYmVzdF9pbWFnZV91cmxnZW4uRkVFRC5DMyJ9&amp;_nc_ohc=J4rV4c5c66UQ7kNvwHx1ORD&amp;_nc_oc=Ado-Ix-WN30BgiDnwmsZ_izIvcd3Y_ud5Qe1VyJEC0SE3nBwyztWHQ93u3Zbmkxs7vC_lOKNzPRXkdMriHxTcrwl&amp;_nc_zt=23&amp;_nc_ht=scontent-eze1-2.cdninstagram.com&amp;edm=ANo9K5cEAAAA&amp;_nc_gid=esjSUDBMJZiIsAGiXnqvNw&amp;_nc_tpa=Q5bMBQI2k8LNUkSnBqr7AIEf1x6zXDRVis142_a-IGA7aAuaHfyA1nUZ0rS6IEDvu5cdyPKm-x052hfCOQ&amp;oh=00_AQIoU4niK6eHyAgmXMHUo44RahBxFF_1HVSpy0soOhK_Ig&amp;oe=6AA17DCA&quot;,&quot;640&quot;:&quot;https:\\\/\\\/scontent-eze1-2.cdninstagram.com\\\/v\\\/t51.82787-15\\\/779816685_18188320231405284_5169368971615281990_n.heic?stp=dst-jpg_e35_tt6&amp;_nc_cat=103&amp;ig_cache_key=Mzk2NjUwNDU4MzkxMTUzMjU4Nw%3D%3D.3-ccb7-5&amp;ccb=7-5&amp;_nc_sid=a54f6b&amp;efg=eyJlZmdfdGFnIjoiYmVzdF9pbWFnZV91cmxnZW4uRkVFRC5DMyJ9&amp;_nc_ohc=J4rV4c5c66UQ7kNvwHx1ORD&amp;_nc_oc=Ado-Ix-WN30BgiDnwmsZ_izIvcd3Y_ud5Qe1VyJEC0SE3nBwyztWHQ93u3Zbmkxs7vC_lOKNzPRXkdMriHxTcrwl&amp;_nc_zt=23&amp;_nc_ht=scontent-eze1-2.cdninstagram.com&amp;edm=ANo9K5cEAAAA&amp;_nc_gid=esjSUDBMJZiIsAGiXnqvNw&amp;_nc_tpa=Q5bMBQI2k8LNUkSnBqr7AIEf1x6zXDRVis142_a-IGA7aAuaHfyA1nUZ0rS6IEDvu5cdyPKm-x052hfCOQ&amp;oh=00_AQIoU4niK6eHyAgmXMHUo44RahBxFF_1HVSpy0soOhK_Ig&amp;oe=6AA17DCA&quot;}\">\n\t\t\t<span class=\"sbi-screenreader\">\ud83c\udf0d Soluciones Log\u00edsticas para internacionalizar tu<\/span>\n\t\t\t\t\t\t\t\t\t<img data-recalc-dims=\"1\" decoding=\"async\" src=\"https:\/\/i0.wp.com\/aerca.org.ar\/asociacion-empresarios\/wp-content\/plugins\/instagram-feed\/img\/placeholder.png?w=800&#038;ssl=1\" alt=\"\ud83c\udf0d Soluciones Log\u00edsticas para internacionalizar tu negocio\n\nConocer las distintas alternativas para importar y exportar es clave al momento de buscar nuevos mercados o proveedores.\n\nPor eso, organizamos este encuentro pensado para que PyMEs, industrias y emprendedores conozcan c\u00f3mo operar internacionalmente de manera m\u00e1s \u00e1gil y eficiente.\n\n\u00bfQu\u00e9 vamos a ver en la charla?\n\u2705 Las diferencias pr\u00e1cticas entre el R\u00e9gimen Courier, Exporta Simple y el R\u00e9gimen General.\n\u2705 C\u00f3mo identificar la opci\u00f3n m\u00e1s conveniente seg\u00fan tu tipo de operaci\u00f3n.\n\u2705 Herramientas para simplificar procesos y reducir tiempos y costos log\u00edsticos.\n\u2705 Un espacio de consultas en vivo para resolver dudas con especialistas.\n\n\ud83d\udcc5 Fecha: jueves 27 de agosto\n\ud83d\udd52 Hora: 14 a 16h\n\ud83d\udccd Lugar: AERCA\n\nAsegur\u00e1 tu lugar inscribi\u00e9ndote en el link de nuestra bio.\n\n#AERCA #ComercioExterior #Logistica #PyMEs #villamar\u00eda\" aria-hidden=\"true\">\n\t\t<\/a>\n\t<\/div>\n<\/div><div class=\"sbi_item sbi_type_video sbi_new sbi_transition\" role=\"listitem\"\n\tid=\"sbi_18113110945996833\" data-date=\"1786737605\">\n\t<div class=\"sbi_photo_wrap\">\n\t\t<a class=\"sbi_photo\" href=\"https:\/\/www.instagram.com\/reel\/DcCH3cqBiGw\/\" target=\"_blank\" rel=\"noopener nofollow\"\n\t\t\tdata-full-res=\"https:\/\/scontent-eze1-1.cdninstagram.com\/v\/t51.71878-15\/773744996_1588125716278543_3187573555542101042_n.jpg?stp=dst-jpg_e35_tt6&#038;_nc_cat=110&#038;ig_cache_key=Mzk2Mzc2NTIxODcwNjA3MTk4NA%3D%3D.3-ccb7-5&#038;ccb=7-5&#038;_nc_sid=a54f6b&#038;efg=eyJlZmdfdGFnIjoiYmVzdF9pbWFnZV91cmxnZW4uQ0xJUFMuQzMifQ%3D%3D&#038;_nc_ohc=xV4YnS085PgQ7kNvwEuyB-n&#038;_nc_oc=AdovjjC4GRKPwvqeY_JB0viLmRqeGXJUQ-6Z71QDCr1-s5fUUrnVMngLMiOEI-WK-Fc1umnrLiVc8SFG4Om0vohv&#038;_nc_zt=23&#038;_nc_ht=scontent-eze1-1.cdninstagram.com&#038;edm=ANo9K5cEAAAA&#038;_nc_gid=esjSUDBMJZiIsAGiXnqvNw&#038;_nc_tpa=Q5bMBQJv-wVZcPJQMvZEp3ZTpD9D4qYTnf2RXdeJweqEeWz3kv8nS7ayi2W9cQFIkLBabEN0nWiJz1QwMg&#038;oh=00_AQLzIDmwm_VddeUd6b8-lOnvSK5M9AiFUvgbY_leo-xRjA&#038;oe=6AA17E8C\"\n\t\t\tdata-img-src-set=\"{&quot;d&quot;:&quot;https:\\\/\\\/scontent-eze1-1.cdninstagram.com\\\/v\\\/t51.71878-15\\\/773744996_1588125716278543_3187573555542101042_n.jpg?stp=dst-jpg_e35_tt6&amp;_nc_cat=110&amp;ig_cache_key=Mzk2Mzc2NTIxODcwNjA3MTk4NA%3D%3D.3-ccb7-5&amp;ccb=7-5&amp;_nc_sid=a54f6b&amp;efg=eyJlZmdfdGFnIjoiYmVzdF9pbWFnZV91cmxnZW4uQ0xJUFMuQzMifQ%3D%3D&amp;_nc_ohc=xV4YnS085PgQ7kNvwEuyB-n&amp;_nc_oc=AdovjjC4GRKPwvqeY_JB0viLmRqeGXJUQ-6Z71QDCr1-s5fUUrnVMngLMiOEI-WK-Fc1umnrLiVc8SFG4Om0vohv&amp;_nc_zt=23&amp;_nc_ht=scontent-eze1-1.cdninstagram.com&amp;edm=ANo9K5cEAAAA&amp;_nc_gid=esjSUDBMJZiIsAGiXnqvNw&amp;_nc_tpa=Q5bMBQJv-wVZcPJQMvZEp3ZTpD9D4qYTnf2RXdeJweqEeWz3kv8nS7ayi2W9cQFIkLBabEN0nWiJz1QwMg&amp;oh=00_AQLzIDmwm_VddeUd6b8-lOnvSK5M9AiFUvgbY_leo-xRjA&amp;oe=6AA17E8C&quot;,&quot;150&quot;:&quot;https:\\\/\\\/scontent-eze1-1.cdninstagram.com\\\/v\\\/t51.71878-15\\\/773744996_1588125716278543_3187573555542101042_n.jpg?stp=dst-jpg_e35_tt6&amp;_nc_cat=110&amp;ig_cache_key=Mzk2Mzc2NTIxODcwNjA3MTk4NA%3D%3D.3-ccb7-5&amp;ccb=7-5&amp;_nc_sid=a54f6b&amp;efg=eyJlZmdfdGFnIjoiYmVzdF9pbWFnZV91cmxnZW4uQ0xJUFMuQzMifQ%3D%3D&amp;_nc_ohc=xV4YnS085PgQ7kNvwEuyB-n&amp;_nc_oc=AdovjjC4GRKPwvqeY_JB0viLmRqeGXJUQ-6Z71QDCr1-s5fUUrnVMngLMiOEI-WK-Fc1umnrLiVc8SFG4Om0vohv&amp;_nc_zt=23&amp;_nc_ht=scontent-eze1-1.cdninstagram.com&amp;edm=ANo9K5cEAAAA&amp;_nc_gid=esjSUDBMJZiIsAGiXnqvNw&amp;_nc_tpa=Q5bMBQJv-wVZcPJQMvZEp3ZTpD9D4qYTnf2RXdeJweqEeWz3kv8nS7ayi2W9cQFIkLBabEN0nWiJz1QwMg&amp;oh=00_AQLzIDmwm_VddeUd6b8-lOnvSK5M9AiFUvgbY_leo-xRjA&amp;oe=6AA17E8C&quot;,&quot;320&quot;:&quot;https:\\\/\\\/scontent-eze1-1.cdninstagram.com\\\/v\\\/t51.71878-15\\\/773744996_1588125716278543_3187573555542101042_n.jpg?stp=dst-jpg_e35_tt6&amp;_nc_cat=110&amp;ig_cache_key=Mzk2Mzc2NTIxODcwNjA3MTk4NA%3D%3D.3-ccb7-5&amp;ccb=7-5&amp;_nc_sid=a54f6b&amp;efg=eyJlZmdfdGFnIjoiYmVzdF9pbWFnZV91cmxnZW4uQ0xJUFMuQzMifQ%3D%3D&amp;_nc_ohc=xV4YnS085PgQ7kNvwEuyB-n&amp;_nc_oc=AdovjjC4GRKPwvqeY_JB0viLmRqeGXJUQ-6Z71QDCr1-s5fUUrnVMngLMiOEI-WK-Fc1umnrLiVc8SFG4Om0vohv&amp;_nc_zt=23&amp;_nc_ht=scontent-eze1-1.cdninstagram.com&amp;edm=ANo9K5cEAAAA&amp;_nc_gid=esjSUDBMJZiIsAGiXnqvNw&amp;_nc_tpa=Q5bMBQJv-wVZcPJQMvZEp3ZTpD9D4qYTnf2RXdeJweqEeWz3kv8nS7ayi2W9cQFIkLBabEN0nWiJz1QwMg&amp;oh=00_AQLzIDmwm_VddeUd6b8-lOnvSK5M9AiFUvgbY_leo-xRjA&amp;oe=6AA17E8C&quot;,&quot;640&quot;:&quot;https:\\\/\\\/scontent-eze1-1.cdninstagram.com\\\/v\\\/t51.71878-15\\\/773744996_1588125716278543_3187573555542101042_n.jpg?stp=dst-jpg_e35_tt6&amp;_nc_cat=110&amp;ig_cache_key=Mzk2Mzc2NTIxODcwNjA3MTk4NA%3D%3D.3-ccb7-5&amp;ccb=7-5&amp;_nc_sid=a54f6b&amp;efg=eyJlZmdfdGFnIjoiYmVzdF9pbWFnZV91cmxnZW4uQ0xJUFMuQzMifQ%3D%3D&amp;_nc_ohc=xV4YnS085PgQ7kNvwEuyB-n&amp;_nc_oc=AdovjjC4GRKPwvqeY_JB0viLmRqeGXJUQ-6Z71QDCr1-s5fUUrnVMngLMiOEI-WK-Fc1umnrLiVc8SFG4Om0vohv&amp;_nc_zt=23&amp;_nc_ht=scontent-eze1-1.cdninstagram.com&amp;edm=ANo9K5cEAAAA&amp;_nc_gid=esjSUDBMJZiIsAGiXnqvNw&amp;_nc_tpa=Q5bMBQJv-wVZcPJQMvZEp3ZTpD9D4qYTnf2RXdeJweqEeWz3kv8nS7ayi2W9cQFIkLBabEN0nWiJz1QwMg&amp;oh=00_AQLzIDmwm_VddeUd6b8-lOnvSK5M9AiFUvgbY_leo-xRjA&amp;oe=6AA17E8C&quot;}\">\n\t\t\t<span class=\"sbi-screenreader\">\ud83d\uddd3\ufe0f Agenda AERCA \ud83d\uddd3\ufe0f  Un nuevo repaso por las accion<\/span>\n\t\t\t\t\t\t<svg style=\"color: rgba(255,255,255,1)\" class=\"svg-inline--fa fa-play fa-w-14 sbi_playbtn\" aria-label=\"Play\" aria-hidden=\"true\" data-fa-processed=\"\" data-prefix=\"fa\" data-icon=\"play\" role=\"presentation\" xmlns=\"http:\/\/www.w3.org\/2000\/svg\" viewBox=\"0 0 448 512\"><path fill=\"currentColor\" d=\"M424.4 214.7L72.4 6.6C43.8-10.3 0 6.1 0 47.9V464c0 37.5 40.7 60.1 72.4 41.3l352-208c31.4-18.5 31.5-64.1 0-82.6z\"><\/path><\/svg>\t\t\t<img data-recalc-dims=\"1\" decoding=\"async\" src=\"https:\/\/i0.wp.com\/aerca.org.ar\/asociacion-empresarios\/wp-content\/plugins\/instagram-feed\/img\/placeholder.png?w=800&#038;ssl=1\" alt=\"\ud83d\uddd3\ufe0f Agenda AERCA \ud83d\uddd3\ufe0f\n\nUn nuevo repaso por las acciones y actividades que la entidad lleva adelante para acompa\u00f1ar y potenciar el entramado productivo local y regional.\n\n\ud83d\udd17 Para asegurar tu lugar en los pr\u00f3ximos eventos, ingres\u00e1 al link de nuestra biograf\u00eda o visit\u00e1 aerca.org.ar.\n\n#AERCA #VillaMaria #AgendaAERCA\" aria-hidden=\"true\">\n\t\t<\/a>\n\t<\/div>\n<\/div><div class=\"sbi_item sbi_type_video sbi_new sbi_transition\" role=\"listitem\"\n\tid=\"sbi_18016870931715081\" data-date=\"1786222636\">\n\t<div class=\"sbi_photo_wrap\">\n\t\t<a class=\"sbi_photo\" href=\"https:\/\/www.instagram.com\/reel\/DbyxbNQAK-u\/\" target=\"_blank\" rel=\"noopener nofollow\"\n\t\t\tdata-full-res=\"https:\/\/scontent-eze1-2.cdninstagram.com\/v\/t51.82787-15\/768230589_18187240093405284_9009589686524677002_n.jpg?stp=dst-jpg_e35_tt6&#038;_nc_cat=108&#038;ig_cache_key=Mzk1OTQ0NDM5NjM0NDEyNzQwNg%3D%3D.3-ccb7-5&#038;ccb=7-5&#038;_nc_sid=a54f6b&#038;efg=eyJlZmdfdGFnIjoiYmVzdF9pbWFnZV91cmxnZW4uQ0xJUFMuQzMifQ%3D%3D&#038;_nc_ohc=Wdey7keIKZoQ7kNvwEMynav&#038;_nc_oc=AdoKN_CcAGQ75Nz6ck9oFlpO6puEOoQyz7JEL4Pzoqn5uPXgbuV7z62lEOwyBksmPo8-aCpM14uhcBo5yhGZ_fOg&#038;_nc_zt=23&#038;_nc_ht=scontent-eze1-2.cdninstagram.com&#038;edm=ANo9K5cEAAAA&#038;_nc_gid=esjSUDBMJZiIsAGiXnqvNw&#038;_nc_tpa=Q5bMBQKj2iu2u4RpotczqWSV5hS4ZfPF30cM2XTjzZb3SuMkPWE2aX5X5hwrcuzkMiz7tXNMaUnZVhKWDQ&#038;oh=00_AQI9J3tMkznqwCcOhw1X3kCPFa9z1gBG3wwht4GiRJRt9A&#038;oe=6AA17EEE\"\n\t\t\tdata-img-src-set=\"{&quot;d&quot;:&quot;https:\\\/\\\/scontent-eze1-2.cdninstagram.com\\\/v\\\/t51.82787-15\\\/768230589_18187240093405284_9009589686524677002_n.jpg?stp=dst-jpg_e35_tt6&amp;_nc_cat=108&amp;ig_cache_key=Mzk1OTQ0NDM5NjM0NDEyNzQwNg%3D%3D.3-ccb7-5&amp;ccb=7-5&amp;_nc_sid=a54f6b&amp;efg=eyJlZmdfdGFnIjoiYmVzdF9pbWFnZV91cmxnZW4uQ0xJUFMuQzMifQ%3D%3D&amp;_nc_ohc=Wdey7keIKZoQ7kNvwEMynav&amp;_nc_oc=AdoKN_CcAGQ75Nz6ck9oFlpO6puEOoQyz7JEL4Pzoqn5uPXgbuV7z62lEOwyBksmPo8-aCpM14uhcBo5yhGZ_fOg&amp;_nc_zt=23&amp;_nc_ht=scontent-eze1-2.cdninstagram.com&amp;edm=ANo9K5cEAAAA&amp;_nc_gid=esjSUDBMJZiIsAGiXnqvNw&amp;_nc_tpa=Q5bMBQKj2iu2u4RpotczqWSV5hS4ZfPF30cM2XTjzZb3SuMkPWE2aX5X5hwrcuzkMiz7tXNMaUnZVhKWDQ&amp;oh=00_AQI9J3tMkznqwCcOhw1X3kCPFa9z1gBG3wwht4GiRJRt9A&amp;oe=6AA17EEE&quot;,&quot;150&quot;:&quot;https:\\\/\\\/scontent-eze1-2.cdninstagram.com\\\/v\\\/t51.82787-15\\\/768230589_18187240093405284_9009589686524677002_n.jpg?stp=dst-jpg_e35_tt6&amp;_nc_cat=108&amp;ig_cache_key=Mzk1OTQ0NDM5NjM0NDEyNzQwNg%3D%3D.3-ccb7-5&amp;ccb=7-5&amp;_nc_sid=a54f6b&amp;efg=eyJlZmdfdGFnIjoiYmVzdF9pbWFnZV91cmxnZW4uQ0xJUFMuQzMifQ%3D%3D&amp;_nc_ohc=Wdey7keIKZoQ7kNvwEMynav&amp;_nc_oc=AdoKN_CcAGQ75Nz6ck9oFlpO6puEOoQyz7JEL4Pzoqn5uPXgbuV7z62lEOwyBksmPo8-aCpM14uhcBo5yhGZ_fOg&amp;_nc_zt=23&amp;_nc_ht=scontent-eze1-2.cdninstagram.com&amp;edm=ANo9K5cEAAAA&amp;_nc_gid=esjSUDBMJZiIsAGiXnqvNw&amp;_nc_tpa=Q5bMBQKj2iu2u4RpotczqWSV5hS4ZfPF30cM2XTjzZb3SuMkPWE2aX5X5hwrcuzkMiz7tXNMaUnZVhKWDQ&amp;oh=00_AQI9J3tMkznqwCcOhw1X3kCPFa9z1gBG3wwht4GiRJRt9A&amp;oe=6AA17EEE&quot;,&quot;320&quot;:&quot;https:\\\/\\\/scontent-eze1-2.cdninstagram.com\\\/v\\\/t51.82787-15\\\/768230589_18187240093405284_9009589686524677002_n.jpg?stp=dst-jpg_e35_tt6&amp;_nc_cat=108&amp;ig_cache_key=Mzk1OTQ0NDM5NjM0NDEyNzQwNg%3D%3D.3-ccb7-5&amp;ccb=7-5&amp;_nc_sid=a54f6b&amp;efg=eyJlZmdfdGFnIjoiYmVzdF9pbWFnZV91cmxnZW4uQ0xJUFMuQzMifQ%3D%3D&amp;_nc_ohc=Wdey7keIKZoQ7kNvwEMynav&amp;_nc_oc=AdoKN_CcAGQ75Nz6ck9oFlpO6puEOoQyz7JEL4Pzoqn5uPXgbuV7z62lEOwyBksmPo8-aCpM14uhcBo5yhGZ_fOg&amp;_nc_zt=23&amp;_nc_ht=scontent-eze1-2.cdninstagram.com&amp;edm=ANo9K5cEAAAA&amp;_nc_gid=esjSUDBMJZiIsAGiXnqvNw&amp;_nc_tpa=Q5bMBQKj2iu2u4RpotczqWSV5hS4ZfPF30cM2XTjzZb3SuMkPWE2aX5X5hwrcuzkMiz7tXNMaUnZVhKWDQ&amp;oh=00_AQI9J3tMkznqwCcOhw1X3kCPFa9z1gBG3wwht4GiRJRt9A&amp;oe=6AA17EEE&quot;,&quot;640&quot;:&quot;https:\\\/\\\/scontent-eze1-2.cdninstagram.com\\\/v\\\/t51.82787-15\\\/768230589_18187240093405284_9009589686524677002_n.jpg?stp=dst-jpg_e35_tt6&amp;_nc_cat=108&amp;ig_cache_key=Mzk1OTQ0NDM5NjM0NDEyNzQwNg%3D%3D.3-ccb7-5&amp;ccb=7-5&amp;_nc_sid=a54f6b&amp;efg=eyJlZmdfdGFnIjoiYmVzdF9pbWFnZV91cmxnZW4uQ0xJUFMuQzMifQ%3D%3D&amp;_nc_ohc=Wdey7keIKZoQ7kNvwEMynav&amp;_nc_oc=AdoKN_CcAGQ75Nz6ck9oFlpO6puEOoQyz7JEL4Pzoqn5uPXgbuV7z62lEOwyBksmPo8-aCpM14uhcBo5yhGZ_fOg&amp;_nc_zt=23&amp;_nc_ht=scontent-eze1-2.cdninstagram.com&amp;edm=ANo9K5cEAAAA&amp;_nc_gid=esjSUDBMJZiIsAGiXnqvNw&amp;_nc_tpa=Q5bMBQKj2iu2u4RpotczqWSV5hS4ZfPF30cM2XTjzZb3SuMkPWE2aX5X5hwrcuzkMiz7tXNMaUnZVhKWDQ&amp;oh=00_AQI9J3tMkznqwCcOhw1X3kCPFa9z1gBG3wwht4GiRJRt9A&amp;oe=6AA17EEE&quot;}\">\n\t\t\t<span class=\"sbi-screenreader\">\ud83d\uddd3\ufe0f Agenda AERCA \ud83d\uddd3\ufe0f  Un nuevo repaso por las accion<\/span>\n\t\t\t\t\t\t<svg style=\"color: rgba(255,255,255,1)\" class=\"svg-inline--fa fa-play fa-w-14 sbi_playbtn\" aria-label=\"Play\" aria-hidden=\"true\" data-fa-processed=\"\" data-prefix=\"fa\" data-icon=\"play\" role=\"presentation\" xmlns=\"http:\/\/www.w3.org\/2000\/svg\" viewBox=\"0 0 448 512\"><path fill=\"currentColor\" d=\"M424.4 214.7L72.4 6.6C43.8-10.3 0 6.1 0 47.9V464c0 37.5 40.7 60.1 72.4 41.3l352-208c31.4-18.5 31.5-64.1 0-82.6z\"><\/path><\/svg>\t\t\t<img data-recalc-dims=\"1\" decoding=\"async\" src=\"https:\/\/i0.wp.com\/aerca.org.ar\/asociacion-empresarios\/wp-content\/plugins\/instagram-feed\/img\/placeholder.png?w=800&#038;ssl=1\" alt=\"\ud83d\uddd3\ufe0f Agenda AERCA \ud83d\uddd3\ufe0f\n\nUn nuevo repaso por las acciones y actividades que la entidad lleva adelante para acompa\u00f1ar y potenciar el entramado productivo local y regional.\n\n\ud83d\udd17 Para asegurar tu lugar en los pr\u00f3ximos eventos, ingres\u00e1 al link de nuestra biograf\u00eda o visit\u00e1 aerca.org.ar.\n\n#AERCA #VillaMaria #AgendaAERCA\" aria-hidden=\"true\">\n\t\t<\/a>\n\t<\/div>\n<\/div><div class=\"sbi_item sbi_type_video sbi_new sbi_transition\" role=\"listitem\"\n\tid=\"sbi_18087010640556756\" data-date=\"1786152888\">\n\t<div class=\"sbi_photo_wrap\">\n\t\t<a class=\"sbi_photo\" href=\"https:\/\/www.instagram.com\/reel\/DbwsJPIsr53\/\" target=\"_blank\" rel=\"noopener nofollow\"\n\t\t\tdata-full-res=\"https:\/\/scontent-eze1-1.cdninstagram.com\/v\/t51.71878-15\/768874037_1313263697684818_8338909312960695916_n.jpg?stp=dst-jpg_e35_tt6&#038;_nc_cat=109&#038;ig_cache_key=Mzk1ODg1ODIyMTIzMjUwNDQzOQ%3D%3D.3-ccb7-5&#038;ccb=7-5&#038;_nc_sid=a54f6b&#038;efg=eyJlZmdfdGFnIjoiYmVzdF9pbWFnZV91cmxnZW4uQ0xJUFMuQzMifQ%3D%3D&#038;_nc_ohc=nHBW4ALpVVQQ7kNvwEb_RPo&#038;_nc_oc=Adr4HfUOqYAYIC8tnVsLPK9zai_Jb4-1IgBzK6he2bK2lM-gL-zKYzHQk5Yz9ET7wKAKkaJTstiQ8c4hNLumpvD9&#038;_nc_zt=23&#038;_nc_ht=scontent-eze1-1.cdninstagram.com&#038;edm=ANo9K5cEAAAA&#038;_nc_gid=esjSUDBMJZiIsAGiXnqvNw&#038;_nc_tpa=Q5bMBQL9Stcr6-darMXbnAEaYOHKax96gZS9kigvzw5axOlAg4OHPsWg2HPtShy2yhX7LyGLgHbXoDU_dA&#038;oh=00_AQJjF6H2xKubegIFIYgmFcZBdZdFH24mR2pYBd6H86Ea1Q&#038;oe=6AA1AFCC\"\n\t\t\tdata-img-src-set=\"{&quot;d&quot;:&quot;https:\\\/\\\/scontent-eze1-1.cdninstagram.com\\\/v\\\/t51.71878-15\\\/768874037_1313263697684818_8338909312960695916_n.jpg?stp=dst-jpg_e35_tt6&amp;_nc_cat=109&amp;ig_cache_key=Mzk1ODg1ODIyMTIzMjUwNDQzOQ%3D%3D.3-ccb7-5&amp;ccb=7-5&amp;_nc_sid=a54f6b&amp;efg=eyJlZmdfdGFnIjoiYmVzdF9pbWFnZV91cmxnZW4uQ0xJUFMuQzMifQ%3D%3D&amp;_nc_ohc=nHBW4ALpVVQQ7kNvwEb_RPo&amp;_nc_oc=Adr4HfUOqYAYIC8tnVsLPK9zai_Jb4-1IgBzK6he2bK2lM-gL-zKYzHQk5Yz9ET7wKAKkaJTstiQ8c4hNLumpvD9&amp;_nc_zt=23&amp;_nc_ht=scontent-eze1-1.cdninstagram.com&amp;edm=ANo9K5cEAAAA&amp;_nc_gid=esjSUDBMJZiIsAGiXnqvNw&amp;_nc_tpa=Q5bMBQL9Stcr6-darMXbnAEaYOHKax96gZS9kigvzw5axOlAg4OHPsWg2HPtShy2yhX7LyGLgHbXoDU_dA&amp;oh=00_AQJjF6H2xKubegIFIYgmFcZBdZdFH24mR2pYBd6H86Ea1Q&amp;oe=6AA1AFCC&quot;,&quot;150&quot;:&quot;https:\\\/\\\/scontent-eze1-1.cdninstagram.com\\\/v\\\/t51.71878-15\\\/768874037_1313263697684818_8338909312960695916_n.jpg?stp=dst-jpg_e35_tt6&amp;_nc_cat=109&amp;ig_cache_key=Mzk1ODg1ODIyMTIzMjUwNDQzOQ%3D%3D.3-ccb7-5&amp;ccb=7-5&amp;_nc_sid=a54f6b&amp;efg=eyJlZmdfdGFnIjoiYmVzdF9pbWFnZV91cmxnZW4uQ0xJUFMuQzMifQ%3D%3D&amp;_nc_ohc=nHBW4ALpVVQQ7kNvwEb_RPo&amp;_nc_oc=Adr4HfUOqYAYIC8tnVsLPK9zai_Jb4-1IgBzK6he2bK2lM-gL-zKYzHQk5Yz9ET7wKAKkaJTstiQ8c4hNLumpvD9&amp;_nc_zt=23&amp;_nc_ht=scontent-eze1-1.cdninstagram.com&amp;edm=ANo9K5cEAAAA&amp;_nc_gid=esjSUDBMJZiIsAGiXnqvNw&amp;_nc_tpa=Q5bMBQL9Stcr6-darMXbnAEaYOHKax96gZS9kigvzw5axOlAg4OHPsWg2HPtShy2yhX7LyGLgHbXoDU_dA&amp;oh=00_AQJjF6H2xKubegIFIYgmFcZBdZdFH24mR2pYBd6H86Ea1Q&amp;oe=6AA1AFCC&quot;,&quot;320&quot;:&quot;https:\\\/\\\/scontent-eze1-1.cdninstagram.com\\\/v\\\/t51.71878-15\\\/768874037_1313263697684818_8338909312960695916_n.jpg?stp=dst-jpg_e35_tt6&amp;_nc_cat=109&amp;ig_cache_key=Mzk1ODg1ODIyMTIzMjUwNDQzOQ%3D%3D.3-ccb7-5&amp;ccb=7-5&amp;_nc_sid=a54f6b&amp;efg=eyJlZmdfdGFnIjoiYmVzdF9pbWFnZV91cmxnZW4uQ0xJUFMuQzMifQ%3D%3D&amp;_nc_ohc=nHBW4ALpVVQQ7kNvwEb_RPo&amp;_nc_oc=Adr4HfUOqYAYIC8tnVsLPK9zai_Jb4-1IgBzK6he2bK2lM-gL-zKYzHQk5Yz9ET7wKAKkaJTstiQ8c4hNLumpvD9&amp;_nc_zt=23&amp;_nc_ht=scontent-eze1-1.cdninstagram.com&amp;edm=ANo9K5cEAAAA&amp;_nc_gid=esjSUDBMJZiIsAGiXnqvNw&amp;_nc_tpa=Q5bMBQL9Stcr6-darMXbnAEaYOHKax96gZS9kigvzw5axOlAg4OHPsWg2HPtShy2yhX7LyGLgHbXoDU_dA&amp;oh=00_AQJjF6H2xKubegIFIYgmFcZBdZdFH24mR2pYBd6H86Ea1Q&amp;oe=6AA1AFCC&quot;,&quot;640&quot;:&quot;https:\\\/\\\/scontent-eze1-1.cdninstagram.com\\\/v\\\/t51.71878-15\\\/768874037_1313263697684818_8338909312960695916_n.jpg?stp=dst-jpg_e35_tt6&amp;_nc_cat=109&amp;ig_cache_key=Mzk1ODg1ODIyMTIzMjUwNDQzOQ%3D%3D.3-ccb7-5&amp;ccb=7-5&amp;_nc_sid=a54f6b&amp;efg=eyJlZmdfdGFnIjoiYmVzdF9pbWFnZV91cmxnZW4uQ0xJUFMuQzMifQ%3D%3D&amp;_nc_ohc=nHBW4ALpVVQQ7kNvwEb_RPo&amp;_nc_oc=Adr4HfUOqYAYIC8tnVsLPK9zai_Jb4-1IgBzK6he2bK2lM-gL-zKYzHQk5Yz9ET7wKAKkaJTstiQ8c4hNLumpvD9&amp;_nc_zt=23&amp;_nc_ht=scontent-eze1-1.cdninstagram.com&amp;edm=ANo9K5cEAAAA&amp;_nc_gid=esjSUDBMJZiIsAGiXnqvNw&amp;_nc_tpa=Q5bMBQL9Stcr6-darMXbnAEaYOHKax96gZS9kigvzw5axOlAg4OHPsWg2HPtShy2yhX7LyGLgHbXoDU_dA&amp;oh=00_AQJjF6H2xKubegIFIYgmFcZBdZdFH24mR2pYBd6H86Ea1Q&amp;oe=6AA1AFCC&quot;}\">\n\t\t\t<span class=\"sbi-screenreader\">\u00a1ESTO FUE EJE 2026! \ud83d\ude80 Cerramos un evento que nos l<\/span>\n\t\t\t\t\t\t<svg style=\"color: rgba(255,255,255,1)\" class=\"svg-inline--fa fa-play fa-w-14 sbi_playbtn\" aria-label=\"Play\" aria-hidden=\"true\" data-fa-processed=\"\" data-prefix=\"fa\" data-icon=\"play\" role=\"presentation\" xmlns=\"http:\/\/www.w3.org\/2000\/svg\" viewBox=\"0 0 448 512\"><path fill=\"currentColor\" d=\"M424.4 214.7L72.4 6.6C43.8-10.3 0 6.1 0 47.9V464c0 37.5 40.7 60.1 72.4 41.3l352-208c31.4-18.5 31.5-64.1 0-82.6z\"><\/path><\/svg>\t\t\t<img data-recalc-dims=\"1\" decoding=\"async\" src=\"https:\/\/i0.wp.com\/aerca.org.ar\/asociacion-empresarios\/wp-content\/plugins\/instagram-feed\/img\/placeholder.png?w=800&#038;ssl=1\" alt=\"\u00a1ESTO FUE EJE 2026! \ud83d\ude80\nCerramos un evento que nos llena de orgullo. Una iniciativa que refleja el impulso, el compromiso y la potencia de los j\u00f3venes empresarios.\n\nGracias a todos por acompa\u00f1arnos y ser parte. Sigamos construyendo juntos. \ud83e\udd1d\n\n#AERCA #VillaMar\u00eda #EJE2026\" aria-hidden=\"true\">\n\t\t<\/a>\n\t<\/div>\n<\/div>\t<\/div>\n\n\t<div id=\"sbi_load\" >\n\n\t<div class=\"sbi-screenreader\" aria-live=\"polite\" aria-atomic=\"true\" data-sbi-feed-status><\/div>\n\n\t\n\t\t\t<span class=\"sbi_follow_btn sbi_custom\" >\n\t\t\t<a target=\"_blank\"\n\t\t\t\trel=\"nofollow noopener\"  href=\"https:\/\/www.instagram.com\/aercavm\/\" style=\"background: rgb(64,139,209);\">\n\t\t\t\t<svg class=\"svg-inline--fa fa-instagram fa-w-14\" aria-hidden=\"true\" data-fa-processed=\"\" aria-label=\"Instagram\" data-prefix=\"fab\" data-icon=\"instagram\" role=\"img\" viewBox=\"0 0 448 512\">\n                    <path fill=\"currentColor\" d=\"M224.1 141c-63.6 0-114.9 51.3-114.9 114.9s51.3 114.9 114.9 114.9S339 319.5 339 255.9 287.7 141 224.1 141zm0 189.6c-41.1 0-74.7-33.5-74.7-74.7s33.5-74.7 74.7-74.7 74.7 33.5 74.7 74.7-33.6 74.7-74.7 74.7zm146.4-194.3c0 14.9-12 26.8-26.8 26.8-14.9 0-26.8-12-26.8-26.8s12-26.8 26.8-26.8 26.8 12 26.8 26.8zm76.1 27.2c-1.7-35.9-9.9-67.7-36.2-93.9-26.2-26.2-58-34.4-93.9-36.2-37-2.1-147.9-2.1-184.9 0-35.8 1.7-67.6 9.9-93.9 36.1s-34.4 58-36.2 93.9c-2.1 37-2.1 147.9 0 184.9 1.7 35.9 9.9 67.7 36.2 93.9s58 34.4 93.9 36.2c37 2.1 147.9 2.1 184.9 0 35.9-1.7 67.7-9.9 93.9-36.2 26.2-26.2 34.4-58 36.2-93.9 2.1-37 2.1-147.8 0-184.8zM398.8 388c-7.8 19.6-22.9 34.7-42.6 42.6-29.5 11.7-99.5 9-132.1 9s-102.7 2.6-132.1-9c-19.6-7.8-34.7-22.9-42.6-42.6-11.7-29.5-9-99.5-9-132.1s-2.6-102.7 9-132.1c7.8-19.6 22.9-34.7 42.6-42.6 29.5-11.7 99.5-9 132.1-9s102.7-2.6 132.1 9c19.6 7.8 34.7 22.9 42.6 42.6 11.7 29.5 9 99.5 9 132.1s2.7 102.7-9 132.1z\"><\/path>\n                <\/svg>\t\t\t\t<span>Seguinos en Instagram<\/span>\n\t\t\t<\/a>\n\t\t<\/span>\n\t\n<\/div>\n\t\t<span class=\"sbi_resized_image_data\" data-feed-id=\"*2\"\n\t\t  data-resized=\"{&quot;18087010640556756&quot;:{&quot;id&quot;:&quot;768874037_1313263697684818_8338909312960695916_n&quot;,&quot;ratio&quot;:&quot;0.56&quot;,&quot;sizes&quot;:{&quot;full&quot;:640,&quot;low&quot;:320,&quot;thumb&quot;:150},&quot;extension&quot;:&quot;.webp&quot;},&quot;18016870931715081&quot;:{&quot;id&quot;:&quot;768230589_18187240093405284_9009589686524677002_n&quot;,&quot;ratio&quot;:&quot;0.56&quot;,&quot;sizes&quot;:{&quot;full&quot;:640,&quot;low&quot;:320,&quot;thumb&quot;:150},&quot;extension&quot;:&quot;.webp&quot;},&quot;18113110945996833&quot;:{&quot;id&quot;:&quot;773744996_1588125716278543_3187573555542101042_n&quot;,&quot;ratio&quot;:&quot;0.56&quot;,&quot;sizes&quot;:{&quot;full&quot;:640,&quot;low&quot;:320,&quot;thumb&quot;:150},&quot;extension&quot;:&quot;.webp&quot;},&quot;18190190047391953&quot;:{&quot;id&quot;:&quot;779816685_18188320231405284_5169368971615281990_n.heic&quot;,&quot;ratio&quot;:&quot;0.80&quot;,&quot;sizes&quot;:{&quot;full&quot;:640,&quot;low&quot;:320,&quot;thumb&quot;:150},&quot;extension&quot;:&quot;.webp&quot;},&quot;17867316993639900&quot;:{&quot;id&quot;:&quot;781425503_18188660920405284_4298958402627659977_n&quot;,&quot;ratio&quot;:&quot;0.56&quot;,&quot;sizes&quot;:{&quot;full&quot;:640,&quot;low&quot;:320,&quot;thumb&quot;:150},&quot;extension&quot;:&quot;.webp&quot;},&quot;18079631702694786&quot;:{&quot;id&quot;:&quot;782413019_18188790451405284_5627381960327211133_n&quot;,&quot;ratio&quot;:&quot;0.56&quot;,&quot;sizes&quot;:{&quot;full&quot;:640,&quot;low&quot;:320,&quot;thumb&quot;:150},&quot;extension&quot;:&quot;.webp&quot;},&quot;17921061495423392&quot;:{&quot;id&quot;:&quot;783685837_18189000448405284_8665132250984612569_n.heic&quot;,&quot;ratio&quot;:&quot;0.80&quot;,&quot;sizes&quot;:{&quot;full&quot;:640,&quot;low&quot;:320,&quot;thumb&quot;:150},&quot;extension&quot;:&quot;.webp&quot;},&quot;18111319847047463&quot;:{&quot;id&quot;:&quot;789489012_18189556054405284_6572645290786921654_n&quot;,&quot;ratio&quot;:&quot;0.56&quot;,&quot;sizes&quot;:{&quot;full&quot;:640,&quot;low&quot;:320,&quot;thumb&quot;:150},&quot;extension&quot;:&quot;.webp&quot;},&quot;18129306718708168&quot;:{&quot;id&quot;:&quot;792748693_18190086433405284_1364971284185472741_n&quot;,&quot;ratio&quot;:&quot;0.56&quot;,&quot;sizes&quot;:{&quot;full&quot;:640,&quot;low&quot;:320,&quot;thumb&quot;:150},&quot;extension&quot;:&quot;.webp&quot;},&quot;18442436641122577&quot;:{&quot;id&quot;:&quot;794025084_18190220131405284_2925892673369912832_n&quot;,&quot;ratio&quot;:&quot;0.56&quot;,&quot;sizes&quot;:{&quot;full&quot;:640,&quot;low&quot;:320,&quot;thumb&quot;:150},&quot;extension&quot;:&quot;.webp&quot;}}\">\n\t<\/span>\n\t<\/div>\n\n\t\t\t\t<\/div>\n\t\t\t\t<\/div>\n\t\t\t\t<\/div>\n\t\t\t\t<\/div>\n\t\t","protected":false},"excerpt":{"rendered":"<p>Noticias Buscar Buscar Empresas Institucional Todo espacio para feed de instagram<\/p>\n","protected":false},"author":3,"featured_media":0,"parent":0,"menu_order":0,"comment_status":"closed","ping_status":"closed","template":"","meta":{"footnotes":""},"class_list":["post-991","page","type-page","status-publish","hentry"],"yoast_head":"<!-- This site is optimized with the Yoast SEO plugin v28.4 - https:\/\/yoast.com\/product\/yoast-seo-wordpress\/ -->\n<title>Noticias - AERCA<\/title>\n<meta name=\"robots\" content=\"index, follow, max-snippet:-1, max-image-preview:large, max-video-preview:-1\" \/>\n<link rel=\"canonical\" href=\"https:\/\/aerca.org.ar\/asociacion-empresarios\/noticias\/\" \/>\n<meta property=\"og:locale\" content=\"es_ES\" \/>\n<meta property=\"og:type\" content=\"article\" \/>\n<meta property=\"og:title\" content=\"Noticias - AERCA\" \/>\n<meta property=\"og:description\" content=\"Noticias Buscar Buscar Empresas Institucional Todo espacio para feed de instagram\" \/>\n<meta property=\"og:url\" content=\"https:\/\/aerca.org.ar\/asociacion-empresarios\/noticias\/\" \/>\n<meta property=\"og:site_name\" content=\"AERCA\" \/>\n<meta property=\"article:publisher\" content=\"https:\/\/www.facebook.com\/aercavm\" \/>\n<meta property=\"article:modified_time\" content=\"2025-10-27T19:35:44+00:00\" \/>\n<meta name=\"twitter:card\" content=\"summary_large_image\" \/>\n<meta name=\"twitter:site\" content=\"@aercavm\" \/>\n<script type=\"application\/ld+json\" class=\"yoast-schema-graph\">{\"@context\":\"https:\\\/\\\/schema.org\",\"@graph\":[{\"@type\":\"WebPage\",\"@id\":\"https:\\\/\\\/aerca.org.ar\\\/asociacion-empresarios\\\/noticias\\\/\",\"url\":\"https:\\\/\\\/aerca.org.ar\\\/asociacion-empresarios\\\/noticias\\\/\",\"name\":\"Noticias - AERCA\",\"isPartOf\":{\"@id\":\"https:\\\/\\\/aerca.org.ar\\\/asociacion-empresarios\\\/#website\"},\"datePublished\":\"2025-08-06T02:33:29+00:00\",\"dateModified\":\"2025-10-27T19:35:44+00:00\",\"breadcrumb\":{\"@id\":\"https:\\\/\\\/aerca.org.ar\\\/asociacion-empresarios\\\/noticias\\\/#breadcrumb\"},\"inLanguage\":\"es\",\"potentialAction\":[{\"@type\":\"ReadAction\",\"target\":[\"https:\\\/\\\/aerca.org.ar\\\/asociacion-empresarios\\\/noticias\\\/\"]}]},{\"@type\":\"BreadcrumbList\",\"@id\":\"https:\\\/\\\/aerca.org.ar\\\/asociacion-empresarios\\\/noticias\\\/#breadcrumb\",\"itemListElement\":[{\"@type\":\"ListItem\",\"position\":1,\"name\":\"Portada\",\"item\":\"https:\\\/\\\/aerca.org.ar\\\/asociacion-empresarios\\\/\"},{\"@type\":\"ListItem\",\"position\":2,\"name\":\"Noticias\"}]},{\"@type\":\"WebSite\",\"@id\":\"https:\\\/\\\/aerca.org.ar\\\/asociacion-empresarios\\\/#website\",\"url\":\"https:\\\/\\\/aerca.org.ar\\\/asociacion-empresarios\\\/\",\"name\":\"AERCA\",\"description\":\"Asociacion de Empresarios de la Region Centro Argentina\",\"publisher\":{\"@id\":\"https:\\\/\\\/aerca.org.ar\\\/asociacion-empresarios\\\/#organization\"},\"potentialAction\":[{\"@type\":\"SearchAction\",\"target\":{\"@type\":\"EntryPoint\",\"urlTemplate\":\"https:\\\/\\\/aerca.org.ar\\\/asociacion-empresarios\\\/?s={search_term_string}\"},\"query-input\":{\"@type\":\"PropertyValueSpecification\",\"valueRequired\":true,\"valueName\":\"search_term_string\"}}],\"inLanguage\":\"es\"},{\"@type\":\"Organization\",\"@id\":\"https:\\\/\\\/aerca.org.ar\\\/asociacion-empresarios\\\/#organization\",\"name\":\"AERCA\",\"url\":\"https:\\\/\\\/aerca.org.ar\\\/asociacion-empresarios\\\/\",\"logo\":{\"@type\":\"ImageObject\",\"inLanguage\":\"es\",\"@id\":\"https:\\\/\\\/aerca.org.ar\\\/asociacion-empresarios\\\/#\\\/schema\\\/logo\\\/image\\\/\",\"url\":\"https:\\\/\\\/aerca.org.ar\\\/asociacion-empresarios\\\/wp-content\\\/uploads\\\/2025\\\/09\\\/logo-aerca-95-anos-scaled.png\",\"contentUrl\":\"https:\\\/\\\/aerca.org.ar\\\/asociacion-empresarios\\\/wp-content\\\/uploads\\\/2025\\\/09\\\/logo-aerca-95-anos-scaled.png\",\"width\":2560,\"height\":569,\"caption\":\"AERCA\"},\"image\":{\"@id\":\"https:\\\/\\\/aerca.org.ar\\\/asociacion-empresarios\\\/#\\\/schema\\\/logo\\\/image\\\/\"},\"sameAs\":[\"https:\\\/\\\/www.facebook.com\\\/aercavm\",\"https:\\\/\\\/x.com\\\/aercavm\",\"https:\\\/\\\/www.youtube.com\\\/@aercavm\",\"https:\\\/\\\/www.instagram.com\\\/aercavm\\\/\"]}]}<\/script>\n<!-- \/ Yoast SEO plugin. -->","yoast_head_json":{"title":"Noticias - AERCA","robots":{"index":"index","follow":"follow","max-snippet":"max-snippet:-1","max-image-preview":"max-image-preview:large","max-video-preview":"max-video-preview:-1"},"canonical":"https:\/\/aerca.org.ar\/asociacion-empresarios\/noticias\/","og_locale":"es_ES","og_type":"article","og_title":"Noticias - AERCA","og_description":"Noticias Buscar Buscar Empresas Institucional Todo espacio para feed de instagram","og_url":"https:\/\/aerca.org.ar\/asociacion-empresarios\/noticias\/","og_site_name":"AERCA","article_publisher":"https:\/\/www.facebook.com\/aercavm","article_modified_time":"2025-10-27T19:35:44+00:00","twitter_card":"summary_large_image","twitter_site":"@aercavm","schema":{"@context":"https:\/\/schema.org","@graph":[{"@type":"WebPage","@id":"https:\/\/aerca.org.ar\/asociacion-empresarios\/noticias\/","url":"https:\/\/aerca.org.ar\/asociacion-empresarios\/noticias\/","name":"Noticias - AERCA","isPartOf":{"@id":"https:\/\/aerca.org.ar\/asociacion-empresarios\/#website"},"datePublished":"2025-08-06T02:33:29+00:00","dateModified":"2025-10-27T19:35:44+00:00","breadcrumb":{"@id":"https:\/\/aerca.org.ar\/asociacion-empresarios\/noticias\/#breadcrumb"},"inLanguage":"es","potentialAction":[{"@type":"ReadAction","target":["https:\/\/aerca.org.ar\/asociacion-empresarios\/noticias\/"]}]},{"@type":"BreadcrumbList","@id":"https:\/\/aerca.org.ar\/asociacion-empresarios\/noticias\/#breadcrumb","itemListElement":[{"@type":"ListItem","position":1,"name":"Portada","item":"https:\/\/aerca.org.ar\/asociacion-empresarios\/"},{"@type":"ListItem","position":2,"name":"Noticias"}]},{"@type":"WebSite","@id":"https:\/\/aerca.org.ar\/asociacion-empresarios\/#website","url":"https:\/\/aerca.org.ar\/asociacion-empresarios\/","name":"AERCA","description":"Asociacion de Empresarios de la Region Centro Argentina","publisher":{"@id":"https:\/\/aerca.org.ar\/asociacion-empresarios\/#organization"},"potentialAction":[{"@type":"SearchAction","target":{"@type":"EntryPoint","urlTemplate":"https:\/\/aerca.org.ar\/asociacion-empresarios\/?s={search_term_string}"},"query-input":{"@type":"PropertyValueSpecification","valueRequired":true,"valueName":"search_term_string"}}],"inLanguage":"es"},{"@type":"Organization","@id":"https:\/\/aerca.org.ar\/asociacion-empresarios\/#organization","name":"AERCA","url":"https:\/\/aerca.org.ar\/asociacion-empresarios\/","logo":{"@type":"ImageObject","inLanguage":"es","@id":"https:\/\/aerca.org.ar\/asociacion-empresarios\/#\/schema\/logo\/image\/","url":"https:\/\/aerca.org.ar\/asociacion-empresarios\/wp-content\/uploads\/2025\/09\/logo-aerca-95-anos-scaled.png","contentUrl":"https:\/\/aerca.org.ar\/asociacion-empresarios\/wp-content\/uploads\/2025\/09\/logo-aerca-95-anos-scaled.png","width":2560,"height":569,"caption":"AERCA"},"image":{"@id":"https:\/\/aerca.org.ar\/asociacion-empresarios\/#\/schema\/logo\/image\/"},"sameAs":["https:\/\/www.facebook.com\/aercavm","https:\/\/x.com\/aercavm","https:\/\/www.youtube.com\/@aercavm","https:\/\/www.instagram.com\/aercavm\/"]}]}},"jetpack_sharing_enabled":true,"_links":{"self":[{"href":"https:\/\/aerca.org.ar\/asociacion-empresarios\/wp-json\/wp\/v2\/pages\/991","targetHints":{"allow":["GET"]}}],"collection":[{"href":"https:\/\/aerca.org.ar\/asociacion-empresarios\/wp-json\/wp\/v2\/pages"}],"about":[{"href":"https:\/\/aerca.org.ar\/asociacion-empresarios\/wp-json\/wp\/v2\/types\/page"}],"author":[{"embeddable":true,"href":"https:\/\/aerca.org.ar\/asociacion-empresarios\/wp-json\/wp\/v2\/users\/3"}],"replies":[{"embeddable":true,"href":"https:\/\/aerca.org.ar\/asociacion-empresarios\/wp-json\/wp\/v2\/comments?post=991"}],"version-history":[{"count":99,"href":"https:\/\/aerca.org.ar\/asociacion-empresarios\/wp-json\/wp\/v2\/pages\/991\/revisions"}],"predecessor-version":[{"id":2210,"href":"https:\/\/aerca.org.ar\/asociacion-empresarios\/wp-json\/wp\/v2\/pages\/991\/revisions\/2210"}],"wp:attachment":[{"href":"https:\/\/aerca.org.ar\/asociacion-empresarios\/wp-json\/wp\/v2\/media?parent=991"}],"curies":[{"name":"wp","href":"https:\/\/api.w.org\/{rel}","templated":true}]}}