{"id":991,"date":"2025-08-06T02:33:29","date_gmt":"2025-08-06T02:33:29","guid":{"rendered":"https:\/\/aerca.org.ar\/asociacion-empresarios\/?page_id=991"},"modified":"2025-10-27T19:35:44","modified_gmt":"2025-10-27T19:35:44","slug":"noticias","status":"publish","type":"page","link":"https:\/\/aerca.org.ar\/asociacion-empresarios\/noticias\/","title":{"rendered":"Noticias"},"content":{"rendered":"\t\t<div data-elementor-type=\"wp-page\" data-elementor-id=\"991\" class=\"elementor elementor-991\" data-elementor-post-type=\"page\">\n\t\t\t\t<div class=\"elementor-element elementor-element-485585c e-con-full e-flex e-con e-parent\" data-id=\"485585c\" data-element_type=\"container\" data-e-type=\"container\">\n\t\t<div class=\"elementor-element elementor-element-4c706792 e-con-full e-flex e-con e-child\" data-id=\"4c706792\" data-element_type=\"container\" data-e-type=\"container\">\n\t\t\t\t<div class=\"elementor-element elementor-element-383c25f6 elementor-widget__width-initial elementor-invisible elementor-widget elementor-widget-heading\" data-id=\"383c25f6\" data-element_type=\"widget\" data-e-type=\"widget\" data-settings=\"{&quot;_animation&quot;:&quot;fadeInUp&quot;}\" data-widget_type=\"heading.default\">\n\t\t\t\t\t<h2 class=\"elementor-heading-title elementor-size-default\">Noticias<\/h2>\t\t\t\t<\/div>\n\t\t\t\t<\/div>\n\t\t<div class=\"elementor-element elementor-element-74e8b31b e-con-full e-flex e-con e-child\" data-id=\"74e8b31b\" data-element_type=\"container\" data-e-type=\"container\">\n\t\t\t\t<div class=\"elementor-element elementor-element-63cc8437 elementor-widget__width-initial elementor-widget elementor-widget-search\" data-id=\"63cc8437\" data-element_type=\"widget\" data-e-type=\"widget\" data-settings=\"{&quot;submit_trigger&quot;:&quot;click_submit&quot;,&quot;pagination_type_options&quot;:&quot;none&quot;}\" data-widget_type=\"search.default\">\n\t\t\t\t\t\t\t<search class=\"e-search hidden\" role=\"search\">\n\t\t\t<form class=\"e-search-form\" action=\"https:\/\/aerca.org.ar\/asociacion-empresarios\" method=\"get\">\n\n\t\t\t\t\n\t\t\t\t<label class=\"e-search-label\" for=\"search-63cc8437\">\n\t\t\t\t\t<span class=\"elementor-screen-only\">\n\t\t\t\t\t\tBuscar\t\t\t\t\t<\/span>\n\t\t\t\t\t\t\t\t\t<\/label>\n\n\t\t\t\t<div class=\"e-search-input-wrapper\">\n\t\t\t\t\t<input id=\"search-63cc8437\" placeholder=\"Buscar\" class=\"e-search-input\" type=\"search\" name=\"s\" value=\"\" autocomplete=\"on\" role=\"combobox\" aria-autocomplete=\"list\" aria-expanded=\"false\" aria-controls=\"results-63cc8437\" aria-haspopup=\"listbox\">\n\t\t\t\t\t<svg aria-hidden=\"true\" class=\"e-font-icon-svg e-fas-search\" viewBox=\"0 0 512 512\" xmlns=\"http:\/\/www.w3.org\/2000\/svg\"><path d=\"M505 442.7L405.3 343c-4.5-4.5-10.6-7-17-7H372c27.6-35.3 44-79.7 44-128C416 93.1 322.9 0 208 0S0 93.1 0 208s93.1 208 208 208c48.3 0 92.7-16.4 128-44v16.3c0 6.4 2.5 12.5 7 17l99.7 99.7c9.4 9.4 24.6 9.4 33.9 0l28.3-28.3c9.4-9.4 9.4-24.6.1-34zM208 336c-70.7 0-128-57.2-128-128 0-70.7 57.2-128 128-128 70.7 0 128 57.2 128 128 0 70.7-57.2 128-128 128z\"><\/path><\/svg>\t\t\t\t\t\t\t\t\t\t<output id=\"results-63cc8437\" class=\"e-search-results-container hide-loader\" aria-live=\"polite\" aria-atomic=\"true\" aria-label=\"Resultados de b\u00fasqueda\" tabindex=\"0\">\n\t\t\t\t\t\t<div class=\"e-search-results\"><\/div>\n\t\t\t\t\t\t\t\t\t\t\t<\/output>\n\t\t\t\t\t\t\t\t\t<\/div>\n\t\t\t\t\n\t\t\t\t\n\t\t\t\t<button class=\"e-search-submit  \" type=\"submit\">\n\t\t\t\t\t\n\t\t\t\t\t\t\t\t\t\t<span class=\"\">\n\t\t\t\t\t\tBuscar\t\t\t\t\t<\/span>\n\t\t\t\t\t\t\t\t\t<\/button>\n\t\t\t\t<input type=\"hidden\" name=\"e_search_props\" value=\"63cc8437-991\">\n\t\t\t<\/form>\n\t\t<\/search>\n\t\t\t\t\t\t<\/div>\n\t\t\t\t<\/div>\n\t\t\t\t<\/div>\n\t\t<div class=\"elementor-element elementor-element-8fb9982 e-flex e-con-boxed e-con e-parent\" data-id=\"8fb9982\" data-element_type=\"container\" data-e-type=\"container\" data-settings=\"{&quot;shape_divider_bottom&quot;:&quot;mountains&quot;}\">\n\t\t\t\t\t<div class=\"e-con-inner\">\n\t\t\t\t<div class=\"elementor-shape elementor-shape-bottom\" aria-hidden=\"true\" data-negative=\"false\">\n\t\t\t<svg xmlns=\"http:\/\/www.w3.org\/2000\/svg\" viewBox=\"0 0 1000 100\" preserveAspectRatio=\"none\">\n\t<path class=\"elementor-shape-fill\" opacity=\"0.33\" d=\"M473,67.3c-203.9,88.3-263.1-34-320.3,0C66,119.1,0,59.7,0,59.7V0h1000v59.7 c0,0-62.1,26.1-94.9,29.3c-32.8,3.3-62.8-12.3-75.8-22.1C806,49.6,745.3,8.7,694.9,4.7S492.4,59,473,67.3z\"\/>\n\t<path class=\"elementor-shape-fill\" opacity=\"0.66\" d=\"M734,67.3c-45.5,0-77.2-23.2-129.1-39.1c-28.6-8.7-150.3-10.1-254,39.1 s-91.7-34.4-149.2,0C115.7,118.3,0,39.8,0,39.8V0h1000v36.5c0,0-28.2-18.5-92.1-18.5C810.2,18.1,775.7,67.3,734,67.3z\"\/>\n\t<path class=\"elementor-shape-fill\" d=\"M766.1,28.9c-200-57.5-266,65.5-395.1,19.5C242,1.8,242,5.4,184.8,20.6C128,35.8,132.3,44.9,89.9,52.5C28.6,63.7,0,0,0,0 h1000c0,0-9.9,40.9-83.6,48.1S829.6,47,766.1,28.9z\"\/>\n<\/svg>\t\t<\/div>\n\t\t\t\t<div class=\"elementor-element elementor-element-3f1600c elementor-widget elementor-widget-taxonomy-filter\" data-id=\"3f1600c\" data-element_type=\"widget\" data-e-type=\"widget\" data-settings=\"{&quot;selected_element&quot;:&quot;7cf1187&quot;,&quot;taxonomy&quot;:&quot;category&quot;,&quot;horizontal_scroll&quot;:&quot;disable&quot;}\" data-widget_type=\"taxonomy-filter.default\">\n\t\t\t\t\t\t\t<search class=\"e-filter\" role=\"search\" data-base-url=\"https:\/\/aerca.org.ar\/asociacion-empresarios\/\" data-page-num=\"1\">\n\t\t\t\t\t\t\t<button class=\"e-filter-item\" data-filter=\"comercio\" aria-pressed=\"false\">Comercio<\/button>\n\t\t\t\t\t\t\t<button class=\"e-filter-item\" data-filter=\"emprendedurismo\" aria-pressed=\"false\">Emprendedurismo<\/button>\n\t\t\t\t\t\t\t<button class=\"e-filter-item\" data-filter=\"empresas\" aria-pressed=\"false\">Empresas<\/button>\n\t\t\t\t\t\t\t<button class=\"e-filter-item\" data-filter=\"institucional\" aria-pressed=\"false\">Institucional<\/button>\n\t\t\t\t\t\t\t<button class=\"e-filter-item\" data-filter=\"negocios-internacionales\" aria-pressed=\"false\">Negocios Internacionales<\/button>\n\t\t\t\t\t\t\t<button class=\"e-filter-item\" data-filter=\"sin-categoria\" aria-pressed=\"false\">Sin categor\u00eda<\/button>\n\t\t\t\n\t\t\t\t\t\t\t\t\t<button class=\"e-filter-item\" data-filter=\"__all\" aria-pressed=\"true\">\n\t\t\t\tTodas\t\t\t<\/button>\n\t\t\t\t\t<\/search>\n\t\t\t\t\t\t<\/div>\n\t\t\t\t<div class=\"elementor-element elementor-element-7cf1187 elementor-grid-4 elementor-grid-tablet-2 elementor-grid-mobile-1 elementor-widget elementor-widget-loop-grid\" data-id=\"7cf1187\" data-element_type=\"widget\" data-e-type=\"widget\" data-settings=\"{&quot;template_id&quot;:1593,&quot;columns&quot;:4,&quot;_skin&quot;:&quot;post&quot;,&quot;columns_tablet&quot;:&quot;2&quot;,&quot;columns_mobile&quot;:&quot;1&quot;,&quot;edit_handle_selector&quot;:&quot;[data-elementor-type=\\&quot;loop-item\\&quot;]&quot;,&quot;row_gap&quot;:{&quot;unit&quot;:&quot;px&quot;,&quot;size&quot;:&quot;&quot;,&quot;sizes&quot;:[]},&quot;row_gap_tablet&quot;:{&quot;unit&quot;:&quot;px&quot;,&quot;size&quot;:&quot;&quot;,&quot;sizes&quot;:[]},&quot;row_gap_mobile&quot;:{&quot;unit&quot;:&quot;px&quot;,&quot;size&quot;:&quot;&quot;,&quot;sizes&quot;:[]}}\" data-widget_type=\"loop-grid.post\">\n\t\t\t\t<div class=\"elementor-widget-container\">\n\t\t\t\t\t\t\t<div class=\"elementor-loop-container elementor-grid\" role=\"list\">\n\t\t<style id=\"loop-1593\">.elementor-1593 .elementor-element.elementor-element-783343d{--display:flex;--flex-direction:column;--container-widget-width:100%;--container-widget-height:initial;--container-widget-flex-grow:0;--container-widget-align-self:initial;--flex-wrap-mobile:wrap;--border-radius:30px 30px 30px 30px;box-shadow:0px 0px 10px 0px rgba(0,0,0,0.5);--padding-top:00px;--padding-bottom:00px;--padding-left:00px;--padding-right:00px;}.elementor-widget-theme-post-featured-image .widget-image-caption{color:var( --e-global-color-text );font-family:var( --e-global-typography-text-font-family ), Sans-serif;font-weight:var( --e-global-typography-text-font-weight );}.elementor-1593 .elementor-element.elementor-element-0fec77d img{border-radius:30px 30px 0px 0px;}.elementor-widget-theme-post-title .elementor-heading-title{font-family:var( --e-global-typography-primary-font-family ), Sans-serif;font-weight:var( --e-global-typography-primary-font-weight );color:var( --e-global-color-primary );}.elementor-1593 .elementor-element.elementor-element-4a87f20 .elementor-heading-title{font-family:\"Montserrat\", Sans-serif;font-size:17px;font-weight:500;color:var( --e-global-color-text );}.elementor-1593 .elementor-element.elementor-element-4a87f20{padding:0px 20px 0px 20px;}.elementor-widget-heading .elementor-heading-title{font-family:var( --e-global-typography-primary-font-family ), Sans-serif;font-weight:var( --e-global-typography-primary-font-weight );color:var( --e-global-color-primary );}.elementor-1593 .elementor-element.elementor-element-7b888f5 .elementor-heading-title{font-family:\"Montserrat\", Sans-serif;font-size:17px;font-weight:600;color:var( --e-global-color-fc734ef );}.elementor-1593 .elementor-element.elementor-element-7b888f5{padding:0px 20px 20px 20px;}@media(max-width:767px){.elementor-1593 .elementor-element.elementor-element-4a87f20{text-align:center;}.elementor-1593 .elementor-element.elementor-element-4a87f20 .elementor-heading-title{font-size:17px;}.elementor-1593 .elementor-element.elementor-element-7b888f5{text-align:center;}.elementor-1593 .elementor-element.elementor-element-7b888f5 .elementor-heading-title{font-size:17px;}}<\/style>\t\t<div data-elementor-type=\"loop-item\" data-elementor-id=\"1593\" class=\"elementor elementor-1593 e-loop-item e-loop-item-2795 post-2795 post type-post status-publish format-standard has-post-thumbnail hentry category-sin-categoria\" data-elementor-post-type=\"elementor_library\" data-custom-edit-handle=\"1\">\n\t\t\t<div class=\"elementor-element elementor-element-783343d e-flex e-con-boxed e-con e-parent\" data-id=\"783343d\" data-element_type=\"container\" data-e-type=\"container\">\n\t\t\t\t\t<div class=\"e-con-inner\">\n\t\t\t\t<div class=\"elementor-element elementor-element-0fec77d elementor-widget elementor-widget-theme-post-featured-image elementor-widget-image\" data-id=\"0fec77d\" data-element_type=\"widget\" data-e-type=\"widget\" data-widget_type=\"theme-post-featured-image.default\">\n\t\t\t\t\t\t\t\t\t\t\t\t\t\t\t\t<a href=\"https:\/\/aerca.org.ar\/asociacion-empresarios\/beneficios-exclusivos-para-socios-en-academia-de-la-industria-para-potenciar-la-formacion-tecnica\/\">\n\t\t\t\t\t\t\t<img fetchpriority=\"high\" decoding=\"async\" width=\"800\" height=\"436\" src=\"https:\/\/aerca.org.ar\/asociacion-empresarios\/wp-content\/uploads\/2026\/04\/NOTICIAS-14.jpg\" class=\"attachment-large size-large wp-image-2796\" alt=\"\" srcset=\"https:\/\/aerca.org.ar\/asociacion-empresarios\/wp-content\/uploads\/2026\/04\/NOTICIAS-14.jpg 900w, https:\/\/aerca.org.ar\/asociacion-empresarios\/wp-content\/uploads\/2026\/04\/NOTICIAS-14-300x163.jpg 300w, https:\/\/aerca.org.ar\/asociacion-empresarios\/wp-content\/uploads\/2026\/04\/NOTICIAS-14-768x418.jpg 768w\" sizes=\"(max-width: 800px) 100vw, 800px\" \/>\t\t\t\t\t\t\t\t<\/a>\n\t\t\t\t\t\t\t\t\t\t\t\t\t\t\t<\/div>\n\t\t\t\t<div class=\"elementor-element elementor-element-4a87f20 elementor-widget elementor-widget-theme-post-title elementor-page-title elementor-widget-heading\" data-id=\"4a87f20\" data-element_type=\"widget\" data-e-type=\"widget\" data-widget_type=\"theme-post-title.default\">\n\t\t\t\t\t<h1 class=\"elementor-heading-title elementor-size-default\"><a href=\"https:\/\/aerca.org.ar\/asociacion-empresarios\/beneficios-exclusivos-para-socios-en-academia-de-la-industria-para-potenciar-la-formacion-tecnica\/\">Beneficios exclusivos para socios en Academia de la Industria para potenciar la formaci\u00f3n t\u00e9cnica<\/a><\/h1>\t\t\t\t<\/div>\n\t\t\t\t<div class=\"elementor-element elementor-element-7b888f5 elementor-widget elementor-widget-heading\" data-id=\"7b888f5\" data-element_type=\"widget\" data-e-type=\"widget\" data-widget_type=\"heading.default\">\n\t\t\t\t\t<h2 class=\"elementor-heading-title elementor-size-default\"><a href=\"https:\/\/aerca.org.ar\/asociacion-empresarios\/beneficios-exclusivos-para-socios-en-academia-de-la-industria-para-potenciar-la-formacion-tecnica\/\">Ver Noticia &gt;<\/a><\/h2>\t\t\t\t<\/div>\n\t\t\t\t\t<\/div>\n\t\t\t\t<\/div>\n\t\t\t\t<\/div>\n\t\t\t\t<div data-elementor-type=\"loop-item\" data-elementor-id=\"1593\" class=\"elementor elementor-1593 e-loop-item e-loop-item-2775 post-2775 post type-post status-publish format-standard has-post-thumbnail hentry category-institucional\" data-elementor-post-type=\"elementor_library\" data-custom-edit-handle=\"1\">\n\t\t\t<div class=\"elementor-element elementor-element-783343d e-flex e-con-boxed e-con e-parent\" data-id=\"783343d\" data-element_type=\"container\" data-e-type=\"container\">\n\t\t\t\t\t<div class=\"e-con-inner\">\n\t\t\t\t<div class=\"elementor-element elementor-element-0fec77d elementor-widget elementor-widget-theme-post-featured-image elementor-widget-image\" data-id=\"0fec77d\" data-element_type=\"widget\" data-e-type=\"widget\" data-widget_type=\"theme-post-featured-image.default\">\n\t\t\t\t\t\t\t\t\t\t\t\t\t\t\t\t<a href=\"https:\/\/aerca.org.ar\/asociacion-empresarios\/aerca-impulsa-la-transformacion-de-la-gestion-comercial-en-el-sector-productivo\/\">\n\t\t\t\t\t\t\t<img decoding=\"async\" width=\"800\" height=\"436\" src=\"https:\/\/aerca.org.ar\/asociacion-empresarios\/wp-content\/uploads\/2026\/04\/NOTICIAS-13.jpg\" class=\"attachment-large size-large wp-image-2776\" alt=\"\" srcset=\"https:\/\/aerca.org.ar\/asociacion-empresarios\/wp-content\/uploads\/2026\/04\/NOTICIAS-13.jpg 900w, https:\/\/aerca.org.ar\/asociacion-empresarios\/wp-content\/uploads\/2026\/04\/NOTICIAS-13-300x163.jpg 300w, https:\/\/aerca.org.ar\/asociacion-empresarios\/wp-content\/uploads\/2026\/04\/NOTICIAS-13-768x418.jpg 768w\" sizes=\"(max-width: 800px) 100vw, 800px\" \/>\t\t\t\t\t\t\t\t<\/a>\n\t\t\t\t\t\t\t\t\t\t\t\t\t\t\t<\/div>\n\t\t\t\t<div class=\"elementor-element elementor-element-4a87f20 elementor-widget elementor-widget-theme-post-title elementor-page-title elementor-widget-heading\" data-id=\"4a87f20\" data-element_type=\"widget\" data-e-type=\"widget\" data-widget_type=\"theme-post-title.default\">\n\t\t\t\t\t<h1 class=\"elementor-heading-title elementor-size-default\"><a href=\"https:\/\/aerca.org.ar\/asociacion-empresarios\/aerca-impulsa-la-transformacion-de-la-gestion-comercial-en-el-sector-productivo\/\">AERCA impulsa la transformaci\u00f3n de la gesti\u00f3n comercial en el sector productivo<\/a><\/h1>\t\t\t\t<\/div>\n\t\t\t\t<div class=\"elementor-element elementor-element-7b888f5 elementor-widget elementor-widget-heading\" data-id=\"7b888f5\" data-element_type=\"widget\" data-e-type=\"widget\" data-widget_type=\"heading.default\">\n\t\t\t\t\t<h2 class=\"elementor-heading-title elementor-size-default\"><a href=\"https:\/\/aerca.org.ar\/asociacion-empresarios\/aerca-impulsa-la-transformacion-de-la-gestion-comercial-en-el-sector-productivo\/\">Ver Noticia &gt;<\/a><\/h2>\t\t\t\t<\/div>\n\t\t\t\t\t<\/div>\n\t\t\t\t<\/div>\n\t\t\t\t<\/div>\n\t\t\t\t<div data-elementor-type=\"loop-item\" data-elementor-id=\"1593\" class=\"elementor elementor-1593 e-loop-item e-loop-item-2770 post-2770 post type-post status-publish format-standard has-post-thumbnail hentry category-institucional\" data-elementor-post-type=\"elementor_library\" data-custom-edit-handle=\"1\">\n\t\t\t<div class=\"elementor-element elementor-element-783343d e-flex e-con-boxed e-con e-parent\" data-id=\"783343d\" data-element_type=\"container\" data-e-type=\"container\">\n\t\t\t\t\t<div class=\"e-con-inner\">\n\t\t\t\t<div class=\"elementor-element elementor-element-0fec77d elementor-widget elementor-widget-theme-post-featured-image elementor-widget-image\" data-id=\"0fec77d\" data-element_type=\"widget\" data-e-type=\"widget\" data-widget_type=\"theme-post-featured-image.default\">\n\t\t\t\t\t\t\t\t\t\t\t\t\t\t\t\t<a href=\"https:\/\/aerca.org.ar\/asociacion-empresarios\/esencia-empresaria-reunio-a-mas-de-70-mujeres-de-diferentes-rubros-del-sector-productivo\/\">\n\t\t\t\t\t\t\t<img decoding=\"async\" width=\"800\" height=\"436\" src=\"https:\/\/aerca.org.ar\/asociacion-empresarios\/wp-content\/uploads\/2026\/04\/NOTICIAS-11.jpg\" class=\"attachment-large size-large wp-image-2771\" alt=\"\" srcset=\"https:\/\/aerca.org.ar\/asociacion-empresarios\/wp-content\/uploads\/2026\/04\/NOTICIAS-11.jpg 900w, https:\/\/aerca.org.ar\/asociacion-empresarios\/wp-content\/uploads\/2026\/04\/NOTICIAS-11-300x163.jpg 300w, https:\/\/aerca.org.ar\/asociacion-empresarios\/wp-content\/uploads\/2026\/04\/NOTICIAS-11-768x418.jpg 768w\" sizes=\"(max-width: 800px) 100vw, 800px\" \/>\t\t\t\t\t\t\t\t<\/a>\n\t\t\t\t\t\t\t\t\t\t\t\t\t\t\t<\/div>\n\t\t\t\t<div class=\"elementor-element elementor-element-4a87f20 elementor-widget elementor-widget-theme-post-title elementor-page-title elementor-widget-heading\" data-id=\"4a87f20\" data-element_type=\"widget\" data-e-type=\"widget\" data-widget_type=\"theme-post-title.default\">\n\t\t\t\t\t<h1 class=\"elementor-heading-title elementor-size-default\"><a href=\"https:\/\/aerca.org.ar\/asociacion-empresarios\/esencia-empresaria-reunio-a-mas-de-70-mujeres-de-diferentes-rubros-del-sector-productivo\/\">Esencia Empresaria reuni\u00f3 a m\u00e1s de 70 mujeres de diferentes rubros del sector productivo<\/a><\/h1>\t\t\t\t<\/div>\n\t\t\t\t<div class=\"elementor-element elementor-element-7b888f5 elementor-widget elementor-widget-heading\" data-id=\"7b888f5\" data-element_type=\"widget\" data-e-type=\"widget\" data-widget_type=\"heading.default\">\n\t\t\t\t\t<h2 class=\"elementor-heading-title elementor-size-default\"><a href=\"https:\/\/aerca.org.ar\/asociacion-empresarios\/esencia-empresaria-reunio-a-mas-de-70-mujeres-de-diferentes-rubros-del-sector-productivo\/\">Ver Noticia &gt;<\/a><\/h2>\t\t\t\t<\/div>\n\t\t\t\t\t<\/div>\n\t\t\t\t<\/div>\n\t\t\t\t<\/div>\n\t\t\t\t<div data-elementor-type=\"loop-item\" data-elementor-id=\"1593\" class=\"elementor elementor-1593 e-loop-item e-loop-item-2767 post-2767 post type-post status-publish format-standard has-post-thumbnail hentry category-institucional\" data-elementor-post-type=\"elementor_library\" data-custom-edit-handle=\"1\">\n\t\t\t<div class=\"elementor-element elementor-element-783343d e-flex e-con-boxed e-con e-parent\" data-id=\"783343d\" data-element_type=\"container\" data-e-type=\"container\">\n\t\t\t\t\t<div class=\"e-con-inner\">\n\t\t\t\t<div class=\"elementor-element elementor-element-0fec77d elementor-widget elementor-widget-theme-post-featured-image elementor-widget-image\" data-id=\"0fec77d\" data-element_type=\"widget\" data-e-type=\"widget\" data-widget_type=\"theme-post-featured-image.default\">\n\t\t\t\t\t\t\t\t\t\t\t\t\t\t\t\t<a href=\"https:\/\/aerca.org.ar\/asociacion-empresarios\/semana-mundial-de-concientizacion-sobre-el-autismo\/\">\n\t\t\t\t\t\t\t<img loading=\"lazy\" decoding=\"async\" width=\"800\" height=\"436\" src=\"https:\/\/aerca.org.ar\/asociacion-empresarios\/wp-content\/uploads\/2026\/04\/NOTICIAS-10.jpg\" class=\"attachment-large size-large wp-image-2768\" alt=\"\" srcset=\"https:\/\/aerca.org.ar\/asociacion-empresarios\/wp-content\/uploads\/2026\/04\/NOTICIAS-10.jpg 900w, https:\/\/aerca.org.ar\/asociacion-empresarios\/wp-content\/uploads\/2026\/04\/NOTICIAS-10-300x163.jpg 300w, https:\/\/aerca.org.ar\/asociacion-empresarios\/wp-content\/uploads\/2026\/04\/NOTICIAS-10-768x418.jpg 768w\" sizes=\"(max-width: 800px) 100vw, 800px\" \/>\t\t\t\t\t\t\t\t<\/a>\n\t\t\t\t\t\t\t\t\t\t\t\t\t\t\t<\/div>\n\t\t\t\t<div class=\"elementor-element elementor-element-4a87f20 elementor-widget elementor-widget-theme-post-title elementor-page-title elementor-widget-heading\" data-id=\"4a87f20\" data-element_type=\"widget\" data-e-type=\"widget\" data-widget_type=\"theme-post-title.default\">\n\t\t\t\t\t<h1 class=\"elementor-heading-title elementor-size-default\"><a href=\"https:\/\/aerca.org.ar\/asociacion-empresarios\/semana-mundial-de-concientizacion-sobre-el-autismo\/\">Semana Mundial de Concientizaci\u00f3n sobre el Autismo<\/a><\/h1>\t\t\t\t<\/div>\n\t\t\t\t<div class=\"elementor-element elementor-element-7b888f5 elementor-widget elementor-widget-heading\" data-id=\"7b888f5\" data-element_type=\"widget\" data-e-type=\"widget\" data-widget_type=\"heading.default\">\n\t\t\t\t\t<h2 class=\"elementor-heading-title elementor-size-default\"><a href=\"https:\/\/aerca.org.ar\/asociacion-empresarios\/semana-mundial-de-concientizacion-sobre-el-autismo\/\">Ver Noticia &gt;<\/a><\/h2>\t\t\t\t<\/div>\n\t\t\t\t\t<\/div>\n\t\t\t\t<\/div>\n\t\t\t\t<\/div>\n\t\t\t\t<div data-elementor-type=\"loop-item\" data-elementor-id=\"1593\" class=\"elementor elementor-1593 e-loop-item e-loop-item-2764 post-2764 post type-post status-publish format-standard has-post-thumbnail hentry category-emprendedurismo category-institucional\" data-elementor-post-type=\"elementor_library\" data-custom-edit-handle=\"1\">\n\t\t\t<div class=\"elementor-element elementor-element-783343d e-flex e-con-boxed e-con e-parent\" data-id=\"783343d\" data-element_type=\"container\" data-e-type=\"container\">\n\t\t\t\t\t<div class=\"e-con-inner\">\n\t\t\t\t<div class=\"elementor-element elementor-element-0fec77d elementor-widget elementor-widget-theme-post-featured-image elementor-widget-image\" data-id=\"0fec77d\" data-element_type=\"widget\" data-e-type=\"widget\" data-widget_type=\"theme-post-featured-image.default\">\n\t\t\t\t\t\t\t\t\t\t\t\t\t\t\t\t<a href=\"https:\/\/aerca.org.ar\/asociacion-empresarios\/la-gremial-obtuvo-un-reconocimiento-internacional-de-geial-por-su-trayectoria-acompanando-a-emprendedores\/\">\n\t\t\t\t\t\t\t<img loading=\"lazy\" decoding=\"async\" width=\"800\" height=\"450\" src=\"https:\/\/aerca.org.ar\/asociacion-empresarios\/wp-content\/uploads\/2026\/03\/Asamblea-General-95-ANOS-2-1024x576.jpg\" class=\"attachment-large size-large wp-image-2765\" alt=\"\" srcset=\"https:\/\/aerca.org.ar\/asociacion-empresarios\/wp-content\/uploads\/2026\/03\/Asamblea-General-95-ANOS-2-1024x576.jpg 1024w, https:\/\/aerca.org.ar\/asociacion-empresarios\/wp-content\/uploads\/2026\/03\/Asamblea-General-95-ANOS-2-300x169.jpg 300w, https:\/\/aerca.org.ar\/asociacion-empresarios\/wp-content\/uploads\/2026\/03\/Asamblea-General-95-ANOS-2-768x432.jpg 768w, https:\/\/aerca.org.ar\/asociacion-empresarios\/wp-content\/uploads\/2026\/03\/Asamblea-General-95-ANOS-2-1536x864.jpg 1536w, https:\/\/aerca.org.ar\/asociacion-empresarios\/wp-content\/uploads\/2026\/03\/Asamblea-General-95-ANOS-2.jpg 1920w\" sizes=\"(max-width: 800px) 100vw, 800px\" \/>\t\t\t\t\t\t\t\t<\/a>\n\t\t\t\t\t\t\t\t\t\t\t\t\t\t\t<\/div>\n\t\t\t\t<div class=\"elementor-element elementor-element-4a87f20 elementor-widget elementor-widget-theme-post-title elementor-page-title elementor-widget-heading\" data-id=\"4a87f20\" data-element_type=\"widget\" data-e-type=\"widget\" data-widget_type=\"theme-post-title.default\">\n\t\t\t\t\t<h1 class=\"elementor-heading-title elementor-size-default\"><a href=\"https:\/\/aerca.org.ar\/asociacion-empresarios\/la-gremial-obtuvo-un-reconocimiento-internacional-de-geial-por-su-trayectoria-acompanando-a-emprendedores\/\">La gremial obtuvo un reconocimiento internacional de GEIAL por su trayectoria acompa\u00f1ando a emprendedores.<\/a><\/h1>\t\t\t\t<\/div>\n\t\t\t\t<div class=\"elementor-element elementor-element-7b888f5 elementor-widget elementor-widget-heading\" data-id=\"7b888f5\" data-element_type=\"widget\" data-e-type=\"widget\" data-widget_type=\"heading.default\">\n\t\t\t\t\t<h2 class=\"elementor-heading-title elementor-size-default\"><a href=\"https:\/\/aerca.org.ar\/asociacion-empresarios\/la-gremial-obtuvo-un-reconocimiento-internacional-de-geial-por-su-trayectoria-acompanando-a-emprendedores\/\">Ver Noticia &gt;<\/a><\/h2>\t\t\t\t<\/div>\n\t\t\t\t\t<\/div>\n\t\t\t\t<\/div>\n\t\t\t\t<\/div>\n\t\t\t\t<div data-elementor-type=\"loop-item\" data-elementor-id=\"1593\" class=\"elementor elementor-1593 e-loop-item e-loop-item-2760 post-2760 post type-post status-publish format-standard has-post-thumbnail hentry category-institucional\" data-elementor-post-type=\"elementor_library\" data-custom-edit-handle=\"1\">\n\t\t\t<div class=\"elementor-element elementor-element-783343d e-flex e-con-boxed e-con e-parent\" data-id=\"783343d\" data-element_type=\"container\" data-e-type=\"container\">\n\t\t\t\t\t<div class=\"e-con-inner\">\n\t\t\t\t<div class=\"elementor-element elementor-element-0fec77d elementor-widget elementor-widget-theme-post-featured-image elementor-widget-image\" data-id=\"0fec77d\" data-element_type=\"widget\" data-e-type=\"widget\" data-widget_type=\"theme-post-featured-image.default\">\n\t\t\t\t\t\t\t\t\t\t\t\t\t\t\t\t<a href=\"https:\/\/aerca.org.ar\/asociacion-empresarios\/reunion-de-planificacion-anual-de-camaras-de-aerca\/\">\n\t\t\t\t\t\t\t<img loading=\"lazy\" decoding=\"async\" width=\"800\" height=\"445\" src=\"https:\/\/aerca.org.ar\/asociacion-empresarios\/wp-content\/uploads\/2026\/03\/Banner-para-NEWSLETTER-1024x569.png\" class=\"attachment-large size-large wp-image-2763\" alt=\"\" srcset=\"https:\/\/aerca.org.ar\/asociacion-empresarios\/wp-content\/uploads\/2026\/03\/Banner-para-NEWSLETTER-1024x569.png 1024w, https:\/\/aerca.org.ar\/asociacion-empresarios\/wp-content\/uploads\/2026\/03\/Banner-para-NEWSLETTER-300x167.png 300w, https:\/\/aerca.org.ar\/asociacion-empresarios\/wp-content\/uploads\/2026\/03\/Banner-para-NEWSLETTER-768x427.png 768w, https:\/\/aerca.org.ar\/asociacion-empresarios\/wp-content\/uploads\/2026\/03\/Banner-para-NEWSLETTER.png 1080w\" sizes=\"(max-width: 800px) 100vw, 800px\" \/>\t\t\t\t\t\t\t\t<\/a>\n\t\t\t\t\t\t\t\t\t\t\t\t\t\t\t<\/div>\n\t\t\t\t<div class=\"elementor-element elementor-element-4a87f20 elementor-widget elementor-widget-theme-post-title elementor-page-title elementor-widget-heading\" data-id=\"4a87f20\" data-element_type=\"widget\" data-e-type=\"widget\" data-widget_type=\"theme-post-title.default\">\n\t\t\t\t\t<h1 class=\"elementor-heading-title elementor-size-default\"><a href=\"https:\/\/aerca.org.ar\/asociacion-empresarios\/reunion-de-planificacion-anual-de-camaras-de-aerca\/\">Reuni\u00f3n de Planificaci\u00f3n Anual de C\u00e1maras de AERCA.<\/a><\/h1>\t\t\t\t<\/div>\n\t\t\t\t<div class=\"elementor-element elementor-element-7b888f5 elementor-widget elementor-widget-heading\" data-id=\"7b888f5\" data-element_type=\"widget\" data-e-type=\"widget\" data-widget_type=\"heading.default\">\n\t\t\t\t\t<h2 class=\"elementor-heading-title elementor-size-default\"><a href=\"https:\/\/aerca.org.ar\/asociacion-empresarios\/reunion-de-planificacion-anual-de-camaras-de-aerca\/\">Ver Noticia &gt;<\/a><\/h2>\t\t\t\t<\/div>\n\t\t\t\t\t<\/div>\n\t\t\t\t<\/div>\n\t\t\t\t<\/div>\n\t\t\t\t<div data-elementor-type=\"loop-item\" data-elementor-id=\"1593\" class=\"elementor elementor-1593 e-loop-item e-loop-item-2757 post-2757 post type-post status-publish format-standard has-post-thumbnail hentry category-comercio category-institucional\" data-elementor-post-type=\"elementor_library\" data-custom-edit-handle=\"1\">\n\t\t\t<div class=\"elementor-element elementor-element-783343d e-flex e-con-boxed e-con e-parent\" data-id=\"783343d\" data-element_type=\"container\" data-e-type=\"container\">\n\t\t\t\t\t<div class=\"e-con-inner\">\n\t\t\t\t<div class=\"elementor-element elementor-element-0fec77d elementor-widget elementor-widget-theme-post-featured-image elementor-widget-image\" data-id=\"0fec77d\" data-element_type=\"widget\" data-e-type=\"widget\" data-widget_type=\"theme-post-featured-image.default\">\n\t\t\t\t\t\t\t\t\t\t\t\t\t\t\t\t<a href=\"https:\/\/aerca.org.ar\/asociacion-empresarios\/estacionamiento-medido-reunion-con-funcionarios-municipales\/\">\n\t\t\t\t\t\t\t<img loading=\"lazy\" decoding=\"async\" width=\"800\" height=\"533\" src=\"https:\/\/aerca.org.ar\/asociacion-empresarios\/wp-content\/uploads\/2026\/03\/WhatsApp-Image-2026-03-19-at-13.31.54-1024x682.jpeg\" class=\"attachment-large size-large wp-image-2758\" alt=\"\" srcset=\"https:\/\/aerca.org.ar\/asociacion-empresarios\/wp-content\/uploads\/2026\/03\/WhatsApp-Image-2026-03-19-at-13.31.54-1024x682.jpeg 1024w, https:\/\/aerca.org.ar\/asociacion-empresarios\/wp-content\/uploads\/2026\/03\/WhatsApp-Image-2026-03-19-at-13.31.54-300x200.jpeg 300w, https:\/\/aerca.org.ar\/asociacion-empresarios\/wp-content\/uploads\/2026\/03\/WhatsApp-Image-2026-03-19-at-13.31.54-768x512.jpeg 768w, https:\/\/aerca.org.ar\/asociacion-empresarios\/wp-content\/uploads\/2026\/03\/WhatsApp-Image-2026-03-19-at-13.31.54.jpeg 1280w\" sizes=\"(max-width: 800px) 100vw, 800px\" \/>\t\t\t\t\t\t\t\t<\/a>\n\t\t\t\t\t\t\t\t\t\t\t\t\t\t\t<\/div>\n\t\t\t\t<div class=\"elementor-element elementor-element-4a87f20 elementor-widget elementor-widget-theme-post-title elementor-page-title elementor-widget-heading\" data-id=\"4a87f20\" data-element_type=\"widget\" data-e-type=\"widget\" data-widget_type=\"theme-post-title.default\">\n\t\t\t\t\t<h1 class=\"elementor-heading-title elementor-size-default\"><a href=\"https:\/\/aerca.org.ar\/asociacion-empresarios\/estacionamiento-medido-reunion-con-funcionarios-municipales\/\">Estacionamiento medido: Reuni\u00f3n con funcionarios municipales.<\/a><\/h1>\t\t\t\t<\/div>\n\t\t\t\t<div class=\"elementor-element elementor-element-7b888f5 elementor-widget elementor-widget-heading\" data-id=\"7b888f5\" data-element_type=\"widget\" data-e-type=\"widget\" data-widget_type=\"heading.default\">\n\t\t\t\t\t<h2 class=\"elementor-heading-title elementor-size-default\"><a href=\"https:\/\/aerca.org.ar\/asociacion-empresarios\/estacionamiento-medido-reunion-con-funcionarios-municipales\/\">Ver Noticia &gt;<\/a><\/h2>\t\t\t\t<\/div>\n\t\t\t\t\t<\/div>\n\t\t\t\t<\/div>\n\t\t\t\t<\/div>\n\t\t\t\t<div data-elementor-type=\"loop-item\" data-elementor-id=\"1593\" class=\"elementor elementor-1593 e-loop-item e-loop-item-2754 post-2754 post type-post status-publish format-standard has-post-thumbnail hentry category-comercio category-institucional\" data-elementor-post-type=\"elementor_library\" data-custom-edit-handle=\"1\">\n\t\t\t<div class=\"elementor-element elementor-element-783343d e-flex e-con-boxed e-con e-parent\" data-id=\"783343d\" data-element_type=\"container\" data-e-type=\"container\">\n\t\t\t\t\t<div class=\"e-con-inner\">\n\t\t\t\t<div class=\"elementor-element elementor-element-0fec77d elementor-widget elementor-widget-theme-post-featured-image elementor-widget-image\" data-id=\"0fec77d\" data-element_type=\"widget\" data-e-type=\"widget\" data-widget_type=\"theme-post-featured-image.default\">\n\t\t\t\t\t\t\t\t\t\t\t\t\t\t\t\t<a href=\"https:\/\/aerca.org.ar\/asociacion-empresarios\/aerca-convoca-a-sus-socios-a-una-reunion-por-el-estacionamiento-medido-y-tarifado\/\">\n\t\t\t\t\t\t\t<img loading=\"lazy\" decoding=\"async\" width=\"600\" height=\"315\" src=\"https:\/\/aerca.org.ar\/asociacion-empresarios\/wp-content\/uploads\/2026\/03\/estacionamiento-medido_centro.png\" class=\"attachment-large size-large wp-image-2755\" alt=\"\" srcset=\"https:\/\/aerca.org.ar\/asociacion-empresarios\/wp-content\/uploads\/2026\/03\/estacionamiento-medido_centro.png 600w, https:\/\/aerca.org.ar\/asociacion-empresarios\/wp-content\/uploads\/2026\/03\/estacionamiento-medido_centro-300x158.png 300w\" sizes=\"(max-width: 600px) 100vw, 600px\" \/>\t\t\t\t\t\t\t\t<\/a>\n\t\t\t\t\t\t\t\t\t\t\t\t\t\t\t<\/div>\n\t\t\t\t<div class=\"elementor-element elementor-element-4a87f20 elementor-widget elementor-widget-theme-post-title elementor-page-title elementor-widget-heading\" data-id=\"4a87f20\" data-element_type=\"widget\" data-e-type=\"widget\" data-widget_type=\"theme-post-title.default\">\n\t\t\t\t\t<h1 class=\"elementor-heading-title elementor-size-default\"><a href=\"https:\/\/aerca.org.ar\/asociacion-empresarios\/aerca-convoca-a-sus-socios-a-una-reunion-por-el-estacionamiento-medido-y-tarifado\/\">AERCA CONVOCA A SUS SOCIOS A UNA REUNI\u00d3N POR EL ESTACIONAMIENTO MEDIDO Y TARIFADO.<\/a><\/h1>\t\t\t\t<\/div>\n\t\t\t\t<div class=\"elementor-element elementor-element-7b888f5 elementor-widget elementor-widget-heading\" data-id=\"7b888f5\" data-element_type=\"widget\" data-e-type=\"widget\" data-widget_type=\"heading.default\">\n\t\t\t\t\t<h2 class=\"elementor-heading-title elementor-size-default\"><a href=\"https:\/\/aerca.org.ar\/asociacion-empresarios\/aerca-convoca-a-sus-socios-a-una-reunion-por-el-estacionamiento-medido-y-tarifado\/\">Ver Noticia &gt;<\/a><\/h2>\t\t\t\t<\/div>\n\t\t\t\t\t<\/div>\n\t\t\t\t<\/div>\n\t\t\t\t<\/div>\n\t\t\t\t<div data-elementor-type=\"loop-item\" data-elementor-id=\"1593\" class=\"elementor elementor-1593 e-loop-item e-loop-item-2694 post-2694 post type-post status-publish format-standard has-post-thumbnail hentry category-sin-categoria\" data-elementor-post-type=\"elementor_library\" data-custom-edit-handle=\"1\">\n\t\t\t<div class=\"elementor-element elementor-element-783343d e-flex e-con-boxed e-con e-parent\" data-id=\"783343d\" data-element_type=\"container\" data-e-type=\"container\">\n\t\t\t\t\t<div class=\"e-con-inner\">\n\t\t\t\t<div class=\"elementor-element elementor-element-0fec77d elementor-widget elementor-widget-theme-post-featured-image elementor-widget-image\" data-id=\"0fec77d\" data-element_type=\"widget\" data-e-type=\"widget\" data-widget_type=\"theme-post-featured-image.default\">\n\t\t\t\t\t\t\t\t\t\t\t\t\t\t\t\t<a href=\"https:\/\/aerca.org.ar\/asociacion-empresarios\/fue-realizado-un-dialogo-por-ley-de-modernizacion-laboral-en-aerca\/\">\n\t\t\t\t\t\t\t<img loading=\"lazy\" decoding=\"async\" width=\"800\" height=\"436\" src=\"https:\/\/aerca.org.ar\/asociacion-empresarios\/wp-content\/uploads\/2026\/03\/NOTICIAS-9.jpg\" class=\"attachment-large size-large wp-image-2695\" alt=\"\" srcset=\"https:\/\/aerca.org.ar\/asociacion-empresarios\/wp-content\/uploads\/2026\/03\/NOTICIAS-9.jpg 900w, https:\/\/aerca.org.ar\/asociacion-empresarios\/wp-content\/uploads\/2026\/03\/NOTICIAS-9-300x163.jpg 300w, https:\/\/aerca.org.ar\/asociacion-empresarios\/wp-content\/uploads\/2026\/03\/NOTICIAS-9-768x418.jpg 768w\" sizes=\"(max-width: 800px) 100vw, 800px\" \/>\t\t\t\t\t\t\t\t<\/a>\n\t\t\t\t\t\t\t\t\t\t\t\t\t\t\t<\/div>\n\t\t\t\t<div class=\"elementor-element elementor-element-4a87f20 elementor-widget elementor-widget-theme-post-title elementor-page-title elementor-widget-heading\" data-id=\"4a87f20\" data-element_type=\"widget\" data-e-type=\"widget\" data-widget_type=\"theme-post-title.default\">\n\t\t\t\t\t<h1 class=\"elementor-heading-title elementor-size-default\"><a href=\"https:\/\/aerca.org.ar\/asociacion-empresarios\/fue-realizado-un-dialogo-por-ley-de-modernizacion-laboral-en-aerca\/\">Fue realizado un di\u00e1logo por Ley de Modernizaci\u00f3n Laboral en AERCA.<\/a><\/h1>\t\t\t\t<\/div>\n\t\t\t\t<div class=\"elementor-element elementor-element-7b888f5 elementor-widget elementor-widget-heading\" data-id=\"7b888f5\" data-element_type=\"widget\" data-e-type=\"widget\" data-widget_type=\"heading.default\">\n\t\t\t\t\t<h2 class=\"elementor-heading-title elementor-size-default\"><a href=\"https:\/\/aerca.org.ar\/asociacion-empresarios\/fue-realizado-un-dialogo-por-ley-de-modernizacion-laboral-en-aerca\/\">Ver Noticia &gt;<\/a><\/h2>\t\t\t\t<\/div>\n\t\t\t\t\t<\/div>\n\t\t\t\t<\/div>\n\t\t\t\t<\/div>\n\t\t\t\t<div data-elementor-type=\"loop-item\" data-elementor-id=\"1593\" class=\"elementor elementor-1593 e-loop-item e-loop-item-2690 post-2690 post type-post status-publish format-standard has-post-thumbnail hentry category-sin-categoria\" data-elementor-post-type=\"elementor_library\" data-custom-edit-handle=\"1\">\n\t\t\t<div class=\"elementor-element elementor-element-783343d e-flex e-con-boxed e-con e-parent\" data-id=\"783343d\" data-element_type=\"container\" data-e-type=\"container\">\n\t\t\t\t\t<div class=\"e-con-inner\">\n\t\t\t\t<div class=\"elementor-element elementor-element-0fec77d elementor-widget elementor-widget-theme-post-featured-image elementor-widget-image\" data-id=\"0fec77d\" data-element_type=\"widget\" data-e-type=\"widget\" data-widget_type=\"theme-post-featured-image.default\">\n\t\t\t\t\t\t\t\t\t\t\t\t\t\t\t\t<a href=\"https:\/\/aerca.org.ar\/asociacion-empresarios\/aerca-manifiesta-preocupacion-por-las-ultimas-decisiones-tomadas-respecto-al-servicio-de-estacionamiento-medido-y-tarifado\/\">\n\t\t\t\t\t\t\t<img loading=\"lazy\" decoding=\"async\" width=\"800\" height=\"436\" src=\"https:\/\/aerca.org.ar\/asociacion-empresarios\/wp-content\/uploads\/2026\/03\/NOTICIAS-8.jpg\" class=\"attachment-large size-large wp-image-2691\" alt=\"\" srcset=\"https:\/\/aerca.org.ar\/asociacion-empresarios\/wp-content\/uploads\/2026\/03\/NOTICIAS-8.jpg 900w, https:\/\/aerca.org.ar\/asociacion-empresarios\/wp-content\/uploads\/2026\/03\/NOTICIAS-8-300x163.jpg 300w, https:\/\/aerca.org.ar\/asociacion-empresarios\/wp-content\/uploads\/2026\/03\/NOTICIAS-8-768x418.jpg 768w\" sizes=\"(max-width: 800px) 100vw, 800px\" \/>\t\t\t\t\t\t\t\t<\/a>\n\t\t\t\t\t\t\t\t\t\t\t\t\t\t\t<\/div>\n\t\t\t\t<div class=\"elementor-element elementor-element-4a87f20 elementor-widget elementor-widget-theme-post-title elementor-page-title elementor-widget-heading\" data-id=\"4a87f20\" data-element_type=\"widget\" data-e-type=\"widget\" data-widget_type=\"theme-post-title.default\">\n\t\t\t\t\t<h1 class=\"elementor-heading-title elementor-size-default\"><a href=\"https:\/\/aerca.org.ar\/asociacion-empresarios\/aerca-manifiesta-preocupacion-por-las-ultimas-decisiones-tomadas-respecto-al-servicio-de-estacionamiento-medido-y-tarifado\/\">AERCA manifiesta preocupaci\u00f3n por las \u00faltimas decisiones tomadas respecto al Servicio de Estacionamiento Medido y Tarifado.<\/a><\/h1>\t\t\t\t<\/div>\n\t\t\t\t<div class=\"elementor-element elementor-element-7b888f5 elementor-widget elementor-widget-heading\" data-id=\"7b888f5\" data-element_type=\"widget\" data-e-type=\"widget\" data-widget_type=\"heading.default\">\n\t\t\t\t\t<h2 class=\"elementor-heading-title elementor-size-default\"><a href=\"https:\/\/aerca.org.ar\/asociacion-empresarios\/aerca-manifiesta-preocupacion-por-las-ultimas-decisiones-tomadas-respecto-al-servicio-de-estacionamiento-medido-y-tarifado\/\">Ver Noticia &gt;<\/a><\/h2>\t\t\t\t<\/div>\n\t\t\t\t\t<\/div>\n\t\t\t\t<\/div>\n\t\t\t\t<\/div>\n\t\t\t\t<div data-elementor-type=\"loop-item\" data-elementor-id=\"1593\" class=\"elementor elementor-1593 e-loop-item e-loop-item-2679 post-2679 post type-post status-publish format-standard has-post-thumbnail hentry category-sin-categoria\" data-elementor-post-type=\"elementor_library\" data-custom-edit-handle=\"1\">\n\t\t\t<div class=\"elementor-element elementor-element-783343d e-flex e-con-boxed e-con e-parent\" data-id=\"783343d\" data-element_type=\"container\" data-e-type=\"container\">\n\t\t\t\t\t<div class=\"e-con-inner\">\n\t\t\t\t<div class=\"elementor-element elementor-element-0fec77d elementor-widget elementor-widget-theme-post-featured-image elementor-widget-image\" data-id=\"0fec77d\" data-element_type=\"widget\" data-e-type=\"widget\" data-widget_type=\"theme-post-featured-image.default\">\n\t\t\t\t\t\t\t\t\t\t\t\t\t\t\t\t<a href=\"https:\/\/aerca.org.ar\/asociacion-empresarios\/se-realizo-una-jornada-de-planificacion-estrategica-institucional\/\">\n\t\t\t\t\t\t\t<img loading=\"lazy\" decoding=\"async\" width=\"800\" height=\"436\" src=\"https:\/\/aerca.org.ar\/asociacion-empresarios\/wp-content\/uploads\/2026\/03\/NOTICIAS-7.jpg\" class=\"attachment-large size-large wp-image-2681\" alt=\"\" srcset=\"https:\/\/aerca.org.ar\/asociacion-empresarios\/wp-content\/uploads\/2026\/03\/NOTICIAS-7.jpg 900w, https:\/\/aerca.org.ar\/asociacion-empresarios\/wp-content\/uploads\/2026\/03\/NOTICIAS-7-300x163.jpg 300w, https:\/\/aerca.org.ar\/asociacion-empresarios\/wp-content\/uploads\/2026\/03\/NOTICIAS-7-768x418.jpg 768w\" sizes=\"(max-width: 800px) 100vw, 800px\" \/>\t\t\t\t\t\t\t\t<\/a>\n\t\t\t\t\t\t\t\t\t\t\t\t\t\t\t<\/div>\n\t\t\t\t<div class=\"elementor-element elementor-element-4a87f20 elementor-widget elementor-widget-theme-post-title elementor-page-title elementor-widget-heading\" data-id=\"4a87f20\" data-element_type=\"widget\" data-e-type=\"widget\" data-widget_type=\"theme-post-title.default\">\n\t\t\t\t\t<h1 class=\"elementor-heading-title elementor-size-default\"><a href=\"https:\/\/aerca.org.ar\/asociacion-empresarios\/se-realizo-una-jornada-de-planificacion-estrategica-institucional\/\">Se realiz\u00f3 una Jornada de Planificaci\u00f3n Estrat\u00e9gica Institucional<\/a><\/h1>\t\t\t\t<\/div>\n\t\t\t\t<div class=\"elementor-element elementor-element-7b888f5 elementor-widget elementor-widget-heading\" data-id=\"7b888f5\" data-element_type=\"widget\" data-e-type=\"widget\" data-widget_type=\"heading.default\">\n\t\t\t\t\t<h2 class=\"elementor-heading-title elementor-size-default\"><a href=\"https:\/\/aerca.org.ar\/asociacion-empresarios\/se-realizo-una-jornada-de-planificacion-estrategica-institucional\/\">Ver Noticia &gt;<\/a><\/h2>\t\t\t\t<\/div>\n\t\t\t\t\t<\/div>\n\t\t\t\t<\/div>\n\t\t\t\t<\/div>\n\t\t\t\t<div data-elementor-type=\"loop-item\" data-elementor-id=\"1593\" class=\"elementor elementor-1593 e-loop-item e-loop-item-2640 post-2640 post type-post status-publish format-standard has-post-thumbnail hentry category-sin-categoria\" data-elementor-post-type=\"elementor_library\" data-custom-edit-handle=\"1\">\n\t\t\t<div class=\"elementor-element elementor-element-783343d e-flex e-con-boxed e-con e-parent\" data-id=\"783343d\" data-element_type=\"container\" data-e-type=\"container\">\n\t\t\t\t\t<div class=\"e-con-inner\">\n\t\t\t\t<div class=\"elementor-element elementor-element-0fec77d elementor-widget elementor-widget-theme-post-featured-image elementor-widget-image\" data-id=\"0fec77d\" data-element_type=\"widget\" data-e-type=\"widget\" data-widget_type=\"theme-post-featured-image.default\">\n\t\t\t\t\t\t\t\t\t\t\t\t\t\t\t\t<a href=\"https:\/\/aerca.org.ar\/asociacion-empresarios\/las-inscripciones-a-la-incubadora-de-emprendimientos-ya-estan-abiertas\/\">\n\t\t\t\t\t\t\t<img loading=\"lazy\" decoding=\"async\" width=\"800\" height=\"436\" src=\"https:\/\/aerca.org.ar\/asociacion-empresarios\/wp-content\/uploads\/2026\/02\/NOTICIAS.jpg.jpeg\" class=\"attachment-large size-large wp-image-2641\" alt=\"\" srcset=\"https:\/\/aerca.org.ar\/asociacion-empresarios\/wp-content\/uploads\/2026\/02\/NOTICIAS.jpg.jpeg 900w, https:\/\/aerca.org.ar\/asociacion-empresarios\/wp-content\/uploads\/2026\/02\/NOTICIAS.jpg-300x163.jpeg 300w, https:\/\/aerca.org.ar\/asociacion-empresarios\/wp-content\/uploads\/2026\/02\/NOTICIAS.jpg-768x418.jpeg 768w\" sizes=\"(max-width: 800px) 100vw, 800px\" \/>\t\t\t\t\t\t\t\t<\/a>\n\t\t\t\t\t\t\t\t\t\t\t\t\t\t\t<\/div>\n\t\t\t\t<div class=\"elementor-element elementor-element-4a87f20 elementor-widget elementor-widget-theme-post-title elementor-page-title elementor-widget-heading\" data-id=\"4a87f20\" data-element_type=\"widget\" data-e-type=\"widget\" data-widget_type=\"theme-post-title.default\">\n\t\t\t\t\t<h1 class=\"elementor-heading-title elementor-size-default\"><a href=\"https:\/\/aerca.org.ar\/asociacion-empresarios\/las-inscripciones-a-la-incubadora-de-emprendimientos-ya-estan-abiertas\/\">Las inscripciones a la Incubadora de Emprendimientos ya est\u00e1n abiertas<\/a><\/h1>\t\t\t\t<\/div>\n\t\t\t\t<div class=\"elementor-element elementor-element-7b888f5 elementor-widget elementor-widget-heading\" data-id=\"7b888f5\" data-element_type=\"widget\" data-e-type=\"widget\" data-widget_type=\"heading.default\">\n\t\t\t\t\t<h2 class=\"elementor-heading-title elementor-size-default\"><a href=\"https:\/\/aerca.org.ar\/asociacion-empresarios\/las-inscripciones-a-la-incubadora-de-emprendimientos-ya-estan-abiertas\/\">Ver Noticia &gt;<\/a><\/h2>\t\t\t\t<\/div>\n\t\t\t\t\t<\/div>\n\t\t\t\t<\/div>\n\t\t\t\t<\/div>\n\t\t\t\t<div data-elementor-type=\"loop-item\" data-elementor-id=\"1593\" class=\"elementor elementor-1593 e-loop-item e-loop-item-2637 post-2637 post type-post status-publish format-standard has-post-thumbnail hentry category-sin-categoria\" data-elementor-post-type=\"elementor_library\" data-custom-edit-handle=\"1\">\n\t\t\t<div class=\"elementor-element elementor-element-783343d e-flex e-con-boxed e-con e-parent\" data-id=\"783343d\" data-element_type=\"container\" data-e-type=\"container\">\n\t\t\t\t\t<div class=\"e-con-inner\">\n\t\t\t\t<div class=\"elementor-element elementor-element-0fec77d elementor-widget elementor-widget-theme-post-featured-image elementor-widget-image\" data-id=\"0fec77d\" data-element_type=\"widget\" data-e-type=\"widget\" data-widget_type=\"theme-post-featured-image.default\">\n\t\t\t\t\t\t\t\t\t\t\t\t\t\t\t\t<a href=\"https:\/\/aerca.org.ar\/asociacion-empresarios\/se-presentara-la-edicion-139-feria-canton\/\">\n\t\t\t\t\t\t\t<img loading=\"lazy\" decoding=\"async\" width=\"800\" height=\"436\" src=\"https:\/\/aerca.org.ar\/asociacion-empresarios\/wp-content\/uploads\/2026\/02\/NOTICIAS-6.jpg\" class=\"attachment-large size-large wp-image-2638\" alt=\"\" srcset=\"https:\/\/aerca.org.ar\/asociacion-empresarios\/wp-content\/uploads\/2026\/02\/NOTICIAS-6.jpg 900w, https:\/\/aerca.org.ar\/asociacion-empresarios\/wp-content\/uploads\/2026\/02\/NOTICIAS-6-300x163.jpg 300w, https:\/\/aerca.org.ar\/asociacion-empresarios\/wp-content\/uploads\/2026\/02\/NOTICIAS-6-768x418.jpg 768w\" sizes=\"(max-width: 800px) 100vw, 800px\" \/>\t\t\t\t\t\t\t\t<\/a>\n\t\t\t\t\t\t\t\t\t\t\t\t\t\t\t<\/div>\n\t\t\t\t<div class=\"elementor-element elementor-element-4a87f20 elementor-widget elementor-widget-theme-post-title elementor-page-title elementor-widget-heading\" data-id=\"4a87f20\" data-element_type=\"widget\" data-e-type=\"widget\" data-widget_type=\"theme-post-title.default\">\n\t\t\t\t\t<h1 class=\"elementor-heading-title elementor-size-default\"><a href=\"https:\/\/aerca.org.ar\/asociacion-empresarios\/se-presentara-la-edicion-139-feria-canton\/\">Se presentar\u00e1 la edici\u00f3n 139 Feria Canton<\/a><\/h1>\t\t\t\t<\/div>\n\t\t\t\t<div class=\"elementor-element elementor-element-7b888f5 elementor-widget elementor-widget-heading\" data-id=\"7b888f5\" data-element_type=\"widget\" data-e-type=\"widget\" data-widget_type=\"heading.default\">\n\t\t\t\t\t<h2 class=\"elementor-heading-title elementor-size-default\"><a href=\"https:\/\/aerca.org.ar\/asociacion-empresarios\/se-presentara-la-edicion-139-feria-canton\/\">Ver Noticia &gt;<\/a><\/h2>\t\t\t\t<\/div>\n\t\t\t\t\t<\/div>\n\t\t\t\t<\/div>\n\t\t\t\t<\/div>\n\t\t\t\t<div data-elementor-type=\"loop-item\" data-elementor-id=\"1593\" class=\"elementor elementor-1593 e-loop-item e-loop-item-2633 post-2633 post type-post status-publish format-standard has-post-thumbnail hentry category-sin-categoria\" data-elementor-post-type=\"elementor_library\" data-custom-edit-handle=\"1\">\n\t\t\t<div class=\"elementor-element elementor-element-783343d e-flex e-con-boxed e-con e-parent\" data-id=\"783343d\" data-element_type=\"container\" data-e-type=\"container\">\n\t\t\t\t\t<div class=\"e-con-inner\">\n\t\t\t\t<div class=\"elementor-element elementor-element-0fec77d elementor-widget elementor-widget-theme-post-featured-image elementor-widget-image\" data-id=\"0fec77d\" data-element_type=\"widget\" data-e-type=\"widget\" data-widget_type=\"theme-post-featured-image.default\">\n\t\t\t\t\t\t\t\t\t\t\t\t\t\t\t\t<a href=\"https:\/\/aerca.org.ar\/asociacion-empresarios\/se-firmo-un-convenio-entre-aerca-y-el-iapsc-de-la-unvm-pararelevar-dinamicas-de-consumo-en-villa-maria\/\">\n\t\t\t\t\t\t\t<img loading=\"lazy\" decoding=\"async\" width=\"800\" height=\"436\" src=\"https:\/\/aerca.org.ar\/asociacion-empresarios\/wp-content\/uploads\/2026\/02\/NOTICIAS-5.jpg\" class=\"attachment-large size-large wp-image-2634\" alt=\"\" srcset=\"https:\/\/aerca.org.ar\/asociacion-empresarios\/wp-content\/uploads\/2026\/02\/NOTICIAS-5.jpg 900w, https:\/\/aerca.org.ar\/asociacion-empresarios\/wp-content\/uploads\/2026\/02\/NOTICIAS-5-300x163.jpg 300w, https:\/\/aerca.org.ar\/asociacion-empresarios\/wp-content\/uploads\/2026\/02\/NOTICIAS-5-768x418.jpg 768w\" sizes=\"(max-width: 800px) 100vw, 800px\" \/>\t\t\t\t\t\t\t\t<\/a>\n\t\t\t\t\t\t\t\t\t\t\t\t\t\t\t<\/div>\n\t\t\t\t<div class=\"elementor-element elementor-element-4a87f20 elementor-widget elementor-widget-theme-post-title elementor-page-title elementor-widget-heading\" data-id=\"4a87f20\" data-element_type=\"widget\" data-e-type=\"widget\" data-widget_type=\"theme-post-title.default\">\n\t\t\t\t\t<h1 class=\"elementor-heading-title elementor-size-default\"><a href=\"https:\/\/aerca.org.ar\/asociacion-empresarios\/se-firmo-un-convenio-entre-aerca-y-el-iapsc-de-la-unvm-pararelevar-dinamicas-de-consumo-en-villa-maria\/\">Se firmo un convenio entre AERCA y el IAPSC de la UNVM pararelevar din\u00e1micas de consumo en Villa Mar\u00eda<\/a><\/h1>\t\t\t\t<\/div>\n\t\t\t\t<div class=\"elementor-element elementor-element-7b888f5 elementor-widget elementor-widget-heading\" data-id=\"7b888f5\" data-element_type=\"widget\" data-e-type=\"widget\" data-widget_type=\"heading.default\">\n\t\t\t\t\t<h2 class=\"elementor-heading-title elementor-size-default\"><a href=\"https:\/\/aerca.org.ar\/asociacion-empresarios\/se-firmo-un-convenio-entre-aerca-y-el-iapsc-de-la-unvm-pararelevar-dinamicas-de-consumo-en-villa-maria\/\">Ver Noticia &gt;<\/a><\/h2>\t\t\t\t<\/div>\n\t\t\t\t\t<\/div>\n\t\t\t\t<\/div>\n\t\t\t\t<\/div>\n\t\t\t\t<div data-elementor-type=\"loop-item\" data-elementor-id=\"1593\" class=\"elementor elementor-1593 e-loop-item e-loop-item-2625 post-2625 post type-post status-publish format-standard has-post-thumbnail hentry category-sin-categoria\" data-elementor-post-type=\"elementor_library\" data-custom-edit-handle=\"1\">\n\t\t\t<div class=\"elementor-element elementor-element-783343d e-flex e-con-boxed e-con e-parent\" data-id=\"783343d\" data-element_type=\"container\" data-e-type=\"container\">\n\t\t\t\t\t<div class=\"e-con-inner\">\n\t\t\t\t<div class=\"elementor-element elementor-element-0fec77d elementor-widget elementor-widget-theme-post-featured-image elementor-widget-image\" data-id=\"0fec77d\" data-element_type=\"widget\" data-e-type=\"widget\" data-widget_type=\"theme-post-featured-image.default\">\n\t\t\t\t\t\t\t\t\t\t\t\t\t\t\t\t<a href=\"https:\/\/aerca.org.ar\/asociacion-empresarios\/aerca-fue-visitada-por-el-ministro-de-bioagroindustria-y-produccion-sergio-busso\/\">\n\t\t\t\t\t\t\t<img loading=\"lazy\" decoding=\"async\" width=\"800\" height=\"436\" src=\"https:\/\/aerca.org.ar\/asociacion-empresarios\/wp-content\/uploads\/2026\/02\/NOTICIAS-3.jpg\" class=\"attachment-large size-large wp-image-2627\" alt=\"\" srcset=\"https:\/\/aerca.org.ar\/asociacion-empresarios\/wp-content\/uploads\/2026\/02\/NOTICIAS-3.jpg 900w, https:\/\/aerca.org.ar\/asociacion-empresarios\/wp-content\/uploads\/2026\/02\/NOTICIAS-3-300x163.jpg 300w, https:\/\/aerca.org.ar\/asociacion-empresarios\/wp-content\/uploads\/2026\/02\/NOTICIAS-3-768x418.jpg 768w\" sizes=\"(max-width: 800px) 100vw, 800px\" \/>\t\t\t\t\t\t\t\t<\/a>\n\t\t\t\t\t\t\t\t\t\t\t\t\t\t\t<\/div>\n\t\t\t\t<div class=\"elementor-element elementor-element-4a87f20 elementor-widget elementor-widget-theme-post-title elementor-page-title elementor-widget-heading\" data-id=\"4a87f20\" data-element_type=\"widget\" data-e-type=\"widget\" data-widget_type=\"theme-post-title.default\">\n\t\t\t\t\t<h1 class=\"elementor-heading-title elementor-size-default\"><a href=\"https:\/\/aerca.org.ar\/asociacion-empresarios\/aerca-fue-visitada-por-el-ministro-de-bioagroindustria-y-produccion-sergio-busso\/\">AERCA fue visitada por el ministro de Bioagroindustria y Producci\u00f3n, Sergio Busso<\/a><\/h1>\t\t\t\t<\/div>\n\t\t\t\t<div class=\"elementor-element elementor-element-7b888f5 elementor-widget elementor-widget-heading\" data-id=\"7b888f5\" data-element_type=\"widget\" data-e-type=\"widget\" data-widget_type=\"heading.default\">\n\t\t\t\t\t<h2 class=\"elementor-heading-title elementor-size-default\"><a href=\"https:\/\/aerca.org.ar\/asociacion-empresarios\/aerca-fue-visitada-por-el-ministro-de-bioagroindustria-y-produccion-sergio-busso\/\">Ver Noticia &gt;<\/a><\/h2>\t\t\t\t<\/div>\n\t\t\t\t\t<\/div>\n\t\t\t\t<\/div>\n\t\t\t\t<\/div>\n\t\t\t\t<div data-elementor-type=\"loop-item\" data-elementor-id=\"1593\" class=\"elementor elementor-1593 e-loop-item e-loop-item-2615 post-2615 post type-post status-publish format-standard has-post-thumbnail hentry category-sin-categoria\" data-elementor-post-type=\"elementor_library\" data-custom-edit-handle=\"1\">\n\t\t\t<div class=\"elementor-element elementor-element-783343d e-flex e-con-boxed e-con e-parent\" data-id=\"783343d\" data-element_type=\"container\" data-e-type=\"container\">\n\t\t\t\t\t<div class=\"e-con-inner\">\n\t\t\t\t<div class=\"elementor-element elementor-element-0fec77d elementor-widget elementor-widget-theme-post-featured-image elementor-widget-image\" data-id=\"0fec77d\" data-element_type=\"widget\" data-e-type=\"widget\" data-widget_type=\"theme-post-featured-image.default\">\n\t\t\t\t\t\t\t\t\t\t\t\t\t\t\t\t<a href=\"https:\/\/aerca.org.ar\/asociacion-empresarios\/tarifaria-municipal-2026-principales-cambios-impactosy-sectores-alcanzados\/\">\n\t\t\t\t\t\t\t<img loading=\"lazy\" decoding=\"async\" width=\"800\" height=\"435\" src=\"https:\/\/aerca.org.ar\/asociacion-empresarios\/wp-content\/uploads\/2026\/01\/NOTICIAS-2-1024x557.jpg\" class=\"attachment-large size-large wp-image-2617\" alt=\"\" srcset=\"https:\/\/aerca.org.ar\/asociacion-empresarios\/wp-content\/uploads\/2026\/01\/NOTICIAS-2-1024x557.jpg 1024w, https:\/\/aerca.org.ar\/asociacion-empresarios\/wp-content\/uploads\/2026\/01\/NOTICIAS-2-300x163.jpg 300w, https:\/\/aerca.org.ar\/asociacion-empresarios\/wp-content\/uploads\/2026\/01\/NOTICIAS-2-768x418.jpg 768w, https:\/\/aerca.org.ar\/asociacion-empresarios\/wp-content\/uploads\/2026\/01\/NOTICIAS-2-1536x836.jpg 1536w, https:\/\/aerca.org.ar\/asociacion-empresarios\/wp-content\/uploads\/2026\/01\/NOTICIAS-2.jpg 1688w\" sizes=\"(max-width: 800px) 100vw, 800px\" \/>\t\t\t\t\t\t\t\t<\/a>\n\t\t\t\t\t\t\t\t\t\t\t\t\t\t\t<\/div>\n\t\t\t\t<div class=\"elementor-element elementor-element-4a87f20 elementor-widget elementor-widget-theme-post-title elementor-page-title elementor-widget-heading\" data-id=\"4a87f20\" data-element_type=\"widget\" data-e-type=\"widget\" data-widget_type=\"theme-post-title.default\">\n\t\t\t\t\t<h1 class=\"elementor-heading-title elementor-size-default\"><a href=\"https:\/\/aerca.org.ar\/asociacion-empresarios\/tarifaria-municipal-2026-principales-cambios-impactosy-sectores-alcanzados\/\">Tarifaria Municipal 2026: principales cambios, impactosy sectores alcanzados<\/a><\/h1>\t\t\t\t<\/div>\n\t\t\t\t<div class=\"elementor-element elementor-element-7b888f5 elementor-widget elementor-widget-heading\" data-id=\"7b888f5\" data-element_type=\"widget\" data-e-type=\"widget\" data-widget_type=\"heading.default\">\n\t\t\t\t\t<h2 class=\"elementor-heading-title elementor-size-default\"><a href=\"https:\/\/aerca.org.ar\/asociacion-empresarios\/tarifaria-municipal-2026-principales-cambios-impactosy-sectores-alcanzados\/\">Ver Noticia &gt;<\/a><\/h2>\t\t\t\t<\/div>\n\t\t\t\t\t<\/div>\n\t\t\t\t<\/div>\n\t\t\t\t<\/div>\n\t\t\t\t<\/div>\n\t\t\n\t\t\t\t\t\t<\/div>\n\t\t\t\t<\/div>\n\t\t\t\t\t<\/div>\n\t\t\t\t<\/div>\n\t\t<div class=\"elementor-element elementor-element-da375df e-con-full e-flex e-con e-parent\" data-id=\"da375df\" data-element_type=\"container\" data-e-type=\"container\" data-settings=\"{&quot;shape_divider_top&quot;:&quot;mountains&quot;}\">\n\t\t\t\t<div class=\"elementor-shape elementor-shape-top\" aria-hidden=\"true\" data-negative=\"false\">\n\t\t\t<svg xmlns=\"http:\/\/www.w3.org\/2000\/svg\" viewBox=\"0 0 1000 100\" preserveAspectRatio=\"none\">\n\t<path class=\"elementor-shape-fill\" opacity=\"0.33\" d=\"M473,67.3c-203.9,88.3-263.1-34-320.3,0C66,119.1,0,59.7,0,59.7V0h1000v59.7 c0,0-62.1,26.1-94.9,29.3c-32.8,3.3-62.8-12.3-75.8-22.1C806,49.6,745.3,8.7,694.9,4.7S492.4,59,473,67.3z\"\/>\n\t<path class=\"elementor-shape-fill\" opacity=\"0.66\" d=\"M734,67.3c-45.5,0-77.2-23.2-129.1-39.1c-28.6-8.7-150.3-10.1-254,39.1 s-91.7-34.4-149.2,0C115.7,118.3,0,39.8,0,39.8V0h1000v36.5c0,0-28.2-18.5-92.1-18.5C810.2,18.1,775.7,67.3,734,67.3z\"\/>\n\t<path class=\"elementor-shape-fill\" d=\"M766.1,28.9c-200-57.5-266,65.5-395.1,19.5C242,1.8,242,5.4,184.8,20.6C128,35.8,132.3,44.9,89.9,52.5C28.6,63.7,0,0,0,0 h1000c0,0-9.9,40.9-83.6,48.1S829.6,47,766.1,28.9z\"\/>\n<\/svg>\t\t<\/div>\n\t\t\t\t<div class=\"elementor-element elementor-element-7a7b193 elementor-widget elementor-widget-sbi-widget\" data-id=\"7a7b193\" data-element_type=\"widget\" data-e-type=\"widget\" data-widget_type=\"sbi-widget.default\">\n\t\t\t\t<div class=\"elementor-widget-container\">\n\t\t\t\t\t\n<div id=\"sb_instagram\"  class=\"sbi sbi_mob_col_1 sbi_tab_col_2 sbi_col_5 sbi_width_resp\" style=\"padding-bottom: 10px;\"\t data-feedid=\"*2\"  data-res=\"auto\" data-cols=\"5\" data-colsmobile=\"1\" data-colstablet=\"2\" data-num=\"10\" data-nummobile=\"5\" data-item-padding=\"5\"\t data-shortcode-atts=\"{&quot;feed&quot;:&quot;2&quot;}\"  data-postid=\"2615\" data-locatornonce=\"0fbf7df349\" data-imageaspectratio=\"1:1\" data-sbi-flags=\"favorLocal\">\n\t<div class=\"sb_instagram_header \"   >\n\t<a class=\"sbi_header_link\" target=\"_blank\"\n\t   rel=\"nofollow noopener\" href=\"https:\/\/www.instagram.com\/aercavm\/\" title=\"@aercavm\">\n\t\t<div class=\"sbi_header_text sbi_no_bio\">\n\t\t\t<div class=\"sbi_header_img\"  data-avatar-url=\"https:\/\/scontent.cdninstagram.com\/v\/t51.82787-19\/611358433_18163803253405284_4041952599831056525_n.jpg?stp=dst-jpg_s206x206_tt6&amp;_nc_cat=103&amp;ccb=7-5&amp;_nc_sid=bf7eb4&amp;efg=eyJ2ZW5jb2RlX3RhZyI6InByb2ZpbGVfcGljLnd3dy4xMDgwLkMzIn0%3D&amp;_nc_ohc=yuUqyUL9gdoQ7kNvwEpOQrb&amp;_nc_oc=Ado5tzDF-NQf2_dcQSX3B7tNXztx8j8JAgiafUmtaR1xqzTZCadoI-yzB44qi-wHVOH4GB8OHIA2KHmXghxKOLxc&amp;_nc_zt=24&amp;_nc_ht=scontent.cdninstagram.com&amp;edm=AP4hL3IEAAAA&amp;_nc_gid=_hqLIOTlnc6L4XKYuXyUEg&amp;_nc_tpa=Q5bMBQHV1sgrKScO0p3z55rZV-YRCgnRkEnIyQQ07EcgvHJkWfqxVSSEFxXV53Fc8DTBRmUcZ-vhn8ttyg&amp;oh=00_Af1K7My4xSZ26bxWg9fJQ0RFUmOofKbrp7v4nA9jcrrVUw&amp;oe=69F4DAA2\">\n\t\t\t\t\t\t\t\t\t<div class=\"sbi_header_img_hover\"  ><svg class=\"sbi_new_logo fa-instagram fa-w-14\" aria-hidden=\"true\" data-fa-processed=\"\" aria-label=\"Instagram\" data-prefix=\"fab\" data-icon=\"instagram\" role=\"img\" viewBox=\"0 0 448 512\">\n                    <path fill=\"currentColor\" d=\"M224.1 141c-63.6 0-114.9 51.3-114.9 114.9s51.3 114.9 114.9 114.9S339 319.5 339 255.9 287.7 141 224.1 141zm0 189.6c-41.1 0-74.7-33.5-74.7-74.7s33.5-74.7 74.7-74.7 74.7 33.5 74.7 74.7-33.6 74.7-74.7 74.7zm146.4-194.3c0 14.9-12 26.8-26.8 26.8-14.9 0-26.8-12-26.8-26.8s12-26.8 26.8-26.8 26.8 12 26.8 26.8zm76.1 27.2c-1.7-35.9-9.9-67.7-36.2-93.9-26.2-26.2-58-34.4-93.9-36.2-37-2.1-147.9-2.1-184.9 0-35.8 1.7-67.6 9.9-93.9 36.1s-34.4 58-36.2 93.9c-2.1 37-2.1 147.9 0 184.9 1.7 35.9 9.9 67.7 36.2 93.9s58 34.4 93.9 36.2c37 2.1 147.9 2.1 184.9 0 35.9-1.7 67.7-9.9 93.9-36.2 26.2-26.2 34.4-58 36.2-93.9 2.1-37 2.1-147.8 0-184.8zM398.8 388c-7.8 19.6-22.9 34.7-42.6 42.6-29.5 11.7-99.5 9-132.1 9s-102.7 2.6-132.1-9c-19.6-7.8-34.7-22.9-42.6-42.6-11.7-29.5-9-99.5-9-132.1s-2.6-102.7 9-132.1c7.8-19.6 22.9-34.7 42.6-42.6 29.5-11.7 99.5-9 132.1-9s102.7-2.6 132.1 9c19.6 7.8 34.7 22.9 42.6 42.6 11.7 29.5 9 99.5 9 132.1s2.7 102.7-9 132.1z\"><\/path>\n                <\/svg><\/div>\n\t\t\t\t\t<img loading=\"lazy\" decoding=\"async\"  src=\"https:\/\/aerca.org.ar\/asociacion-empresarios\/wp-content\/uploads\/sb-instagram-feed-images\/aercavm.webp\" alt=\"\" width=\"50\" height=\"50\">\n\t\t\t\t\n\t\t\t\t\t\t\t<\/div>\n\n\t\t\t<div class=\"sbi_feedtheme_header_text\">\n\t\t\t\t<h3>aercavm<\/h3>\n\t\t\t\t\t\t\t<\/div>\n\t\t<\/div>\n\t<\/a>\n<\/div>\n\n\t<div id=\"sbi_images\"  style=\"gap: 10px;\">\n\t\t<div class=\"sbi_item sbi_type_video sbi_new sbi_transition\"\n\tid=\"sbi_17849808972678737\" data-date=\"1776376966\">\n\t<div class=\"sbi_photo_wrap\">\n\t\t<a class=\"sbi_photo\" href=\"https:\/\/www.instagram.com\/reel\/DXNVzBBgFxU\/\" target=\"_blank\" rel=\"noopener nofollow\"\n\t\t\tdata-full-res=\"https:\/\/scontent.cdninstagram.com\/v\/t51.82787-15\/670534710_18174809665405284_462144119743711741_n.jpg?stp=dst-jpg_e35_tt6&#038;_nc_cat=100&#038;ccb=7-5&#038;_nc_sid=18de74&#038;efg=eyJlZmdfdGFnIjoiQ0xJUFMuYmVzdF9pbWFnZV91cmxnZW4uQzMifQ%3D%3D&#038;_nc_ohc=TLMBkDiF2ckQ7kNvwFCfr7M&#038;_nc_oc=Adrz4n6S9ncnDoWf8-4LUBfQ0anzDQFzIhRcnzDDGJ7ldatZ1uNXWsihtWliGnmGWXZyXb8jKUHXKW1nUHm94KAq&#038;_nc_zt=23&#038;_nc_ht=scontent.cdninstagram.com&#038;edm=ANo9K5cEAAAA&#038;_nc_gid=M9X0x8waqGhFcnfHhoGC-g&#038;_nc_tpa=Q5bMBQGOWqyNx6KKH2DHCgy_KxoFNIZ2ccTdH-EMYxi4PWW9HfXhyw2ZkqLzPD2BfOR5rzFNxhNIJjuC1Q&#038;oh=00_Af3G9cLnnQCnKVFuIJlA7EXWzlMetZjF1HubkmDY2dJk3A&#038;oe=69F4CE31\"\n\t\t\tdata-img-src-set=\"{&quot;d&quot;:&quot;https:\\\/\\\/scontent.cdninstagram.com\\\/v\\\/t51.82787-15\\\/670534710_18174809665405284_462144119743711741_n.jpg?stp=dst-jpg_e35_tt6&amp;_nc_cat=100&amp;ccb=7-5&amp;_nc_sid=18de74&amp;efg=eyJlZmdfdGFnIjoiQ0xJUFMuYmVzdF9pbWFnZV91cmxnZW4uQzMifQ%3D%3D&amp;_nc_ohc=TLMBkDiF2ckQ7kNvwFCfr7M&amp;_nc_oc=Adrz4n6S9ncnDoWf8-4LUBfQ0anzDQFzIhRcnzDDGJ7ldatZ1uNXWsihtWliGnmGWXZyXb8jKUHXKW1nUHm94KAq&amp;_nc_zt=23&amp;_nc_ht=scontent.cdninstagram.com&amp;edm=ANo9K5cEAAAA&amp;_nc_gid=M9X0x8waqGhFcnfHhoGC-g&amp;_nc_tpa=Q5bMBQGOWqyNx6KKH2DHCgy_KxoFNIZ2ccTdH-EMYxi4PWW9HfXhyw2ZkqLzPD2BfOR5rzFNxhNIJjuC1Q&amp;oh=00_Af3G9cLnnQCnKVFuIJlA7EXWzlMetZjF1HubkmDY2dJk3A&amp;oe=69F4CE31&quot;,&quot;150&quot;:&quot;https:\\\/\\\/scontent.cdninstagram.com\\\/v\\\/t51.82787-15\\\/670534710_18174809665405284_462144119743711741_n.jpg?stp=dst-jpg_e35_tt6&amp;_nc_cat=100&amp;ccb=7-5&amp;_nc_sid=18de74&amp;efg=eyJlZmdfdGFnIjoiQ0xJUFMuYmVzdF9pbWFnZV91cmxnZW4uQzMifQ%3D%3D&amp;_nc_ohc=TLMBkDiF2ckQ7kNvwFCfr7M&amp;_nc_oc=Adrz4n6S9ncnDoWf8-4LUBfQ0anzDQFzIhRcnzDDGJ7ldatZ1uNXWsihtWliGnmGWXZyXb8jKUHXKW1nUHm94KAq&amp;_nc_zt=23&amp;_nc_ht=scontent.cdninstagram.com&amp;edm=ANo9K5cEAAAA&amp;_nc_gid=M9X0x8waqGhFcnfHhoGC-g&amp;_nc_tpa=Q5bMBQGOWqyNx6KKH2DHCgy_KxoFNIZ2ccTdH-EMYxi4PWW9HfXhyw2ZkqLzPD2BfOR5rzFNxhNIJjuC1Q&amp;oh=00_Af3G9cLnnQCnKVFuIJlA7EXWzlMetZjF1HubkmDY2dJk3A&amp;oe=69F4CE31&quot;,&quot;320&quot;:&quot;https:\\\/\\\/scontent.cdninstagram.com\\\/v\\\/t51.82787-15\\\/670534710_18174809665405284_462144119743711741_n.jpg?stp=dst-jpg_e35_tt6&amp;_nc_cat=100&amp;ccb=7-5&amp;_nc_sid=18de74&amp;efg=eyJlZmdfdGFnIjoiQ0xJUFMuYmVzdF9pbWFnZV91cmxnZW4uQzMifQ%3D%3D&amp;_nc_ohc=TLMBkDiF2ckQ7kNvwFCfr7M&amp;_nc_oc=Adrz4n6S9ncnDoWf8-4LUBfQ0anzDQFzIhRcnzDDGJ7ldatZ1uNXWsihtWliGnmGWXZyXb8jKUHXKW1nUHm94KAq&amp;_nc_zt=23&amp;_nc_ht=scontent.cdninstagram.com&amp;edm=ANo9K5cEAAAA&amp;_nc_gid=M9X0x8waqGhFcnfHhoGC-g&amp;_nc_tpa=Q5bMBQGOWqyNx6KKH2DHCgy_KxoFNIZ2ccTdH-EMYxi4PWW9HfXhyw2ZkqLzPD2BfOR5rzFNxhNIJjuC1Q&amp;oh=00_Af3G9cLnnQCnKVFuIJlA7EXWzlMetZjF1HubkmDY2dJk3A&amp;oe=69F4CE31&quot;,&quot;640&quot;:&quot;https:\\\/\\\/scontent.cdninstagram.com\\\/v\\\/t51.82787-15\\\/670534710_18174809665405284_462144119743711741_n.jpg?stp=dst-jpg_e35_tt6&amp;_nc_cat=100&amp;ccb=7-5&amp;_nc_sid=18de74&amp;efg=eyJlZmdfdGFnIjoiQ0xJUFMuYmVzdF9pbWFnZV91cmxnZW4uQzMifQ%3D%3D&amp;_nc_ohc=TLMBkDiF2ckQ7kNvwFCfr7M&amp;_nc_oc=Adrz4n6S9ncnDoWf8-4LUBfQ0anzDQFzIhRcnzDDGJ7ldatZ1uNXWsihtWliGnmGWXZyXb8jKUHXKW1nUHm94KAq&amp;_nc_zt=23&amp;_nc_ht=scontent.cdninstagram.com&amp;edm=ANo9K5cEAAAA&amp;_nc_gid=M9X0x8waqGhFcnfHhoGC-g&amp;_nc_tpa=Q5bMBQGOWqyNx6KKH2DHCgy_KxoFNIZ2ccTdH-EMYxi4PWW9HfXhyw2ZkqLzPD2BfOR5rzFNxhNIJjuC1Q&amp;oh=00_Af3G9cLnnQCnKVFuIJlA7EXWzlMetZjF1HubkmDY2dJk3A&amp;oe=69F4CE31&quot;}\">\n\t\t\t<span class=\"sbi-screenreader\">Presentaci\u00f3n de la Academia de la Industria en AER<\/span>\n\t\t\t\t\t\t<svg style=\"color: rgba(255,255,255,1)\" class=\"svg-inline--fa fa-play fa-w-14 sbi_playbtn\" aria-label=\"Play\" aria-hidden=\"true\" data-fa-processed=\"\" data-prefix=\"fa\" data-icon=\"play\" role=\"presentation\" xmlns=\"http:\/\/www.w3.org\/2000\/svg\" viewBox=\"0 0 448 512\"><path fill=\"currentColor\" d=\"M424.4 214.7L72.4 6.6C43.8-10.3 0 6.1 0 47.9V464c0 37.5 40.7 60.1 72.4 41.3l352-208c31.4-18.5 31.5-64.1 0-82.6z\"><\/path><\/svg>\t\t\t<img decoding=\"async\" src=\"https:\/\/aerca.org.ar\/asociacion-empresarios\/wp-content\/plugins\/instagram-feed\/img\/placeholder.png\" alt=\"Presentaci\u00f3n de la Academia de la Industria en AERCA \ud83c\udfed\n\n\u200bEsta iniciativa, impulsada por la Uni\u00f3n Industrial de C\u00f3rdoba (UIC ) y Capabila, tiene como objetivo fortalecer la competitividad de las empresas a trav\u00e9s de programas de formaci\u00f3n t\u00e9cnica y de gesti\u00f3n.\n\n\u200bEl lanzamiento cont\u00f3 con la presencia del Vicepresidente de la @uicba  @uribarrenunsain y el Director de @capabiliaorg  @fernando.sibilla quienes detallaron el alcance de esta propuesta para el sector productivo regional.\n\n\u200b\ud83d\udd39 Beneficio para asociados: Los socios de AERCA cuentan con una bonificaci\u00f3n del 25%\ud83d\ude80 \n \n\u27a1\ufe0f \u200bToda la informaci\u00f3n sobre programas y modalidades de cursado se encuentra disponible en la p\u00e1gina web www.academiadelaindustria.com \ud83d\udcbb\" aria-hidden=\"true\">\n\t\t<\/a>\n\t<\/div>\n<\/div><div class=\"sbi_item sbi_type_carousel sbi_new sbi_transition\"\n\tid=\"sbi_18344563813211223\" data-date=\"1775674495\">\n\t<div class=\"sbi_photo_wrap\">\n\t\t<a class=\"sbi_photo\" href=\"https:\/\/www.instagram.com\/p\/DW4aj2LFVl2\/\" target=\"_blank\" rel=\"noopener nofollow\"\n\t\t\tdata-full-res=\"https:\/\/scontent.cdninstagram.com\/v\/t51.82787-15\/660771252_18173679937405284_1665502183717529590_n.jpg?stp=dst-jpg_e35_tt6&#038;_nc_cat=100&#038;ccb=7-5&#038;_nc_sid=18de74&#038;efg=eyJlZmdfdGFnIjoiQ0FST1VTRUxfSVRFTS5iZXN0X2ltYWdlX3VybGdlbi5DMyJ9&#038;_nc_ohc=ev2J2LrgfCoQ7kNvwGO5hHy&#038;_nc_oc=AdqShBqy15rGuY_X6oNp1C1y3vriLYOtQa5exzD-Ok8X_vxlLLLTib4QhZOWTfw-aI3xW0-N8P8TKf7DhQwjCZgW&#038;_nc_zt=23&#038;_nc_ht=scontent.cdninstagram.com&#038;edm=ANo9K5cEAAAA&#038;_nc_gid=M9X0x8waqGhFcnfHhoGC-g&#038;_nc_tpa=Q5bMBQGBdJj3NTnB3KFsDI0Bmg2jmBnBkzVmVW_rxff0jvIbtNSJFNuBx7d7fQG2n9R9TTHVWsChMMmQGQ&#038;oh=00_Af0OzUMJyMQUZDzsU7hEBECKOIsXNz77uJwt2dfLaPMMKQ&#038;oe=69F4E1A1\"\n\t\t\tdata-img-src-set=\"{&quot;d&quot;:&quot;https:\\\/\\\/scontent.cdninstagram.com\\\/v\\\/t51.82787-15\\\/660771252_18173679937405284_1665502183717529590_n.jpg?stp=dst-jpg_e35_tt6&amp;_nc_cat=100&amp;ccb=7-5&amp;_nc_sid=18de74&amp;efg=eyJlZmdfdGFnIjoiQ0FST1VTRUxfSVRFTS5iZXN0X2ltYWdlX3VybGdlbi5DMyJ9&amp;_nc_ohc=ev2J2LrgfCoQ7kNvwGO5hHy&amp;_nc_oc=AdqShBqy15rGuY_X6oNp1C1y3vriLYOtQa5exzD-Ok8X_vxlLLLTib4QhZOWTfw-aI3xW0-N8P8TKf7DhQwjCZgW&amp;_nc_zt=23&amp;_nc_ht=scontent.cdninstagram.com&amp;edm=ANo9K5cEAAAA&amp;_nc_gid=M9X0x8waqGhFcnfHhoGC-g&amp;_nc_tpa=Q5bMBQGBdJj3NTnB3KFsDI0Bmg2jmBnBkzVmVW_rxff0jvIbtNSJFNuBx7d7fQG2n9R9TTHVWsChMMmQGQ&amp;oh=00_Af0OzUMJyMQUZDzsU7hEBECKOIsXNz77uJwt2dfLaPMMKQ&amp;oe=69F4E1A1&quot;,&quot;150&quot;:&quot;https:\\\/\\\/scontent.cdninstagram.com\\\/v\\\/t51.82787-15\\\/660771252_18173679937405284_1665502183717529590_n.jpg?stp=dst-jpg_e35_tt6&amp;_nc_cat=100&amp;ccb=7-5&amp;_nc_sid=18de74&amp;efg=eyJlZmdfdGFnIjoiQ0FST1VTRUxfSVRFTS5iZXN0X2ltYWdlX3VybGdlbi5DMyJ9&amp;_nc_ohc=ev2J2LrgfCoQ7kNvwGO5hHy&amp;_nc_oc=AdqShBqy15rGuY_X6oNp1C1y3vriLYOtQa5exzD-Ok8X_vxlLLLTib4QhZOWTfw-aI3xW0-N8P8TKf7DhQwjCZgW&amp;_nc_zt=23&amp;_nc_ht=scontent.cdninstagram.com&amp;edm=ANo9K5cEAAAA&amp;_nc_gid=M9X0x8waqGhFcnfHhoGC-g&amp;_nc_tpa=Q5bMBQGBdJj3NTnB3KFsDI0Bmg2jmBnBkzVmVW_rxff0jvIbtNSJFNuBx7d7fQG2n9R9TTHVWsChMMmQGQ&amp;oh=00_Af0OzUMJyMQUZDzsU7hEBECKOIsXNz77uJwt2dfLaPMMKQ&amp;oe=69F4E1A1&quot;,&quot;320&quot;:&quot;https:\\\/\\\/scontent.cdninstagram.com\\\/v\\\/t51.82787-15\\\/660771252_18173679937405284_1665502183717529590_n.jpg?stp=dst-jpg_e35_tt6&amp;_nc_cat=100&amp;ccb=7-5&amp;_nc_sid=18de74&amp;efg=eyJlZmdfdGFnIjoiQ0FST1VTRUxfSVRFTS5iZXN0X2ltYWdlX3VybGdlbi5DMyJ9&amp;_nc_ohc=ev2J2LrgfCoQ7kNvwGO5hHy&amp;_nc_oc=AdqShBqy15rGuY_X6oNp1C1y3vriLYOtQa5exzD-Ok8X_vxlLLLTib4QhZOWTfw-aI3xW0-N8P8TKf7DhQwjCZgW&amp;_nc_zt=23&amp;_nc_ht=scontent.cdninstagram.com&amp;edm=ANo9K5cEAAAA&amp;_nc_gid=M9X0x8waqGhFcnfHhoGC-g&amp;_nc_tpa=Q5bMBQGBdJj3NTnB3KFsDI0Bmg2jmBnBkzVmVW_rxff0jvIbtNSJFNuBx7d7fQG2n9R9TTHVWsChMMmQGQ&amp;oh=00_Af0OzUMJyMQUZDzsU7hEBECKOIsXNz77uJwt2dfLaPMMKQ&amp;oe=69F4E1A1&quot;,&quot;640&quot;:&quot;https:\\\/\\\/scontent.cdninstagram.com\\\/v\\\/t51.82787-15\\\/660771252_18173679937405284_1665502183717529590_n.jpg?stp=dst-jpg_e35_tt6&amp;_nc_cat=100&amp;ccb=7-5&amp;_nc_sid=18de74&amp;efg=eyJlZmdfdGFnIjoiQ0FST1VTRUxfSVRFTS5iZXN0X2ltYWdlX3VybGdlbi5DMyJ9&amp;_nc_ohc=ev2J2LrgfCoQ7kNvwGO5hHy&amp;_nc_oc=AdqShBqy15rGuY_X6oNp1C1y3vriLYOtQa5exzD-Ok8X_vxlLLLTib4QhZOWTfw-aI3xW0-N8P8TKf7DhQwjCZgW&amp;_nc_zt=23&amp;_nc_ht=scontent.cdninstagram.com&amp;edm=ANo9K5cEAAAA&amp;_nc_gid=M9X0x8waqGhFcnfHhoGC-g&amp;_nc_tpa=Q5bMBQGBdJj3NTnB3KFsDI0Bmg2jmBnBkzVmVW_rxff0jvIbtNSJFNuBx7d7fQG2n9R9TTHVWsChMMmQGQ&amp;oh=00_Af0OzUMJyMQUZDzsU7hEBECKOIsXNz77uJwt2dfLaPMMKQ&amp;oe=69F4E1A1&quot;}\">\n\t\t\t<span class=\"sbi-screenreader\">\u00a1Potenci\u00e1 tus habilidades con nuestras formaciones<\/span>\n\t\t\t<svg class=\"svg-inline--fa fa-clone fa-w-16 sbi_lightbox_carousel_icon\" aria-hidden=\"true\" aria-label=\"Clone\" data-fa-pro\u0192cessed=\"\" data-prefix=\"far\" data-icon=\"clone\" role=\"img\" xmlns=\"http:\/\/www.w3.org\/2000\/svg\" viewBox=\"0 0 512 512\">\n                    <path fill=\"currentColor\" d=\"M464 0H144c-26.51 0-48 21.49-48 48v48H48c-26.51 0-48 21.49-48 48v320c0 26.51 21.49 48 48 48h320c26.51 0 48-21.49 48-48v-48h48c26.51 0 48-21.49 48-48V48c0-26.51-21.49-48-48-48zM362 464H54a6 6 0 0 1-6-6V150a6 6 0 0 1 6-6h42v224c0 26.51 21.49 48 48 48h224v42a6 6 0 0 1-6 6zm96-96H150a6 6 0 0 1-6-6V54a6 6 0 0 1 6-6h308a6 6 0 0 1 6 6v308a6 6 0 0 1-6 6z\"><\/path>\n                <\/svg>\t\t\t\t\t\t<img decoding=\"async\" src=\"https:\/\/aerca.org.ar\/asociacion-empresarios\/wp-content\/plugins\/instagram-feed\/img\/placeholder.png\" alt=\"\u00a1Potenci\u00e1 tus habilidades con nuestras formaciones en idiomas! \ud83d\ude80\n\nSumate a las capacitaciones en Ingl\u00e9s y Portugu\u00e9s de Negocios y adquir\u00ed las herramientas necesarias para comunicarse con \u00e9xito en el \u00e1mbito empresarial \ud83e\udef1\ud83c\udffc\u200d\ud83e\udef2\ud83c\udffd\n\n\ud83d\udd39 Ingl\u00e9s: todos los martes de 14 a 16 hs.\n\ud83d\udd39 Portugu\u00e9s: todos los mi\u00e9rcoles de 14 a 16 hs.\n\n\ud83d\udcda \u00a1La propuesta est\u00e1 dirigida a todo p\u00fablico que est\u00e9 interesado, no hace falta tener conocimiento ya que el nivel es inicial!\n\nLas inscripciones est\u00e1n abiertas. Encontr\u00e1 el link en la destacada AGENDA o en el link de nuestra biograf\u00eda.\n\n\ud83d\udce9 Consultas al 3534 78-1270.\" aria-hidden=\"true\">\n\t\t<\/a>\n\t<\/div>\n<\/div><div class=\"sbi_item sbi_type_video sbi_new sbi_transition\"\n\tid=\"sbi_18579251335006273\" data-date=\"1775504386\">\n\t<div class=\"sbi_photo_wrap\">\n\t\t<a class=\"sbi_photo\" href=\"https:\/\/www.instagram.com\/reel\/DWzXZjch3tW\/\" target=\"_blank\" rel=\"noopener nofollow\"\n\t\t\tdata-full-res=\"https:\/\/scontent.cdninstagram.com\/v\/t51.82787-15\/660026132_18173445286405284_5487911937395508450_n.jpg?stp=dst-jpg_e35_tt6&#038;_nc_cat=105&#038;ccb=7-5&#038;_nc_sid=18de74&#038;efg=eyJlZmdfdGFnIjoiQ0xJUFMuYmVzdF9pbWFnZV91cmxnZW4uQzMifQ%3D%3D&#038;_nc_ohc=0nf5fkphq-AQ7kNvwHjojce&#038;_nc_oc=Adr4LnnvGexxej_0-mgtXLtzktbW5P36Fdw_GoIs5Sofyer2YjZmBe3vNoD17uYobQgd9cPCy6fBx1Kvf9Vza6Cw&#038;_nc_zt=23&#038;_nc_ht=scontent.cdninstagram.com&#038;edm=ANo9K5cEAAAA&#038;_nc_gid=M9X0x8waqGhFcnfHhoGC-g&#038;_nc_tpa=Q5bMBQE8K56HwhkoiTPTniF4X68htotsmgtDuHk4FUkgWyipKpdSBBgccH7n-XrPCpaAEpi6Z1XqphwBcg&#038;oh=00_Af0z7u5R5hvQoWVOHrkOfRLuOq_yGYWg8IgAcNF-a4Ng8w&#038;oe=69F4EA58\"\n\t\t\tdata-img-src-set=\"{&quot;d&quot;:&quot;https:\\\/\\\/scontent.cdninstagram.com\\\/v\\\/t51.82787-15\\\/660026132_18173445286405284_5487911937395508450_n.jpg?stp=dst-jpg_e35_tt6&amp;_nc_cat=105&amp;ccb=7-5&amp;_nc_sid=18de74&amp;efg=eyJlZmdfdGFnIjoiQ0xJUFMuYmVzdF9pbWFnZV91cmxnZW4uQzMifQ%3D%3D&amp;_nc_ohc=0nf5fkphq-AQ7kNvwHjojce&amp;_nc_oc=Adr4LnnvGexxej_0-mgtXLtzktbW5P36Fdw_GoIs5Sofyer2YjZmBe3vNoD17uYobQgd9cPCy6fBx1Kvf9Vza6Cw&amp;_nc_zt=23&amp;_nc_ht=scontent.cdninstagram.com&amp;edm=ANo9K5cEAAAA&amp;_nc_gid=M9X0x8waqGhFcnfHhoGC-g&amp;_nc_tpa=Q5bMBQE8K56HwhkoiTPTniF4X68htotsmgtDuHk4FUkgWyipKpdSBBgccH7n-XrPCpaAEpi6Z1XqphwBcg&amp;oh=00_Af0z7u5R5hvQoWVOHrkOfRLuOq_yGYWg8IgAcNF-a4Ng8w&amp;oe=69F4EA58&quot;,&quot;150&quot;:&quot;https:\\\/\\\/scontent.cdninstagram.com\\\/v\\\/t51.82787-15\\\/660026132_18173445286405284_5487911937395508450_n.jpg?stp=dst-jpg_e35_tt6&amp;_nc_cat=105&amp;ccb=7-5&amp;_nc_sid=18de74&amp;efg=eyJlZmdfdGFnIjoiQ0xJUFMuYmVzdF9pbWFnZV91cmxnZW4uQzMifQ%3D%3D&amp;_nc_ohc=0nf5fkphq-AQ7kNvwHjojce&amp;_nc_oc=Adr4LnnvGexxej_0-mgtXLtzktbW5P36Fdw_GoIs5Sofyer2YjZmBe3vNoD17uYobQgd9cPCy6fBx1Kvf9Vza6Cw&amp;_nc_zt=23&amp;_nc_ht=scontent.cdninstagram.com&amp;edm=ANo9K5cEAAAA&amp;_nc_gid=M9X0x8waqGhFcnfHhoGC-g&amp;_nc_tpa=Q5bMBQE8K56HwhkoiTPTniF4X68htotsmgtDuHk4FUkgWyipKpdSBBgccH7n-XrPCpaAEpi6Z1XqphwBcg&amp;oh=00_Af0z7u5R5hvQoWVOHrkOfRLuOq_yGYWg8IgAcNF-a4Ng8w&amp;oe=69F4EA58&quot;,&quot;320&quot;:&quot;https:\\\/\\\/scontent.cdninstagram.com\\\/v\\\/t51.82787-15\\\/660026132_18173445286405284_5487911937395508450_n.jpg?stp=dst-jpg_e35_tt6&amp;_nc_cat=105&amp;ccb=7-5&amp;_nc_sid=18de74&amp;efg=eyJlZmdfdGFnIjoiQ0xJUFMuYmVzdF9pbWFnZV91cmxnZW4uQzMifQ%3D%3D&amp;_nc_ohc=0nf5fkphq-AQ7kNvwHjojce&amp;_nc_oc=Adr4LnnvGexxej_0-mgtXLtzktbW5P36Fdw_GoIs5Sofyer2YjZmBe3vNoD17uYobQgd9cPCy6fBx1Kvf9Vza6Cw&amp;_nc_zt=23&amp;_nc_ht=scontent.cdninstagram.com&amp;edm=ANo9K5cEAAAA&amp;_nc_gid=M9X0x8waqGhFcnfHhoGC-g&amp;_nc_tpa=Q5bMBQE8K56HwhkoiTPTniF4X68htotsmgtDuHk4FUkgWyipKpdSBBgccH7n-XrPCpaAEpi6Z1XqphwBcg&amp;oh=00_Af0z7u5R5hvQoWVOHrkOfRLuOq_yGYWg8IgAcNF-a4Ng8w&amp;oe=69F4EA58&quot;,&quot;640&quot;:&quot;https:\\\/\\\/scontent.cdninstagram.com\\\/v\\\/t51.82787-15\\\/660026132_18173445286405284_5487911937395508450_n.jpg?stp=dst-jpg_e35_tt6&amp;_nc_cat=105&amp;ccb=7-5&amp;_nc_sid=18de74&amp;efg=eyJlZmdfdGFnIjoiQ0xJUFMuYmVzdF9pbWFnZV91cmxnZW4uQzMifQ%3D%3D&amp;_nc_ohc=0nf5fkphq-AQ7kNvwHjojce&amp;_nc_oc=Adr4LnnvGexxej_0-mgtXLtzktbW5P36Fdw_GoIs5Sofyer2YjZmBe3vNoD17uYobQgd9cPCy6fBx1Kvf9Vza6Cw&amp;_nc_zt=23&amp;_nc_ht=scontent.cdninstagram.com&amp;edm=ANo9K5cEAAAA&amp;_nc_gid=M9X0x8waqGhFcnfHhoGC-g&amp;_nc_tpa=Q5bMBQE8K56HwhkoiTPTniF4X68htotsmgtDuHk4FUkgWyipKpdSBBgccH7n-XrPCpaAEpi6Z1XqphwBcg&amp;oh=00_Af0z7u5R5hvQoWVOHrkOfRLuOq_yGYWg8IgAcNF-a4Ng8w&amp;oe=69F4EA58&quot;}\">\n\t\t\t<span class=\"sbi-screenreader\">ESENCIA EMPRESARIA \u2728\ufe0f\n\nCompartimos un resumen de e<\/span>\n\t\t\t\t\t\t<svg style=\"color: rgba(255,255,255,1)\" class=\"svg-inline--fa fa-play fa-w-14 sbi_playbtn\" aria-label=\"Play\" aria-hidden=\"true\" data-fa-processed=\"\" data-prefix=\"fa\" data-icon=\"play\" role=\"presentation\" xmlns=\"http:\/\/www.w3.org\/2000\/svg\" viewBox=\"0 0 448 512\"><path fill=\"currentColor\" d=\"M424.4 214.7L72.4 6.6C43.8-10.3 0 6.1 0 47.9V464c0 37.5 40.7 60.1 72.4 41.3l352-208c31.4-18.5 31.5-64.1 0-82.6z\"><\/path><\/svg>\t\t\t<img decoding=\"async\" src=\"https:\/\/aerca.org.ar\/asociacion-empresarios\/wp-content\/plugins\/instagram-feed\/img\/placeholder.png\" alt=\"ESENCIA EMPRESARIA \u2728\ufe0f\n\nCompartimos un resumen de este espacio que reuni\u00f3 a m\u00e1s de 70 mujeres de diferentes rubros del sector productivo villamariense y de la regi\u00f3n. Fue un encuentro exitoso en el que se abord\u00f3 la importancia de las mujeres empresarias, su rol en diferentes \u00e1mbitos, pero tambi\u00e9n, se anim\u00f3 a romper con barreras y l\u00edmites establecidos. \n\nLos testimonios del conversatorio, las diferentes din\u00e1micas, la charla emotiva y cada una de las presentes fueron esenciales para lograr el evento. \n\nAgradecemos a todas por su presencia. \u2764\ufe0f\" aria-hidden=\"true\">\n\t\t<\/a>\n\t<\/div>\n<\/div><div class=\"sbi_item sbi_type_image sbi_new sbi_transition\"\n\tid=\"sbi_17951267870965668\" data-date=\"1775049966\">\n\t<div class=\"sbi_photo_wrap\">\n\t\t<a class=\"sbi_photo\" href=\"https:\/\/www.instagram.com\/p\/DWlzXMtgIyG\/\" target=\"_blank\" rel=\"noopener nofollow\"\n\t\t\tdata-full-res=\"https:\/\/scontent.cdninstagram.com\/v\/t51.82787-15\/657648819_18172832593405284_6972941552289039315_n.heic?stp=dst-jpg_e35_tt6&#038;_nc_cat=111&#038;ccb=7-5&#038;_nc_sid=18de74&#038;efg=eyJlZmdfdGFnIjoiRkVFRC5iZXN0X2ltYWdlX3VybGdlbi5DMyJ9&#038;_nc_ohc=zzGR8zeVnPkQ7kNvwFbJvKW&#038;_nc_oc=Adqn4FUFedY2bltjcIESdwFwB08x2_iDAHnZf-WwcPj6z_MGNY7BdfqRsIAUDnC6QBVvXzWbEyV5gsXhyO8ZpzqJ&#038;_nc_zt=23&#038;_nc_ht=scontent.cdninstagram.com&#038;edm=ANo9K5cEAAAA&#038;_nc_gid=M9X0x8waqGhFcnfHhoGC-g&#038;_nc_tpa=Q5bMBQFDZepPWJPWq5ceDShwxWiPViwAYl05WqTX27ewdpSzutkzH3oToAC6ZRO1reM6vJ5DmQw8vHDSeQ&#038;oh=00_Af3NgsM-s2YWZyw3I98R8PZJY-0xbVZgsnZIivPS1oW4Yg&#038;oe=69F4D6B4\"\n\t\t\tdata-img-src-set=\"{&quot;d&quot;:&quot;https:\\\/\\\/scontent.cdninstagram.com\\\/v\\\/t51.82787-15\\\/657648819_18172832593405284_6972941552289039315_n.heic?stp=dst-jpg_e35_tt6&amp;_nc_cat=111&amp;ccb=7-5&amp;_nc_sid=18de74&amp;efg=eyJlZmdfdGFnIjoiRkVFRC5iZXN0X2ltYWdlX3VybGdlbi5DMyJ9&amp;_nc_ohc=zzGR8zeVnPkQ7kNvwFbJvKW&amp;_nc_oc=Adqn4FUFedY2bltjcIESdwFwB08x2_iDAHnZf-WwcPj6z_MGNY7BdfqRsIAUDnC6QBVvXzWbEyV5gsXhyO8ZpzqJ&amp;_nc_zt=23&amp;_nc_ht=scontent.cdninstagram.com&amp;edm=ANo9K5cEAAAA&amp;_nc_gid=M9X0x8waqGhFcnfHhoGC-g&amp;_nc_tpa=Q5bMBQFDZepPWJPWq5ceDShwxWiPViwAYl05WqTX27ewdpSzutkzH3oToAC6ZRO1reM6vJ5DmQw8vHDSeQ&amp;oh=00_Af3NgsM-s2YWZyw3I98R8PZJY-0xbVZgsnZIivPS1oW4Yg&amp;oe=69F4D6B4&quot;,&quot;150&quot;:&quot;https:\\\/\\\/scontent.cdninstagram.com\\\/v\\\/t51.82787-15\\\/657648819_18172832593405284_6972941552289039315_n.heic?stp=dst-jpg_e35_tt6&amp;_nc_cat=111&amp;ccb=7-5&amp;_nc_sid=18de74&amp;efg=eyJlZmdfdGFnIjoiRkVFRC5iZXN0X2ltYWdlX3VybGdlbi5DMyJ9&amp;_nc_ohc=zzGR8zeVnPkQ7kNvwFbJvKW&amp;_nc_oc=Adqn4FUFedY2bltjcIESdwFwB08x2_iDAHnZf-WwcPj6z_MGNY7BdfqRsIAUDnC6QBVvXzWbEyV5gsXhyO8ZpzqJ&amp;_nc_zt=23&amp;_nc_ht=scontent.cdninstagram.com&amp;edm=ANo9K5cEAAAA&amp;_nc_gid=M9X0x8waqGhFcnfHhoGC-g&amp;_nc_tpa=Q5bMBQFDZepPWJPWq5ceDShwxWiPViwAYl05WqTX27ewdpSzutkzH3oToAC6ZRO1reM6vJ5DmQw8vHDSeQ&amp;oh=00_Af3NgsM-s2YWZyw3I98R8PZJY-0xbVZgsnZIivPS1oW4Yg&amp;oe=69F4D6B4&quot;,&quot;320&quot;:&quot;https:\\\/\\\/scontent.cdninstagram.com\\\/v\\\/t51.82787-15\\\/657648819_18172832593405284_6972941552289039315_n.heic?stp=dst-jpg_e35_tt6&amp;_nc_cat=111&amp;ccb=7-5&amp;_nc_sid=18de74&amp;efg=eyJlZmdfdGFnIjoiRkVFRC5iZXN0X2ltYWdlX3VybGdlbi5DMyJ9&amp;_nc_ohc=zzGR8zeVnPkQ7kNvwFbJvKW&amp;_nc_oc=Adqn4FUFedY2bltjcIESdwFwB08x2_iDAHnZf-WwcPj6z_MGNY7BdfqRsIAUDnC6QBVvXzWbEyV5gsXhyO8ZpzqJ&amp;_nc_zt=23&amp;_nc_ht=scontent.cdninstagram.com&amp;edm=ANo9K5cEAAAA&amp;_nc_gid=M9X0x8waqGhFcnfHhoGC-g&amp;_nc_tpa=Q5bMBQFDZepPWJPWq5ceDShwxWiPViwAYl05WqTX27ewdpSzutkzH3oToAC6ZRO1reM6vJ5DmQw8vHDSeQ&amp;oh=00_Af3NgsM-s2YWZyw3I98R8PZJY-0xbVZgsnZIivPS1oW4Yg&amp;oe=69F4D6B4&quot;,&quot;640&quot;:&quot;https:\\\/\\\/scontent.cdninstagram.com\\\/v\\\/t51.82787-15\\\/657648819_18172832593405284_6972941552289039315_n.heic?stp=dst-jpg_e35_tt6&amp;_nc_cat=111&amp;ccb=7-5&amp;_nc_sid=18de74&amp;efg=eyJlZmdfdGFnIjoiRkVFRC5iZXN0X2ltYWdlX3VybGdlbi5DMyJ9&amp;_nc_ohc=zzGR8zeVnPkQ7kNvwFbJvKW&amp;_nc_oc=Adqn4FUFedY2bltjcIESdwFwB08x2_iDAHnZf-WwcPj6z_MGNY7BdfqRsIAUDnC6QBVvXzWbEyV5gsXhyO8ZpzqJ&amp;_nc_zt=23&amp;_nc_ht=scontent.cdninstagram.com&amp;edm=ANo9K5cEAAAA&amp;_nc_gid=M9X0x8waqGhFcnfHhoGC-g&amp;_nc_tpa=Q5bMBQFDZepPWJPWq5ceDShwxWiPViwAYl05WqTX27ewdpSzutkzH3oToAC6ZRO1reM6vJ5DmQw8vHDSeQ&amp;oh=00_Af3NgsM-s2YWZyw3I98R8PZJY-0xbVZgsnZIivPS1oW4Yg&amp;oe=69F4D6B4&quot;}\">\n\t\t\t<span class=\"sbi-screenreader\">Los invitamos a participar de un webinar junto a M<\/span>\n\t\t\t\t\t\t\t\t\t<img decoding=\"async\" src=\"https:\/\/aerca.org.ar\/asociacion-empresarios\/wp-content\/plugins\/instagram-feed\/img\/placeholder.png\" alt=\"Los invitamos a participar de un webinar junto a Mercado Libre, donde abordaremos una nueva propuesta clave para comprar y vender con mejores condiciones.\n\n\ud83d\uddd3 Mi\u00e9rcoles 8 de abril\n\ud83d\udd52 14:00 hs\n\ud83d\udcbb Modalidad virtual\n\n\ud83d\udca1 Tema: Mercado Libre Negocios Argentina.\n\n\ud83d\ude80 Durante el encuentro se presentar\u00e1 Mercado Libre Negocios, una soluci\u00f3n que permite comprar y vender entre empresas con precios mayoristas, operaciones por volumen y herramientas dise\u00f1adas espec\u00edficamente para este tipo de transacciones.\n\n\ud83d\udc69\u200d\ud83d\udcbc El webinar estar\u00e1 a cargo de Florencia Convertini, B2B Head Argentina en Mercado Libre, quien cuenta con amplia experiencia liderando equipos de compras y ventas en grandes corporaciones.\n\nEs una excelente oportunidad para incorporar herramientas que potencien su negocio y los ayuden a adaptarse a las nuevas din\u00e1micas del mercado\n\u00a1Los esperamos! \ud83d\ude4c\n\n\ud83d\udd17 Las inscripciones est\u00e1n disponibles en la historia destacada AGENDA\" aria-hidden=\"true\">\n\t\t<\/a>\n\t<\/div>\n<\/div><div class=\"sbi_item sbi_type_image sbi_new sbi_transition\"\n\tid=\"sbi_18039838370595881\" data-date=\"1774547526\">\n\t<div class=\"sbi_photo_wrap\">\n\t\t<a class=\"sbi_photo\" href=\"https:\/\/www.instagram.com\/p\/DWW1CKTALbv\/\" target=\"_blank\" rel=\"noopener nofollow\"\n\t\t\tdata-full-res=\"https:\/\/scontent.cdninstagram.com\/v\/t51.82787-15\/656845047_18172202905405284_3432864010905205457_n.heic?stp=dst-jpg_e35_tt6&#038;_nc_cat=108&#038;ccb=7-5&#038;_nc_sid=18de74&#038;efg=eyJlZmdfdGFnIjoiRkVFRC5iZXN0X2ltYWdlX3VybGdlbi5DMyJ9&#038;_nc_ohc=KJQbNC8ly6sQ7kNvwG3r0Yn&#038;_nc_oc=AdpLufURFitCyQc3ojqt6W_VZKUnNdvLe6hTpRXJ9MfXhbvLPeHIWEHShnLRKD2anwpc57nlI6SBGPaTmZ9yuKAe&#038;_nc_zt=23&#038;_nc_ht=scontent.cdninstagram.com&#038;edm=ANo9K5cEAAAA&#038;_nc_gid=M9X0x8waqGhFcnfHhoGC-g&#038;_nc_tpa=Q5bMBQGvjMO5UavDv4W-O6ycPSxPuzO7EEcBrMemxLLY_B4IzNvZKtr3nPZ65xlcvRvQ475EGD8kDZFFNw&#038;oh=00_Af1GIya3lkwUHSnUjuX27Ks-yE74CWy6AjrTAafqZHM9Tg&#038;oe=69F4E8B9\"\n\t\t\tdata-img-src-set=\"{&quot;d&quot;:&quot;https:\\\/\\\/scontent.cdninstagram.com\\\/v\\\/t51.82787-15\\\/656845047_18172202905405284_3432864010905205457_n.heic?stp=dst-jpg_e35_tt6&amp;_nc_cat=108&amp;ccb=7-5&amp;_nc_sid=18de74&amp;efg=eyJlZmdfdGFnIjoiRkVFRC5iZXN0X2ltYWdlX3VybGdlbi5DMyJ9&amp;_nc_ohc=KJQbNC8ly6sQ7kNvwG3r0Yn&amp;_nc_oc=AdpLufURFitCyQc3ojqt6W_VZKUnNdvLe6hTpRXJ9MfXhbvLPeHIWEHShnLRKD2anwpc57nlI6SBGPaTmZ9yuKAe&amp;_nc_zt=23&amp;_nc_ht=scontent.cdninstagram.com&amp;edm=ANo9K5cEAAAA&amp;_nc_gid=M9X0x8waqGhFcnfHhoGC-g&amp;_nc_tpa=Q5bMBQGvjMO5UavDv4W-O6ycPSxPuzO7EEcBrMemxLLY_B4IzNvZKtr3nPZ65xlcvRvQ475EGD8kDZFFNw&amp;oh=00_Af1GIya3lkwUHSnUjuX27Ks-yE74CWy6AjrTAafqZHM9Tg&amp;oe=69F4E8B9&quot;,&quot;150&quot;:&quot;https:\\\/\\\/scontent.cdninstagram.com\\\/v\\\/t51.82787-15\\\/656845047_18172202905405284_3432864010905205457_n.heic?stp=dst-jpg_e35_tt6&amp;_nc_cat=108&amp;ccb=7-5&amp;_nc_sid=18de74&amp;efg=eyJlZmdfdGFnIjoiRkVFRC5iZXN0X2ltYWdlX3VybGdlbi5DMyJ9&amp;_nc_ohc=KJQbNC8ly6sQ7kNvwG3r0Yn&amp;_nc_oc=AdpLufURFitCyQc3ojqt6W_VZKUnNdvLe6hTpRXJ9MfXhbvLPeHIWEHShnLRKD2anwpc57nlI6SBGPaTmZ9yuKAe&amp;_nc_zt=23&amp;_nc_ht=scontent.cdninstagram.com&amp;edm=ANo9K5cEAAAA&amp;_nc_gid=M9X0x8waqGhFcnfHhoGC-g&amp;_nc_tpa=Q5bMBQGvjMO5UavDv4W-O6ycPSxPuzO7EEcBrMemxLLY_B4IzNvZKtr3nPZ65xlcvRvQ475EGD8kDZFFNw&amp;oh=00_Af1GIya3lkwUHSnUjuX27Ks-yE74CWy6AjrTAafqZHM9Tg&amp;oe=69F4E8B9&quot;,&quot;320&quot;:&quot;https:\\\/\\\/scontent.cdninstagram.com\\\/v\\\/t51.82787-15\\\/656845047_18172202905405284_3432864010905205457_n.heic?stp=dst-jpg_e35_tt6&amp;_nc_cat=108&amp;ccb=7-5&amp;_nc_sid=18de74&amp;efg=eyJlZmdfdGFnIjoiRkVFRC5iZXN0X2ltYWdlX3VybGdlbi5DMyJ9&amp;_nc_ohc=KJQbNC8ly6sQ7kNvwG3r0Yn&amp;_nc_oc=AdpLufURFitCyQc3ojqt6W_VZKUnNdvLe6hTpRXJ9MfXhbvLPeHIWEHShnLRKD2anwpc57nlI6SBGPaTmZ9yuKAe&amp;_nc_zt=23&amp;_nc_ht=scontent.cdninstagram.com&amp;edm=ANo9K5cEAAAA&amp;_nc_gid=M9X0x8waqGhFcnfHhoGC-g&amp;_nc_tpa=Q5bMBQGvjMO5UavDv4W-O6ycPSxPuzO7EEcBrMemxLLY_B4IzNvZKtr3nPZ65xlcvRvQ475EGD8kDZFFNw&amp;oh=00_Af1GIya3lkwUHSnUjuX27Ks-yE74CWy6AjrTAafqZHM9Tg&amp;oe=69F4E8B9&quot;,&quot;640&quot;:&quot;https:\\\/\\\/scontent.cdninstagram.com\\\/v\\\/t51.82787-15\\\/656845047_18172202905405284_3432864010905205457_n.heic?stp=dst-jpg_e35_tt6&amp;_nc_cat=108&amp;ccb=7-5&amp;_nc_sid=18de74&amp;efg=eyJlZmdfdGFnIjoiRkVFRC5iZXN0X2ltYWdlX3VybGdlbi5DMyJ9&amp;_nc_ohc=KJQbNC8ly6sQ7kNvwG3r0Yn&amp;_nc_oc=AdpLufURFitCyQc3ojqt6W_VZKUnNdvLe6hTpRXJ9MfXhbvLPeHIWEHShnLRKD2anwpc57nlI6SBGPaTmZ9yuKAe&amp;_nc_zt=23&amp;_nc_ht=scontent.cdninstagram.com&amp;edm=ANo9K5cEAAAA&amp;_nc_gid=M9X0x8waqGhFcnfHhoGC-g&amp;_nc_tpa=Q5bMBQGvjMO5UavDv4W-O6ycPSxPuzO7EEcBrMemxLLY_B4IzNvZKtr3nPZ65xlcvRvQ475EGD8kDZFFNw&amp;oh=00_Af1GIya3lkwUHSnUjuX27Ks-yE74CWy6AjrTAafqZHM9Tg&amp;oe=69F4E8B9&quot;}\">\n\t\t\t<span class=\"sbi-screenreader\">Presentaci\u00f3n Programa Competitividad con Triple Im<\/span>\n\t\t\t\t\t\t\t\t\t<img decoding=\"async\" src=\"https:\/\/aerca.org.ar\/asociacion-empresarios\/wp-content\/plugins\/instagram-feed\/img\/placeholder.png\" alt=\"Presentaci\u00f3n Programa Competitividad con Triple Impacto: Est\u00e1 tu empresa lista para el nuevo escenario Mercosur-Uni\u00f3n Europea? \ud83e\udd1d\ud83c\uddea\ud83c\uddfa\n\nYa no es opcional: para exportar hoy se exigen los nuevos est\u00e1ndares internacionales de calidad y gesti\u00f3n ambiental. No permitas que las nuevas normativas dejen a tu industria fuera del mercado. \ud83d\udcc9\ud83d\udeab\n\nPrograma 100 %  financiado por CFI\n\nPresentaci\u00f3n L\u00edneas de Cr\u00e9dito Vigentes CFI:\nFinanciamiento Verde\nCompetitividad Pyme\nPrograma de Abordaje Integral.\nPrograma para el Desarrollo Productivo y Financiero de Mujeres.\nProducci\u00f3n Regional Exportable.\n\n\ud83d\udcc6 Fecha: 31\/03\n\u23f1\ufe0f Hora: 8.30 hs\n\ud83d\udccd Lugar: Sede AERCA\n\n\ud83d\udccc Requiere inscripci\u00f3n previa.\" aria-hidden=\"true\">\n\t\t<\/a>\n\t<\/div>\n<\/div><div class=\"sbi_item sbi_type_carousel sbi_new sbi_transition\"\n\tid=\"sbi_17844411711697093\" data-date=\"1774022020\">\n\t<div class=\"sbi_photo_wrap\">\n\t\t<a class=\"sbi_photo\" href=\"https:\/\/www.instagram.com\/p\/DWHKtthDTg7\/\" target=\"_blank\" rel=\"noopener nofollow\"\n\t\t\tdata-full-res=\"https:\/\/scontent.cdninstagram.com\/v\/t51.82787-15\/655228567_18171486445405284_1343257739766783810_n.jpg?stp=dst-jpg_e35_tt6&#038;_nc_cat=100&#038;ccb=7-5&#038;_nc_sid=18de74&#038;efg=eyJlZmdfdGFnIjoiQ0FST1VTRUxfSVRFTS5iZXN0X2ltYWdlX3VybGdlbi5DMyJ9&#038;_nc_ohc=SCSDpnesg7EQ7kNvwEsViuf&#038;_nc_oc=AdpR6v3hscLJfjzU-vM32dAuZdmKupzpzTk4SZkTYRjJO8FAqcBWT6AagSP23bB7r9bcU8EYjoKYL7tvwdf4DL-R&#038;_nc_zt=23&#038;_nc_ht=scontent.cdninstagram.com&#038;edm=ANo9K5cEAAAA&#038;_nc_gid=M9X0x8waqGhFcnfHhoGC-g&#038;_nc_tpa=Q5bMBQH7T1kBocDDNgsctsbSrrHLTMLBnYINdnXCf56q_jfYVOPn_GI8EHGzFnPUysxKdGshYU2GZ8Tbzw&#038;oh=00_Af2RGTifs5fko-cMZOmF4gzO9Xfh7TpjNLUfjwZ5evsqdQ&#038;oe=69F4D71E\"\n\t\t\tdata-img-src-set=\"{&quot;d&quot;:&quot;https:\\\/\\\/scontent.cdninstagram.com\\\/v\\\/t51.82787-15\\\/655228567_18171486445405284_1343257739766783810_n.jpg?stp=dst-jpg_e35_tt6&amp;_nc_cat=100&amp;ccb=7-5&amp;_nc_sid=18de74&amp;efg=eyJlZmdfdGFnIjoiQ0FST1VTRUxfSVRFTS5iZXN0X2ltYWdlX3VybGdlbi5DMyJ9&amp;_nc_ohc=SCSDpnesg7EQ7kNvwEsViuf&amp;_nc_oc=AdpR6v3hscLJfjzU-vM32dAuZdmKupzpzTk4SZkTYRjJO8FAqcBWT6AagSP23bB7r9bcU8EYjoKYL7tvwdf4DL-R&amp;_nc_zt=23&amp;_nc_ht=scontent.cdninstagram.com&amp;edm=ANo9K5cEAAAA&amp;_nc_gid=M9X0x8waqGhFcnfHhoGC-g&amp;_nc_tpa=Q5bMBQH7T1kBocDDNgsctsbSrrHLTMLBnYINdnXCf56q_jfYVOPn_GI8EHGzFnPUysxKdGshYU2GZ8Tbzw&amp;oh=00_Af2RGTifs5fko-cMZOmF4gzO9Xfh7TpjNLUfjwZ5evsqdQ&amp;oe=69F4D71E&quot;,&quot;150&quot;:&quot;https:\\\/\\\/scontent.cdninstagram.com\\\/v\\\/t51.82787-15\\\/655228567_18171486445405284_1343257739766783810_n.jpg?stp=dst-jpg_e35_tt6&amp;_nc_cat=100&amp;ccb=7-5&amp;_nc_sid=18de74&amp;efg=eyJlZmdfdGFnIjoiQ0FST1VTRUxfSVRFTS5iZXN0X2ltYWdlX3VybGdlbi5DMyJ9&amp;_nc_ohc=SCSDpnesg7EQ7kNvwEsViuf&amp;_nc_oc=AdpR6v3hscLJfjzU-vM32dAuZdmKupzpzTk4SZkTYRjJO8FAqcBWT6AagSP23bB7r9bcU8EYjoKYL7tvwdf4DL-R&amp;_nc_zt=23&amp;_nc_ht=scontent.cdninstagram.com&amp;edm=ANo9K5cEAAAA&amp;_nc_gid=M9X0x8waqGhFcnfHhoGC-g&amp;_nc_tpa=Q5bMBQH7T1kBocDDNgsctsbSrrHLTMLBnYINdnXCf56q_jfYVOPn_GI8EHGzFnPUysxKdGshYU2GZ8Tbzw&amp;oh=00_Af2RGTifs5fko-cMZOmF4gzO9Xfh7TpjNLUfjwZ5evsqdQ&amp;oe=69F4D71E&quot;,&quot;320&quot;:&quot;https:\\\/\\\/scontent.cdninstagram.com\\\/v\\\/t51.82787-15\\\/655228567_18171486445405284_1343257739766783810_n.jpg?stp=dst-jpg_e35_tt6&amp;_nc_cat=100&amp;ccb=7-5&amp;_nc_sid=18de74&amp;efg=eyJlZmdfdGFnIjoiQ0FST1VTRUxfSVRFTS5iZXN0X2ltYWdlX3VybGdlbi5DMyJ9&amp;_nc_ohc=SCSDpnesg7EQ7kNvwEsViuf&amp;_nc_oc=AdpR6v3hscLJfjzU-vM32dAuZdmKupzpzTk4SZkTYRjJO8FAqcBWT6AagSP23bB7r9bcU8EYjoKYL7tvwdf4DL-R&amp;_nc_zt=23&amp;_nc_ht=scontent.cdninstagram.com&amp;edm=ANo9K5cEAAAA&amp;_nc_gid=M9X0x8waqGhFcnfHhoGC-g&amp;_nc_tpa=Q5bMBQH7T1kBocDDNgsctsbSrrHLTMLBnYINdnXCf56q_jfYVOPn_GI8EHGzFnPUysxKdGshYU2GZ8Tbzw&amp;oh=00_Af2RGTifs5fko-cMZOmF4gzO9Xfh7TpjNLUfjwZ5evsqdQ&amp;oe=69F4D71E&quot;,&quot;640&quot;:&quot;https:\\\/\\\/scontent.cdninstagram.com\\\/v\\\/t51.82787-15\\\/655228567_18171486445405284_1343257739766783810_n.jpg?stp=dst-jpg_e35_tt6&amp;_nc_cat=100&amp;ccb=7-5&amp;_nc_sid=18de74&amp;efg=eyJlZmdfdGFnIjoiQ0FST1VTRUxfSVRFTS5iZXN0X2ltYWdlX3VybGdlbi5DMyJ9&amp;_nc_ohc=SCSDpnesg7EQ7kNvwEsViuf&amp;_nc_oc=AdpR6v3hscLJfjzU-vM32dAuZdmKupzpzTk4SZkTYRjJO8FAqcBWT6AagSP23bB7r9bcU8EYjoKYL7tvwdf4DL-R&amp;_nc_zt=23&amp;_nc_ht=scontent.cdninstagram.com&amp;edm=ANo9K5cEAAAA&amp;_nc_gid=M9X0x8waqGhFcnfHhoGC-g&amp;_nc_tpa=Q5bMBQH7T1kBocDDNgsctsbSrrHLTMLBnYINdnXCf56q_jfYVOPn_GI8EHGzFnPUysxKdGshYU2GZ8Tbzw&amp;oh=00_Af2RGTifs5fko-cMZOmF4gzO9Xfh7TpjNLUfjwZ5evsqdQ&amp;oe=69F4D71E&quot;}\">\n\t\t\t<span class=\"sbi-screenreader\">Esta iniciativa que tiene como objetivo visibiliza<\/span>\n\t\t\t<svg class=\"svg-inline--fa fa-clone fa-w-16 sbi_lightbox_carousel_icon\" aria-hidden=\"true\" aria-label=\"Clone\" data-fa-pro\u0192cessed=\"\" data-prefix=\"far\" data-icon=\"clone\" role=\"img\" xmlns=\"http:\/\/www.w3.org\/2000\/svg\" viewBox=\"0 0 512 512\">\n                    <path fill=\"currentColor\" d=\"M464 0H144c-26.51 0-48 21.49-48 48v48H48c-26.51 0-48 21.49-48 48v320c0 26.51 21.49 48 48 48h320c26.51 0 48-21.49 48-48v-48h48c26.51 0 48-21.49 48-48V48c0-26.51-21.49-48-48-48zM362 464H54a6 6 0 0 1-6-6V150a6 6 0 0 1 6-6h42v224c0 26.51 21.49 48 48 48h224v42a6 6 0 0 1-6 6zm96-96H150a6 6 0 0 1-6-6V54a6 6 0 0 1 6-6h308a6 6 0 0 1 6 6v308a6 6 0 0 1-6 6z\"><\/path>\n                <\/svg>\t\t\t\t\t\t<img decoding=\"async\" src=\"https:\/\/aerca.org.ar\/asociacion-empresarios\/wp-content\/plugins\/instagram-feed\/img\/placeholder.png\" alt=\"Esta iniciativa que tiene como objetivo visibilizar la actividad de la mujer empresaria villamariense.\n\nLa jornada que contar\u00e1 con: \n\nConversatorio: &quot;Detr\u00e1s del \u00e9xito. Lo que nadie cuenta de ser empresaria&quot;, con la participaci\u00f3n de reconocidas representantes del rubro.\n\nCharla Motivacional: &quot; Decisiones que cambian una carrera &quot; a cargo de Valentina Pertegarini, Gerente Ganader\u00eda - Rodeo El Delmo S.A., Copiloto Rally Raid., Ganadora del Dakar 2025, Bi Campeona del Mundo 2024\/2025\n\n\ud83d\uddd3\ufe0f Martes 31 de marzo\n\ud83d\udd51 18.30 hs\n\ud83d\udccd AERCA - San Juan 1369\n\nActividad no arancelada, con cupos limitados e inscripci\u00f3n previa\u203c\ufe0f\" aria-hidden=\"true\">\n\t\t<\/a>\n\t<\/div>\n<\/div><div class=\"sbi_item sbi_type_video sbi_new sbi_transition\"\n\tid=\"sbi_17955548052085010\" data-date=\"1772729553\">\n\t<div class=\"sbi_photo_wrap\">\n\t\t<a class=\"sbi_photo\" href=\"https:\/\/www.instagram.com\/reel\/DVgn9n-je-2\/\" target=\"_blank\" rel=\"noopener nofollow\"\n\t\t\tdata-full-res=\"https:\/\/scontent.cdninstagram.com\/v\/t51.82787-15\/645868296_18169655836405284_2504495481468630680_n.jpg?stp=dst-jpg_e35_tt6&#038;_nc_cat=102&#038;ccb=7-5&#038;_nc_sid=18de74&#038;efg=eyJlZmdfdGFnIjoiQ0xJUFMuYmVzdF9pbWFnZV91cmxnZW4uQzMifQ%3D%3D&#038;_nc_ohc=aECSO6XFOaYQ7kNvwF9Vq9v&#038;_nc_oc=Ado3A7AuBNJc23lZBzsItRWvZdEX-_DCb6nbd0X7tjqo4X7-UgdhSV5vDohNjO2aXdGIIDEHJA7F69y0-b8b_z7E&#038;_nc_zt=23&#038;_nc_ht=scontent.cdninstagram.com&#038;edm=ANo9K5cEAAAA&#038;_nc_gid=M9X0x8waqGhFcnfHhoGC-g&#038;_nc_tpa=Q5bMBQEYMjGY_CAmA-pIwtDtgsShsPR-Ww6VVbOctahUFCiAiHC-QUhSIiYxcpJHfPMKA-VGBdM_joZYOg&#038;oh=00_Af1NwRl24HfH9A16IVFQD21ruR0X5rZyJ_14UzBIF5E25w&#038;oe=69F4E59D\"\n\t\t\tdata-img-src-set=\"{&quot;d&quot;:&quot;https:\\\/\\\/scontent.cdninstagram.com\\\/v\\\/t51.82787-15\\\/645868296_18169655836405284_2504495481468630680_n.jpg?stp=dst-jpg_e35_tt6&amp;_nc_cat=102&amp;ccb=7-5&amp;_nc_sid=18de74&amp;efg=eyJlZmdfdGFnIjoiQ0xJUFMuYmVzdF9pbWFnZV91cmxnZW4uQzMifQ%3D%3D&amp;_nc_ohc=aECSO6XFOaYQ7kNvwF9Vq9v&amp;_nc_oc=Ado3A7AuBNJc23lZBzsItRWvZdEX-_DCb6nbd0X7tjqo4X7-UgdhSV5vDohNjO2aXdGIIDEHJA7F69y0-b8b_z7E&amp;_nc_zt=23&amp;_nc_ht=scontent.cdninstagram.com&amp;edm=ANo9K5cEAAAA&amp;_nc_gid=M9X0x8waqGhFcnfHhoGC-g&amp;_nc_tpa=Q5bMBQEYMjGY_CAmA-pIwtDtgsShsPR-Ww6VVbOctahUFCiAiHC-QUhSIiYxcpJHfPMKA-VGBdM_joZYOg&amp;oh=00_Af1NwRl24HfH9A16IVFQD21ruR0X5rZyJ_14UzBIF5E25w&amp;oe=69F4E59D&quot;,&quot;150&quot;:&quot;https:\\\/\\\/scontent.cdninstagram.com\\\/v\\\/t51.82787-15\\\/645868296_18169655836405284_2504495481468630680_n.jpg?stp=dst-jpg_e35_tt6&amp;_nc_cat=102&amp;ccb=7-5&amp;_nc_sid=18de74&amp;efg=eyJlZmdfdGFnIjoiQ0xJUFMuYmVzdF9pbWFnZV91cmxnZW4uQzMifQ%3D%3D&amp;_nc_ohc=aECSO6XFOaYQ7kNvwF9Vq9v&amp;_nc_oc=Ado3A7AuBNJc23lZBzsItRWvZdEX-_DCb6nbd0X7tjqo4X7-UgdhSV5vDohNjO2aXdGIIDEHJA7F69y0-b8b_z7E&amp;_nc_zt=23&amp;_nc_ht=scontent.cdninstagram.com&amp;edm=ANo9K5cEAAAA&amp;_nc_gid=M9X0x8waqGhFcnfHhoGC-g&amp;_nc_tpa=Q5bMBQEYMjGY_CAmA-pIwtDtgsShsPR-Ww6VVbOctahUFCiAiHC-QUhSIiYxcpJHfPMKA-VGBdM_joZYOg&amp;oh=00_Af1NwRl24HfH9A16IVFQD21ruR0X5rZyJ_14UzBIF5E25w&amp;oe=69F4E59D&quot;,&quot;320&quot;:&quot;https:\\\/\\\/scontent.cdninstagram.com\\\/v\\\/t51.82787-15\\\/645868296_18169655836405284_2504495481468630680_n.jpg?stp=dst-jpg_e35_tt6&amp;_nc_cat=102&amp;ccb=7-5&amp;_nc_sid=18de74&amp;efg=eyJlZmdfdGFnIjoiQ0xJUFMuYmVzdF9pbWFnZV91cmxnZW4uQzMifQ%3D%3D&amp;_nc_ohc=aECSO6XFOaYQ7kNvwF9Vq9v&amp;_nc_oc=Ado3A7AuBNJc23lZBzsItRWvZdEX-_DCb6nbd0X7tjqo4X7-UgdhSV5vDohNjO2aXdGIIDEHJA7F69y0-b8b_z7E&amp;_nc_zt=23&amp;_nc_ht=scontent.cdninstagram.com&amp;edm=ANo9K5cEAAAA&amp;_nc_gid=M9X0x8waqGhFcnfHhoGC-g&amp;_nc_tpa=Q5bMBQEYMjGY_CAmA-pIwtDtgsShsPR-Ww6VVbOctahUFCiAiHC-QUhSIiYxcpJHfPMKA-VGBdM_joZYOg&amp;oh=00_Af1NwRl24HfH9A16IVFQD21ruR0X5rZyJ_14UzBIF5E25w&amp;oe=69F4E59D&quot;,&quot;640&quot;:&quot;https:\\\/\\\/scontent.cdninstagram.com\\\/v\\\/t51.82787-15\\\/645868296_18169655836405284_2504495481468630680_n.jpg?stp=dst-jpg_e35_tt6&amp;_nc_cat=102&amp;ccb=7-5&amp;_nc_sid=18de74&amp;efg=eyJlZmdfdGFnIjoiQ0xJUFMuYmVzdF9pbWFnZV91cmxnZW4uQzMifQ%3D%3D&amp;_nc_ohc=aECSO6XFOaYQ7kNvwF9Vq9v&amp;_nc_oc=Ado3A7AuBNJc23lZBzsItRWvZdEX-_DCb6nbd0X7tjqo4X7-UgdhSV5vDohNjO2aXdGIIDEHJA7F69y0-b8b_z7E&amp;_nc_zt=23&amp;_nc_ht=scontent.cdninstagram.com&amp;edm=ANo9K5cEAAAA&amp;_nc_gid=M9X0x8waqGhFcnfHhoGC-g&amp;_nc_tpa=Q5bMBQEYMjGY_CAmA-pIwtDtgsShsPR-Ww6VVbOctahUFCiAiHC-QUhSIiYxcpJHfPMKA-VGBdM_joZYOg&amp;oh=00_Af1NwRl24HfH9A16IVFQD21ruR0X5rZyJ_14UzBIF5E25w&amp;oe=69F4E59D&quot;}\">\n\t\t\t<span class=\"sbi-screenreader\">Di\u00e1logo sobre la Ley de Modernizaci\u00f3n Laboral \ud83e\udef1\ud83c\udffc\u200d\ud83e\udef2<\/span>\n\t\t\t\t\t\t<svg style=\"color: rgba(255,255,255,1)\" class=\"svg-inline--fa fa-play fa-w-14 sbi_playbtn\" aria-label=\"Play\" aria-hidden=\"true\" data-fa-processed=\"\" data-prefix=\"fa\" data-icon=\"play\" role=\"presentation\" xmlns=\"http:\/\/www.w3.org\/2000\/svg\" viewBox=\"0 0 448 512\"><path fill=\"currentColor\" d=\"M424.4 214.7L72.4 6.6C43.8-10.3 0 6.1 0 47.9V464c0 37.5 40.7 60.1 72.4 41.3l352-208c31.4-18.5 31.5-64.1 0-82.6z\"><\/path><\/svg>\t\t\t<img decoding=\"async\" src=\"https:\/\/aerca.org.ar\/asociacion-empresarios\/wp-content\/plugins\/instagram-feed\/img\/placeholder.png\" alt=\"Di\u00e1logo sobre la Ley de Modernizaci\u00f3n Laboral \ud83e\udef1\ud83c\udffc\u200d\ud83e\udef2\ud83c\udffd\n\nMediante una reuni\u00f3n de trabajo, el especialista y juez de la C\u00e1mara de Trabajo, Dr. Marcelo Salom\u00f3n mantuvo un intercambio con autoridades de AERCA y empresas socias de la instituci\u00f3n. \n\nEn el encuentro, abordaron los diferentes puntos de esta normativa, los presentes compartieron miradas y se disiparon diferentes consultas.\" aria-hidden=\"true\">\n\t\t<\/a>\n\t<\/div>\n<\/div><div class=\"sbi_item sbi_type_image sbi_new sbi_transition\"\n\tid=\"sbi_17936163693018325\" data-date=\"1771610836\">\n\t<div class=\"sbi_photo_wrap\">\n\t\t<a class=\"sbi_photo\" href=\"https:\/\/www.instagram.com\/p\/DU_TvWyERTV\/\" target=\"_blank\" rel=\"noopener nofollow\"\n\t\t\tdata-full-res=\"https:\/\/scontent.cdninstagram.com\/v\/t51.82787-15\/639751658_18168431374405284_4634226592115288055_n.webp?stp=dst-jpg_e35_tt6&#038;_nc_cat=110&#038;ccb=7-5&#038;_nc_sid=18de74&#038;efg=eyJlZmdfdGFnIjoiRkVFRC5iZXN0X2ltYWdlX3VybGdlbi5DMyJ9&#038;_nc_ohc=B8KOvnzCPtMQ7kNvwHEV5gq&#038;_nc_oc=AdojKiTCtRO_1lLKQySTEoo8gI_ZrFQ8BaEu99PA0pjj5OUmIMUtrF-VToMuPnD6bDvFaMYUN8ZiUaz-RQQag6aS&#038;_nc_zt=23&#038;_nc_ht=scontent.cdninstagram.com&#038;edm=ANo9K5cEAAAA&#038;_nc_gid=M9X0x8waqGhFcnfHhoGC-g&#038;_nc_tpa=Q5bMBQG0VC7tVck_v--z-uj1gizJb3GvMazgFIUiX6rC5mXsjStxzeLSJ40wozG_u1G34U2iMNGmsjFA1w&#038;oh=00_Af1I21WODlwupg60v13S_gZC4ublf7yR02YLi9zoU6NQEg&#038;oe=69F4EB0B\"\n\t\t\tdata-img-src-set=\"{&quot;d&quot;:&quot;https:\\\/\\\/scontent.cdninstagram.com\\\/v\\\/t51.82787-15\\\/639751658_18168431374405284_4634226592115288055_n.webp?stp=dst-jpg_e35_tt6&amp;_nc_cat=110&amp;ccb=7-5&amp;_nc_sid=18de74&amp;efg=eyJlZmdfdGFnIjoiRkVFRC5iZXN0X2ltYWdlX3VybGdlbi5DMyJ9&amp;_nc_ohc=B8KOvnzCPtMQ7kNvwHEV5gq&amp;_nc_oc=AdojKiTCtRO_1lLKQySTEoo8gI_ZrFQ8BaEu99PA0pjj5OUmIMUtrF-VToMuPnD6bDvFaMYUN8ZiUaz-RQQag6aS&amp;_nc_zt=23&amp;_nc_ht=scontent.cdninstagram.com&amp;edm=ANo9K5cEAAAA&amp;_nc_gid=M9X0x8waqGhFcnfHhoGC-g&amp;_nc_tpa=Q5bMBQG0VC7tVck_v--z-uj1gizJb3GvMazgFIUiX6rC5mXsjStxzeLSJ40wozG_u1G34U2iMNGmsjFA1w&amp;oh=00_Af1I21WODlwupg60v13S_gZC4ublf7yR02YLi9zoU6NQEg&amp;oe=69F4EB0B&quot;,&quot;150&quot;:&quot;https:\\\/\\\/scontent.cdninstagram.com\\\/v\\\/t51.82787-15\\\/639751658_18168431374405284_4634226592115288055_n.webp?stp=dst-jpg_e35_tt6&amp;_nc_cat=110&amp;ccb=7-5&amp;_nc_sid=18de74&amp;efg=eyJlZmdfdGFnIjoiRkVFRC5iZXN0X2ltYWdlX3VybGdlbi5DMyJ9&amp;_nc_ohc=B8KOvnzCPtMQ7kNvwHEV5gq&amp;_nc_oc=AdojKiTCtRO_1lLKQySTEoo8gI_ZrFQ8BaEu99PA0pjj5OUmIMUtrF-VToMuPnD6bDvFaMYUN8ZiUaz-RQQag6aS&amp;_nc_zt=23&amp;_nc_ht=scontent.cdninstagram.com&amp;edm=ANo9K5cEAAAA&amp;_nc_gid=M9X0x8waqGhFcnfHhoGC-g&amp;_nc_tpa=Q5bMBQG0VC7tVck_v--z-uj1gizJb3GvMazgFIUiX6rC5mXsjStxzeLSJ40wozG_u1G34U2iMNGmsjFA1w&amp;oh=00_Af1I21WODlwupg60v13S_gZC4ublf7yR02YLi9zoU6NQEg&amp;oe=69F4EB0B&quot;,&quot;320&quot;:&quot;https:\\\/\\\/scontent.cdninstagram.com\\\/v\\\/t51.82787-15\\\/639751658_18168431374405284_4634226592115288055_n.webp?stp=dst-jpg_e35_tt6&amp;_nc_cat=110&amp;ccb=7-5&amp;_nc_sid=18de74&amp;efg=eyJlZmdfdGFnIjoiRkVFRC5iZXN0X2ltYWdlX3VybGdlbi5DMyJ9&amp;_nc_ohc=B8KOvnzCPtMQ7kNvwHEV5gq&amp;_nc_oc=AdojKiTCtRO_1lLKQySTEoo8gI_ZrFQ8BaEu99PA0pjj5OUmIMUtrF-VToMuPnD6bDvFaMYUN8ZiUaz-RQQag6aS&amp;_nc_zt=23&amp;_nc_ht=scontent.cdninstagram.com&amp;edm=ANo9K5cEAAAA&amp;_nc_gid=M9X0x8waqGhFcnfHhoGC-g&amp;_nc_tpa=Q5bMBQG0VC7tVck_v--z-uj1gizJb3GvMazgFIUiX6rC5mXsjStxzeLSJ40wozG_u1G34U2iMNGmsjFA1w&amp;oh=00_Af1I21WODlwupg60v13S_gZC4ublf7yR02YLi9zoU6NQEg&amp;oe=69F4EB0B&quot;,&quot;640&quot;:&quot;https:\\\/\\\/scontent.cdninstagram.com\\\/v\\\/t51.82787-15\\\/639751658_18168431374405284_4634226592115288055_n.webp?stp=dst-jpg_e35_tt6&amp;_nc_cat=110&amp;ccb=7-5&amp;_nc_sid=18de74&amp;efg=eyJlZmdfdGFnIjoiRkVFRC5iZXN0X2ltYWdlX3VybGdlbi5DMyJ9&amp;_nc_ohc=B8KOvnzCPtMQ7kNvwHEV5gq&amp;_nc_oc=AdojKiTCtRO_1lLKQySTEoo8gI_ZrFQ8BaEu99PA0pjj5OUmIMUtrF-VToMuPnD6bDvFaMYUN8ZiUaz-RQQag6aS&amp;_nc_zt=23&amp;_nc_ht=scontent.cdninstagram.com&amp;edm=ANo9K5cEAAAA&amp;_nc_gid=M9X0x8waqGhFcnfHhoGC-g&amp;_nc_tpa=Q5bMBQG0VC7tVck_v--z-uj1gizJb3GvMazgFIUiX6rC5mXsjStxzeLSJ40wozG_u1G34U2iMNGmsjFA1w&amp;oh=00_Af1I21WODlwupg60v13S_gZC4ublf7yR02YLi9zoU6NQEg&amp;oe=69F4EB0B&quot;}\">\n\t\t\t<span class=\"sbi-screenreader\">Taller de Metodolog\u00eda Sandler \ud83e\udef1\ud83c\udffc\u200d\ud83e\udef2\ud83c\udffd\n\n\u27a1\ufe0f Se trata d<\/span>\n\t\t\t\t\t\t\t\t\t<img decoding=\"async\" src=\"https:\/\/aerca.org.ar\/asociacion-empresarios\/wp-content\/plugins\/instagram-feed\/img\/placeholder.png\" alt=\"Taller de Metodolog\u00eda Sandler \ud83e\udef1\ud83c\udffc\u200d\ud83e\udef2\ud83c\udffd\n\n\u27a1\ufe0f Se trata de un sistema de ventas consultivo enfocado en contruir relaciones de confianza y calificar rigurosamente a los prospectos, evitando la venta agresiva. \n\n\ud83d\udc49\ud83c\udffc Entrenamiento a cargo de Francisco \u00c1vila - Entrenador en Ventas, Metodolog\u00eda Sandler Madrid\n\ud83d\udda5\ufe0f Modalidad: Apertura presencial en AERCA (San Juan 1369) y dos encuentros virtuales.\n\ud83d\udd50 14h.\n\u2705 Arancelada. Valor diferencial para socios de las instituciones organizadoras\n\n\u00a1No te pierdas la posibilidad de implementar esta metodolog\u00eda en tu empresa! \ud83d\ude4c\ud83c\udffc\n\n\u2705 Consultas: +54 9 353 478-1270\" aria-hidden=\"true\">\n\t\t<\/a>\n\t<\/div>\n<\/div><div class=\"sbi_item sbi_type_video sbi_new sbi_transition\"\n\tid=\"sbi_18070864811402323\" data-date=\"1770394078\">\n\t<div class=\"sbi_photo_wrap\">\n\t\t<a class=\"sbi_photo\" href=\"https:\/\/www.instagram.com\/reel\/DUbCrKUjXBL\/\" target=\"_blank\" rel=\"noopener nofollow\"\n\t\t\tdata-full-res=\"https:\/\/scontent.cdninstagram.com\/v\/t51.82787-15\/626765695_18167109835405284_5076794871916467323_n.jpg?stp=dst-jpg_e35_tt6&#038;_nc_cat=111&#038;ccb=7-5&#038;_nc_sid=18de74&#038;efg=eyJlZmdfdGFnIjoiQ0xJUFMuYmVzdF9pbWFnZV91cmxnZW4uQzMifQ%3D%3D&#038;_nc_ohc=5asxP3DKkDgQ7kNvwG17nsl&#038;_nc_oc=AdplFQRwvUROCDI54utddCEvG2taZcYbA52nTBPF-lv4CRcDf_LQzeIub2dvbF75y79bk1My3pLpAfiBNzzZwUh2&#038;_nc_zt=23&#038;_nc_ht=scontent.cdninstagram.com&#038;edm=ANo9K5cEAAAA&#038;_nc_gid=M9X0x8waqGhFcnfHhoGC-g&#038;_nc_tpa=Q5bMBQHC4caXB0fnSedxtFBps9gyW7Xljvy1FhQY2xnDCwCjoXSceR_-P_jARqVZa2vVaJ0zsUEAQT8I9Q&#038;oh=00_Af1ZhubHVDzS1KQN-Zcde7ilVgf2uQuJZ4_fZLJSmvf-rA&#038;oe=69F4DA56\"\n\t\t\tdata-img-src-set=\"{&quot;d&quot;:&quot;https:\\\/\\\/scontent.cdninstagram.com\\\/v\\\/t51.82787-15\\\/626765695_18167109835405284_5076794871916467323_n.jpg?stp=dst-jpg_e35_tt6&amp;_nc_cat=111&amp;ccb=7-5&amp;_nc_sid=18de74&amp;efg=eyJlZmdfdGFnIjoiQ0xJUFMuYmVzdF9pbWFnZV91cmxnZW4uQzMifQ%3D%3D&amp;_nc_ohc=5asxP3DKkDgQ7kNvwG17nsl&amp;_nc_oc=AdplFQRwvUROCDI54utddCEvG2taZcYbA52nTBPF-lv4CRcDf_LQzeIub2dvbF75y79bk1My3pLpAfiBNzzZwUh2&amp;_nc_zt=23&amp;_nc_ht=scontent.cdninstagram.com&amp;edm=ANo9K5cEAAAA&amp;_nc_gid=M9X0x8waqGhFcnfHhoGC-g&amp;_nc_tpa=Q5bMBQHC4caXB0fnSedxtFBps9gyW7Xljvy1FhQY2xnDCwCjoXSceR_-P_jARqVZa2vVaJ0zsUEAQT8I9Q&amp;oh=00_Af1ZhubHVDzS1KQN-Zcde7ilVgf2uQuJZ4_fZLJSmvf-rA&amp;oe=69F4DA56&quot;,&quot;150&quot;:&quot;https:\\\/\\\/scontent.cdninstagram.com\\\/v\\\/t51.82787-15\\\/626765695_18167109835405284_5076794871916467323_n.jpg?stp=dst-jpg_e35_tt6&amp;_nc_cat=111&amp;ccb=7-5&amp;_nc_sid=18de74&amp;efg=eyJlZmdfdGFnIjoiQ0xJUFMuYmVzdF9pbWFnZV91cmxnZW4uQzMifQ%3D%3D&amp;_nc_ohc=5asxP3DKkDgQ7kNvwG17nsl&amp;_nc_oc=AdplFQRwvUROCDI54utddCEvG2taZcYbA52nTBPF-lv4CRcDf_LQzeIub2dvbF75y79bk1My3pLpAfiBNzzZwUh2&amp;_nc_zt=23&amp;_nc_ht=scontent.cdninstagram.com&amp;edm=ANo9K5cEAAAA&amp;_nc_gid=M9X0x8waqGhFcnfHhoGC-g&amp;_nc_tpa=Q5bMBQHC4caXB0fnSedxtFBps9gyW7Xljvy1FhQY2xnDCwCjoXSceR_-P_jARqVZa2vVaJ0zsUEAQT8I9Q&amp;oh=00_Af1ZhubHVDzS1KQN-Zcde7ilVgf2uQuJZ4_fZLJSmvf-rA&amp;oe=69F4DA56&quot;,&quot;320&quot;:&quot;https:\\\/\\\/scontent.cdninstagram.com\\\/v\\\/t51.82787-15\\\/626765695_18167109835405284_5076794871916467323_n.jpg?stp=dst-jpg_e35_tt6&amp;_nc_cat=111&amp;ccb=7-5&amp;_nc_sid=18de74&amp;efg=eyJlZmdfdGFnIjoiQ0xJUFMuYmVzdF9pbWFnZV91cmxnZW4uQzMifQ%3D%3D&amp;_nc_ohc=5asxP3DKkDgQ7kNvwG17nsl&amp;_nc_oc=AdplFQRwvUROCDI54utddCEvG2taZcYbA52nTBPF-lv4CRcDf_LQzeIub2dvbF75y79bk1My3pLpAfiBNzzZwUh2&amp;_nc_zt=23&amp;_nc_ht=scontent.cdninstagram.com&amp;edm=ANo9K5cEAAAA&amp;_nc_gid=M9X0x8waqGhFcnfHhoGC-g&amp;_nc_tpa=Q5bMBQHC4caXB0fnSedxtFBps9gyW7Xljvy1FhQY2xnDCwCjoXSceR_-P_jARqVZa2vVaJ0zsUEAQT8I9Q&amp;oh=00_Af1ZhubHVDzS1KQN-Zcde7ilVgf2uQuJZ4_fZLJSmvf-rA&amp;oe=69F4DA56&quot;,&quot;640&quot;:&quot;https:\\\/\\\/scontent.cdninstagram.com\\\/v\\\/t51.82787-15\\\/626765695_18167109835405284_5076794871916467323_n.jpg?stp=dst-jpg_e35_tt6&amp;_nc_cat=111&amp;ccb=7-5&amp;_nc_sid=18de74&amp;efg=eyJlZmdfdGFnIjoiQ0xJUFMuYmVzdF9pbWFnZV91cmxnZW4uQzMifQ%3D%3D&amp;_nc_ohc=5asxP3DKkDgQ7kNvwG17nsl&amp;_nc_oc=AdplFQRwvUROCDI54utddCEvG2taZcYbA52nTBPF-lv4CRcDf_LQzeIub2dvbF75y79bk1My3pLpAfiBNzzZwUh2&amp;_nc_zt=23&amp;_nc_ht=scontent.cdninstagram.com&amp;edm=ANo9K5cEAAAA&amp;_nc_gid=M9X0x8waqGhFcnfHhoGC-g&amp;_nc_tpa=Q5bMBQHC4caXB0fnSedxtFBps9gyW7Xljvy1FhQY2xnDCwCjoXSceR_-P_jARqVZa2vVaJ0zsUEAQT8I9Q&amp;oh=00_Af1ZhubHVDzS1KQN-Zcde7ilVgf2uQuJZ4_fZLJSmvf-rA&amp;oe=69F4DA56&quot;}\">\n\t\t\t<span class=\"sbi-screenreader\">Firma de convenio - IAPCS UNVM Y AERCA \ud83e\udef1\ud83c\udffc\u200d\ud83e\udef2\ud83c\udffd\n\n\u27a1\ufe0f E<\/span>\n\t\t\t\t\t\t<svg style=\"color: rgba(255,255,255,1)\" class=\"svg-inline--fa fa-play fa-w-14 sbi_playbtn\" aria-label=\"Play\" aria-hidden=\"true\" data-fa-processed=\"\" data-prefix=\"fa\" data-icon=\"play\" role=\"presentation\" xmlns=\"http:\/\/www.w3.org\/2000\/svg\" viewBox=\"0 0 448 512\"><path fill=\"currentColor\" d=\"M424.4 214.7L72.4 6.6C43.8-10.3 0 6.1 0 47.9V464c0 37.5 40.7 60.1 72.4 41.3l352-208c31.4-18.5 31.5-64.1 0-82.6z\"><\/path><\/svg>\t\t\t<img decoding=\"async\" src=\"https:\/\/aerca.org.ar\/asociacion-empresarios\/wp-content\/plugins\/instagram-feed\/img\/placeholder.png\" alt=\"Firma de convenio - IAPCS UNVM Y AERCA \ud83e\udef1\ud83c\udffc\u200d\ud83e\udef2\ud83c\udffd\n\n\u27a1\ufe0f En el marco del programa PEIDI, las instituciones comenzaron a trabajar en un relevamiento sobre din\u00e1micas de consumo en Villa Mar\u00eda \ud83d\udecd\ufe0f\n\n\u2705 Se har\u00e1 en dos etapas. La primera cualitativa a trav\u00e9s de Focus Group y una parte cuantitativa a trav\u00e9s de encuestas \ud83d\udcdd\n\n\ud83d\udc49\ud83c\udffc Los resultados permitir\u00e1n generar acciones que beneficien al sector comercial \ud83d\ude4c\ud83c\udffc\" aria-hidden=\"true\">\n\t\t<\/a>\n\t<\/div>\n<\/div><div class=\"sbi_item sbi_type_video sbi_new sbi_transition\"\n\tid=\"sbi_18407053042120243\" data-date=\"1770125138\">\n\t<div class=\"sbi_photo_wrap\">\n\t\t<a class=\"sbi_photo\" href=\"https:\/\/www.instagram.com\/reel\/DUTB9R7jaqL\/\" target=\"_blank\" rel=\"noopener nofollow\"\n\t\t\tdata-full-res=\"https:\/\/scontent.cdninstagram.com\/v\/t51.82787-15\/627377346_18166831738405284_796038515260842152_n.jpg?stp=dst-jpg_e35_tt6&#038;_nc_cat=104&#038;ccb=7-5&#038;_nc_sid=18de74&#038;efg=eyJlZmdfdGFnIjoiQ0xJUFMuYmVzdF9pbWFnZV91cmxnZW4uQzMifQ%3D%3D&#038;_nc_ohc=OkKMyngkPrcQ7kNvwEzWMy1&#038;_nc_oc=Adph47WAHliZXgSmCQbw_CTFM2yfgCZKadeeGs0R81DBMQDXrywAba2D5iuSskriFvYDQPEmZ-uW7GDYgXSGrcBV&#038;_nc_zt=23&#038;_nc_ht=scontent.cdninstagram.com&#038;edm=ANo9K5cEAAAA&#038;_nc_gid=M9X0x8waqGhFcnfHhoGC-g&#038;_nc_tpa=Q5bMBQF7qEGkH-2tcgJcNoIHzZshClvrSYL6aqnLVdsyDooxrqmozNeWdlDkvGCWu7rtsGmw2ySiN-sXPQ&#038;oh=00_Af3LlwqQQIu-X7PvwsEklOQ5fYsZJ8YCz_Ak3QUfW8ynXg&#038;oe=69F4DC6F\"\n\t\t\tdata-img-src-set=\"{&quot;d&quot;:&quot;https:\\\/\\\/scontent.cdninstagram.com\\\/v\\\/t51.82787-15\\\/627377346_18166831738405284_796038515260842152_n.jpg?stp=dst-jpg_e35_tt6&amp;_nc_cat=104&amp;ccb=7-5&amp;_nc_sid=18de74&amp;efg=eyJlZmdfdGFnIjoiQ0xJUFMuYmVzdF9pbWFnZV91cmxnZW4uQzMifQ%3D%3D&amp;_nc_ohc=OkKMyngkPrcQ7kNvwEzWMy1&amp;_nc_oc=Adph47WAHliZXgSmCQbw_CTFM2yfgCZKadeeGs0R81DBMQDXrywAba2D5iuSskriFvYDQPEmZ-uW7GDYgXSGrcBV&amp;_nc_zt=23&amp;_nc_ht=scontent.cdninstagram.com&amp;edm=ANo9K5cEAAAA&amp;_nc_gid=M9X0x8waqGhFcnfHhoGC-g&amp;_nc_tpa=Q5bMBQF7qEGkH-2tcgJcNoIHzZshClvrSYL6aqnLVdsyDooxrqmozNeWdlDkvGCWu7rtsGmw2ySiN-sXPQ&amp;oh=00_Af3LlwqQQIu-X7PvwsEklOQ5fYsZJ8YCz_Ak3QUfW8ynXg&amp;oe=69F4DC6F&quot;,&quot;150&quot;:&quot;https:\\\/\\\/scontent.cdninstagram.com\\\/v\\\/t51.82787-15\\\/627377346_18166831738405284_796038515260842152_n.jpg?stp=dst-jpg_e35_tt6&amp;_nc_cat=104&amp;ccb=7-5&amp;_nc_sid=18de74&amp;efg=eyJlZmdfdGFnIjoiQ0xJUFMuYmVzdF9pbWFnZV91cmxnZW4uQzMifQ%3D%3D&amp;_nc_ohc=OkKMyngkPrcQ7kNvwEzWMy1&amp;_nc_oc=Adph47WAHliZXgSmCQbw_CTFM2yfgCZKadeeGs0R81DBMQDXrywAba2D5iuSskriFvYDQPEmZ-uW7GDYgXSGrcBV&amp;_nc_zt=23&amp;_nc_ht=scontent.cdninstagram.com&amp;edm=ANo9K5cEAAAA&amp;_nc_gid=M9X0x8waqGhFcnfHhoGC-g&amp;_nc_tpa=Q5bMBQF7qEGkH-2tcgJcNoIHzZshClvrSYL6aqnLVdsyDooxrqmozNeWdlDkvGCWu7rtsGmw2ySiN-sXPQ&amp;oh=00_Af3LlwqQQIu-X7PvwsEklOQ5fYsZJ8YCz_Ak3QUfW8ynXg&amp;oe=69F4DC6F&quot;,&quot;320&quot;:&quot;https:\\\/\\\/scontent.cdninstagram.com\\\/v\\\/t51.82787-15\\\/627377346_18166831738405284_796038515260842152_n.jpg?stp=dst-jpg_e35_tt6&amp;_nc_cat=104&amp;ccb=7-5&amp;_nc_sid=18de74&amp;efg=eyJlZmdfdGFnIjoiQ0xJUFMuYmVzdF9pbWFnZV91cmxnZW4uQzMifQ%3D%3D&amp;_nc_ohc=OkKMyngkPrcQ7kNvwEzWMy1&amp;_nc_oc=Adph47WAHliZXgSmCQbw_CTFM2yfgCZKadeeGs0R81DBMQDXrywAba2D5iuSskriFvYDQPEmZ-uW7GDYgXSGrcBV&amp;_nc_zt=23&amp;_nc_ht=scontent.cdninstagram.com&amp;edm=ANo9K5cEAAAA&amp;_nc_gid=M9X0x8waqGhFcnfHhoGC-g&amp;_nc_tpa=Q5bMBQF7qEGkH-2tcgJcNoIHzZshClvrSYL6aqnLVdsyDooxrqmozNeWdlDkvGCWu7rtsGmw2ySiN-sXPQ&amp;oh=00_Af3LlwqQQIu-X7PvwsEklOQ5fYsZJ8YCz_Ak3QUfW8ynXg&amp;oe=69F4DC6F&quot;,&quot;640&quot;:&quot;https:\\\/\\\/scontent.cdninstagram.com\\\/v\\\/t51.82787-15\\\/627377346_18166831738405284_796038515260842152_n.jpg?stp=dst-jpg_e35_tt6&amp;_nc_cat=104&amp;ccb=7-5&amp;_nc_sid=18de74&amp;efg=eyJlZmdfdGFnIjoiQ0xJUFMuYmVzdF9pbWFnZV91cmxnZW4uQzMifQ%3D%3D&amp;_nc_ohc=OkKMyngkPrcQ7kNvwEzWMy1&amp;_nc_oc=Adph47WAHliZXgSmCQbw_CTFM2yfgCZKadeeGs0R81DBMQDXrywAba2D5iuSskriFvYDQPEmZ-uW7GDYgXSGrcBV&amp;_nc_zt=23&amp;_nc_ht=scontent.cdninstagram.com&amp;edm=ANo9K5cEAAAA&amp;_nc_gid=M9X0x8waqGhFcnfHhoGC-g&amp;_nc_tpa=Q5bMBQF7qEGkH-2tcgJcNoIHzZshClvrSYL6aqnLVdsyDooxrqmozNeWdlDkvGCWu7rtsGmw2ySiN-sXPQ&amp;oh=00_Af3LlwqQQIu-X7PvwsEklOQ5fYsZJ8YCz_Ak3QUfW8ynXg&amp;oe=69F4DC6F&quot;}\">\n\t\t\t<span class=\"sbi-screenreader\">MESA DE DI\u00c1LOGO SECTOR P\u00daBLICO Y PRIVADO \ud83e\udef1\ud83c\udffc\u200d\ud83e\udef2\ud83c\udffd\n\n\u27a1\ufe0f<\/span>\n\t\t\t\t\t\t<svg style=\"color: rgba(255,255,255,1)\" class=\"svg-inline--fa fa-play fa-w-14 sbi_playbtn\" aria-label=\"Play\" aria-hidden=\"true\" data-fa-processed=\"\" data-prefix=\"fa\" data-icon=\"play\" role=\"presentation\" xmlns=\"http:\/\/www.w3.org\/2000\/svg\" viewBox=\"0 0 448 512\"><path fill=\"currentColor\" d=\"M424.4 214.7L72.4 6.6C43.8-10.3 0 6.1 0 47.9V464c0 37.5 40.7 60.1 72.4 41.3l352-208c31.4-18.5 31.5-64.1 0-82.6z\"><\/path><\/svg>\t\t\t<img decoding=\"async\" src=\"https:\/\/aerca.org.ar\/asociacion-empresarios\/wp-content\/plugins\/instagram-feed\/img\/placeholder.png\" alt=\"MESA DE DI\u00c1LOGO SECTOR P\u00daBLICO Y PRIVADO \ud83e\udef1\ud83c\udffc\u200d\ud83e\udef2\ud83c\udffd\n\n\u27a1\ufe0f Nuestra instituci\u00f3n recibi\u00f3 la visita del ministro de Bioagroindustria y producci\u00f3n, Sergio Busso y su equipo de funcionarios quienes mantuvieron una reuni\u00f3n con m\u00e1s de 30 empresarios de Villa Mar\u00eda y la regi\u00f3n. Los referentes presentes comentaron las demandas y oportunidades de mejora para cada sector.\n\n\ud83d\udccc Desde AERCA consideramos que estos espacios son clave para nuestros representados, donde logran plasmar las realidades del sector e intercambiar propuestas con autoridades gubernamentales.\" aria-hidden=\"true\">\n\t\t<\/a>\n\t<\/div>\n<\/div>\t<\/div>\n\n\t<div id=\"sbi_load\" >\n\n\t\n\t\t\t<span class=\"sbi_follow_btn sbi_custom\" >\n\t\t\t<a target=\"_blank\"\n\t\t\t\trel=\"nofollow noopener\"  href=\"https:\/\/www.instagram.com\/aercavm\/\" style=\"background: rgb(64,139,209);\">\n\t\t\t\t<svg class=\"svg-inline--fa fa-instagram fa-w-14\" aria-hidden=\"true\" data-fa-processed=\"\" aria-label=\"Instagram\" data-prefix=\"fab\" data-icon=\"instagram\" role=\"img\" viewBox=\"0 0 448 512\">\n                    <path fill=\"currentColor\" d=\"M224.1 141c-63.6 0-114.9 51.3-114.9 114.9s51.3 114.9 114.9 114.9S339 319.5 339 255.9 287.7 141 224.1 141zm0 189.6c-41.1 0-74.7-33.5-74.7-74.7s33.5-74.7 74.7-74.7 74.7 33.5 74.7 74.7-33.6 74.7-74.7 74.7zm146.4-194.3c0 14.9-12 26.8-26.8 26.8-14.9 0-26.8-12-26.8-26.8s12-26.8 26.8-26.8 26.8 12 26.8 26.8zm76.1 27.2c-1.7-35.9-9.9-67.7-36.2-93.9-26.2-26.2-58-34.4-93.9-36.2-37-2.1-147.9-2.1-184.9 0-35.8 1.7-67.6 9.9-93.9 36.1s-34.4 58-36.2 93.9c-2.1 37-2.1 147.9 0 184.9 1.7 35.9 9.9 67.7 36.2 93.9s58 34.4 93.9 36.2c37 2.1 147.9 2.1 184.9 0 35.9-1.7 67.7-9.9 93.9-36.2 26.2-26.2 34.4-58 36.2-93.9 2.1-37 2.1-147.8 0-184.8zM398.8 388c-7.8 19.6-22.9 34.7-42.6 42.6-29.5 11.7-99.5 9-132.1 9s-102.7 2.6-132.1-9c-19.6-7.8-34.7-22.9-42.6-42.6-11.7-29.5-9-99.5-9-132.1s-2.6-102.7 9-132.1c7.8-19.6 22.9-34.7 42.6-42.6 29.5-11.7 99.5-9 132.1-9s102.7-2.6 132.1 9c19.6 7.8 34.7 22.9 42.6 42.6 11.7 29.5 9 99.5 9 132.1s2.7 102.7-9 132.1z\"><\/path>\n                <\/svg>\t\t\t\t<span>Seguinos en Instagram<\/span>\n\t\t\t<\/a>\n\t\t<\/span>\n\t\n<\/div>\n\t\t<span class=\"sbi_resized_image_data\" data-feed-id=\"*2\"\n\t\t  data-resized=\"{&quot;18407053042120243&quot;:{&quot;id&quot;:&quot;627377346_18166831738405284_796038515260842152_n&quot;,&quot;ratio&quot;:&quot;0.56&quot;,&quot;sizes&quot;:{&quot;full&quot;:640,&quot;low&quot;:320,&quot;thumb&quot;:150},&quot;extension&quot;:&quot;.webp&quot;},&quot;18070864811402323&quot;:{&quot;id&quot;:&quot;626765695_18167109835405284_5076794871916467323_n&quot;,&quot;ratio&quot;:&quot;0.56&quot;,&quot;sizes&quot;:{&quot;full&quot;:640,&quot;low&quot;:320,&quot;thumb&quot;:150},&quot;extension&quot;:&quot;.webp&quot;},&quot;17936163693018325&quot;:{&quot;id&quot;:&quot;639751658_18168431374405284_4634226592115288055_n&quot;,&quot;ratio&quot;:&quot;0.80&quot;,&quot;sizes&quot;:{&quot;full&quot;:640,&quot;low&quot;:320,&quot;thumb&quot;:150},&quot;extension&quot;:&quot;.webp&quot;},&quot;17955548052085010&quot;:{&quot;id&quot;:&quot;645868296_18169655836405284_2504495481468630680_n&quot;,&quot;ratio&quot;:&quot;0.56&quot;,&quot;sizes&quot;:{&quot;full&quot;:640,&quot;low&quot;:320,&quot;thumb&quot;:150},&quot;extension&quot;:&quot;.webp&quot;},&quot;17844411711697093&quot;:{&quot;id&quot;:&quot;655228567_18171486445405284_1343257739766783810_n&quot;,&quot;ratio&quot;:&quot;0.80&quot;,&quot;sizes&quot;:{&quot;full&quot;:640,&quot;low&quot;:320,&quot;thumb&quot;:150},&quot;extension&quot;:&quot;.webp&quot;},&quot;18039838370595881&quot;:{&quot;id&quot;:&quot;656845047_18172202905405284_3432864010905205457_n.heic&quot;,&quot;ratio&quot;:&quot;0.80&quot;,&quot;sizes&quot;:{&quot;full&quot;:640,&quot;low&quot;:320,&quot;thumb&quot;:150},&quot;extension&quot;:&quot;.webp&quot;},&quot;17951267870965668&quot;:{&quot;id&quot;:&quot;657648819_18172832593405284_6972941552289039315_n.heic&quot;,&quot;ratio&quot;:&quot;0.80&quot;,&quot;sizes&quot;:{&quot;full&quot;:640,&quot;low&quot;:320,&quot;thumb&quot;:150},&quot;extension&quot;:&quot;.webp&quot;},&quot;18579251335006273&quot;:{&quot;id&quot;:&quot;660026132_18173445286405284_5487911937395508450_n&quot;,&quot;ratio&quot;:&quot;0.56&quot;,&quot;sizes&quot;:{&quot;full&quot;:640,&quot;low&quot;:320,&quot;thumb&quot;:150},&quot;extension&quot;:&quot;.webp&quot;},&quot;18344563813211223&quot;:{&quot;id&quot;:&quot;660771252_18173679937405284_1665502183717529590_n&quot;,&quot;ratio&quot;:&quot;0.80&quot;,&quot;sizes&quot;:{&quot;full&quot;:640,&quot;low&quot;:320,&quot;thumb&quot;:150},&quot;extension&quot;:&quot;.webp&quot;},&quot;17849808972678737&quot;:{&quot;id&quot;:&quot;670534710_18174809665405284_462144119743711741_n&quot;,&quot;ratio&quot;:&quot;0.56&quot;,&quot;sizes&quot;:{&quot;full&quot;:640,&quot;low&quot;:320,&quot;thumb&quot;:150},&quot;extension&quot;:&quot;.webp&quot;}}\">\n\t<\/span>\n\t<\/div>\n\n\t\t\t\t<\/div>\n\t\t\t\t<\/div>\n\t\t\t\t<\/div>\n\t\t\t\t<\/div>\n\t\t","protected":false},"excerpt":{"rendered":"<p>Noticias Buscar Buscar Empresas Institucional Todo espacio para feed de instagram<\/p>\n","protected":false},"author":3,"featured_media":0,"parent":0,"menu_order":0,"comment_status":"closed","ping_status":"closed","template":"","meta":{"footnotes":""},"class_list":["post-991","page","type-page","status-publish","hentry"],"yoast_head":"<!-- This site is optimized with the Yoast SEO plugin v27.4 - https:\/\/yoast.com\/product\/yoast-seo-wordpress\/ -->\n<title>Noticias - AERCA<\/title>\n<meta name=\"robots\" content=\"index, follow, max-snippet:-1, max-image-preview:large, max-video-preview:-1\" \/>\n<link rel=\"canonical\" href=\"https:\/\/aerca.org.ar\/asociacion-empresarios\/noticias\/\" \/>\n<meta property=\"og:locale\" content=\"es_ES\" \/>\n<meta property=\"og:type\" content=\"article\" \/>\n<meta property=\"og:title\" content=\"Noticias - AERCA\" \/>\n<meta property=\"og:description\" content=\"Noticias Buscar Buscar Empresas Institucional Todo espacio para feed de instagram\" \/>\n<meta property=\"og:url\" content=\"https:\/\/aerca.org.ar\/asociacion-empresarios\/noticias\/\" \/>\n<meta property=\"og:site_name\" content=\"AERCA\" \/>\n<meta property=\"article:publisher\" content=\"https:\/\/www.facebook.com\/aercavm\" \/>\n<meta property=\"article:modified_time\" content=\"2025-10-27T19:35:44+00:00\" \/>\n<meta name=\"twitter:card\" content=\"summary_large_image\" \/>\n<meta name=\"twitter:site\" content=\"@aercavm\" \/>\n<script type=\"application\/ld+json\" class=\"yoast-schema-graph\">{\"@context\":\"https:\\\/\\\/schema.org\",\"@graph\":[{\"@type\":\"WebPage\",\"@id\":\"https:\\\/\\\/aerca.org.ar\\\/asociacion-empresarios\\\/noticias\\\/\",\"url\":\"https:\\\/\\\/aerca.org.ar\\\/asociacion-empresarios\\\/noticias\\\/\",\"name\":\"Noticias - AERCA\",\"isPartOf\":{\"@id\":\"https:\\\/\\\/aerca.org.ar\\\/asociacion-empresarios\\\/#website\"},\"datePublished\":\"2025-08-06T02:33:29+00:00\",\"dateModified\":\"2025-10-27T19:35:44+00:00\",\"breadcrumb\":{\"@id\":\"https:\\\/\\\/aerca.org.ar\\\/asociacion-empresarios\\\/noticias\\\/#breadcrumb\"},\"inLanguage\":\"es\",\"potentialAction\":[{\"@type\":\"ReadAction\",\"target\":[\"https:\\\/\\\/aerca.org.ar\\\/asociacion-empresarios\\\/noticias\\\/\"]}]},{\"@type\":\"BreadcrumbList\",\"@id\":\"https:\\\/\\\/aerca.org.ar\\\/asociacion-empresarios\\\/noticias\\\/#breadcrumb\",\"itemListElement\":[{\"@type\":\"ListItem\",\"position\":1,\"name\":\"Portada\",\"item\":\"https:\\\/\\\/aerca.org.ar\\\/asociacion-empresarios\\\/\"},{\"@type\":\"ListItem\",\"position\":2,\"name\":\"Noticias\"}]},{\"@type\":\"WebSite\",\"@id\":\"https:\\\/\\\/aerca.org.ar\\\/asociacion-empresarios\\\/#website\",\"url\":\"https:\\\/\\\/aerca.org.ar\\\/asociacion-empresarios\\\/\",\"name\":\"AERCA\",\"description\":\"Asociacion de Empresarios de la Region Centro Argentina\",\"publisher\":{\"@id\":\"https:\\\/\\\/aerca.org.ar\\\/asociacion-empresarios\\\/#organization\"},\"potentialAction\":[{\"@type\":\"SearchAction\",\"target\":{\"@type\":\"EntryPoint\",\"urlTemplate\":\"https:\\\/\\\/aerca.org.ar\\\/asociacion-empresarios\\\/?s={search_term_string}\"},\"query-input\":{\"@type\":\"PropertyValueSpecification\",\"valueRequired\":true,\"valueName\":\"search_term_string\"}}],\"inLanguage\":\"es\"},{\"@type\":\"Organization\",\"@id\":\"https:\\\/\\\/aerca.org.ar\\\/asociacion-empresarios\\\/#organization\",\"name\":\"AERCA\",\"url\":\"https:\\\/\\\/aerca.org.ar\\\/asociacion-empresarios\\\/\",\"logo\":{\"@type\":\"ImageObject\",\"inLanguage\":\"es\",\"@id\":\"https:\\\/\\\/aerca.org.ar\\\/asociacion-empresarios\\\/#\\\/schema\\\/logo\\\/image\\\/\",\"url\":\"https:\\\/\\\/aerca.org.ar\\\/asociacion-empresarios\\\/wp-content\\\/uploads\\\/2025\\\/09\\\/logo-aerca-95-anos-scaled.png\",\"contentUrl\":\"https:\\\/\\\/aerca.org.ar\\\/asociacion-empresarios\\\/wp-content\\\/uploads\\\/2025\\\/09\\\/logo-aerca-95-anos-scaled.png\",\"width\":2560,\"height\":569,\"caption\":\"AERCA\"},\"image\":{\"@id\":\"https:\\\/\\\/aerca.org.ar\\\/asociacion-empresarios\\\/#\\\/schema\\\/logo\\\/image\\\/\"},\"sameAs\":[\"https:\\\/\\\/www.facebook.com\\\/aercavm\",\"https:\\\/\\\/x.com\\\/aercavm\",\"https:\\\/\\\/www.youtube.com\\\/@aercavm\",\"https:\\\/\\\/www.instagram.com\\\/aercavm\\\/\"]}]}<\/script>\n<!-- \/ Yoast SEO plugin. -->","yoast_head_json":{"title":"Noticias - AERCA","robots":{"index":"index","follow":"follow","max-snippet":"max-snippet:-1","max-image-preview":"max-image-preview:large","max-video-preview":"max-video-preview:-1"},"canonical":"https:\/\/aerca.org.ar\/asociacion-empresarios\/noticias\/","og_locale":"es_ES","og_type":"article","og_title":"Noticias - AERCA","og_description":"Noticias Buscar Buscar Empresas Institucional Todo espacio para feed de instagram","og_url":"https:\/\/aerca.org.ar\/asociacion-empresarios\/noticias\/","og_site_name":"AERCA","article_publisher":"https:\/\/www.facebook.com\/aercavm","article_modified_time":"2025-10-27T19:35:44+00:00","twitter_card":"summary_large_image","twitter_site":"@aercavm","schema":{"@context":"https:\/\/schema.org","@graph":[{"@type":"WebPage","@id":"https:\/\/aerca.org.ar\/asociacion-empresarios\/noticias\/","url":"https:\/\/aerca.org.ar\/asociacion-empresarios\/noticias\/","name":"Noticias - AERCA","isPartOf":{"@id":"https:\/\/aerca.org.ar\/asociacion-empresarios\/#website"},"datePublished":"2025-08-06T02:33:29+00:00","dateModified":"2025-10-27T19:35:44+00:00","breadcrumb":{"@id":"https:\/\/aerca.org.ar\/asociacion-empresarios\/noticias\/#breadcrumb"},"inLanguage":"es","potentialAction":[{"@type":"ReadAction","target":["https:\/\/aerca.org.ar\/asociacion-empresarios\/noticias\/"]}]},{"@type":"BreadcrumbList","@id":"https:\/\/aerca.org.ar\/asociacion-empresarios\/noticias\/#breadcrumb","itemListElement":[{"@type":"ListItem","position":1,"name":"Portada","item":"https:\/\/aerca.org.ar\/asociacion-empresarios\/"},{"@type":"ListItem","position":2,"name":"Noticias"}]},{"@type":"WebSite","@id":"https:\/\/aerca.org.ar\/asociacion-empresarios\/#website","url":"https:\/\/aerca.org.ar\/asociacion-empresarios\/","name":"AERCA","description":"Asociacion de Empresarios de la Region Centro Argentina","publisher":{"@id":"https:\/\/aerca.org.ar\/asociacion-empresarios\/#organization"},"potentialAction":[{"@type":"SearchAction","target":{"@type":"EntryPoint","urlTemplate":"https:\/\/aerca.org.ar\/asociacion-empresarios\/?s={search_term_string}"},"query-input":{"@type":"PropertyValueSpecification","valueRequired":true,"valueName":"search_term_string"}}],"inLanguage":"es"},{"@type":"Organization","@id":"https:\/\/aerca.org.ar\/asociacion-empresarios\/#organization","name":"AERCA","url":"https:\/\/aerca.org.ar\/asociacion-empresarios\/","logo":{"@type":"ImageObject","inLanguage":"es","@id":"https:\/\/aerca.org.ar\/asociacion-empresarios\/#\/schema\/logo\/image\/","url":"https:\/\/aerca.org.ar\/asociacion-empresarios\/wp-content\/uploads\/2025\/09\/logo-aerca-95-anos-scaled.png","contentUrl":"https:\/\/aerca.org.ar\/asociacion-empresarios\/wp-content\/uploads\/2025\/09\/logo-aerca-95-anos-scaled.png","width":2560,"height":569,"caption":"AERCA"},"image":{"@id":"https:\/\/aerca.org.ar\/asociacion-empresarios\/#\/schema\/logo\/image\/"},"sameAs":["https:\/\/www.facebook.com\/aercavm","https:\/\/x.com\/aercavm","https:\/\/www.youtube.com\/@aercavm","https:\/\/www.instagram.com\/aercavm\/"]}]}},"jetpack_sharing_enabled":true,"_links":{"self":[{"href":"https:\/\/aerca.org.ar\/asociacion-empresarios\/wp-json\/wp\/v2\/pages\/991","targetHints":{"allow":["GET"]}}],"collection":[{"href":"https:\/\/aerca.org.ar\/asociacion-empresarios\/wp-json\/wp\/v2\/pages"}],"about":[{"href":"https:\/\/aerca.org.ar\/asociacion-empresarios\/wp-json\/wp\/v2\/types\/page"}],"author":[{"embeddable":true,"href":"https:\/\/aerca.org.ar\/asociacion-empresarios\/wp-json\/wp\/v2\/users\/3"}],"replies":[{"embeddable":true,"href":"https:\/\/aerca.org.ar\/asociacion-empresarios\/wp-json\/wp\/v2\/comments?post=991"}],"version-history":[{"count":99,"href":"https:\/\/aerca.org.ar\/asociacion-empresarios\/wp-json\/wp\/v2\/pages\/991\/revisions"}],"predecessor-version":[{"id":2210,"href":"https:\/\/aerca.org.ar\/asociacion-empresarios\/wp-json\/wp\/v2\/pages\/991\/revisions\/2210"}],"wp:attachment":[{"href":"https:\/\/aerca.org.ar\/asociacion-empresarios\/wp-json\/wp\/v2\/media?parent=991"}],"curies":[{"name":"wp","href":"https:\/\/api.w.org\/{rel}","templated":true}]}}